{"id":11170,"date":"2025-08-18T12:24:21","date_gmt":"2025-08-18T10:24:21","guid":{"rendered":"https:\/\/www.gs-oepfershausen.de\/?page_id=11170"},"modified":"2026-04-30T12:24:05","modified_gmt":"2026-04-30T10:24:05","slug":"11170-2","status":"publish","type":"page","link":"https:\/\/www.gs-oepfershausen.de\/?page_id=11170","title":{"rendered":"Schuljahr 2025 \/ 26"},"content":{"rendered":"<h3><strong><em><span style=\"color: #003300;\"><u>&#8222;Sch\u00f6n-Wetter- und Gute-Laune-Garantie&#8220; beim Rh\u00f6ner Volkslauf<\/u><\/span><\/em><\/strong><\/h3>\n<p>&nbsp;<\/p>\n\n\t\t<style type=\"text\/css\">\n\t\t\t#gallery-1 {\n\t\t\t\tmargin: auto;\n\t\t\t}\n\t\t\t#gallery-1 .gallery-item {\n\t\t\t\tfloat: left;\n\t\t\t\tmargin-top: 10px;\n\t\t\t\ttext-align: center;\n\t\t\t\twidth: 50%;\n\t\t\t}\n\t\t\t#gallery-1 img {\n\t\t\t\tborder: 2px solid #cfcfcf;\n\t\t\t}\n\t\t\t#gallery-1 .gallery-caption {\n\t\t\t\tmargin-left: 0;\n\t\t\t}\n\t\t\t\/* see gallery_shortcode() in wp-includes\/media.php *\/\n\t\t<\/style>\n\t\t<div id='gallery-1' class='gallery galleryid-11170 gallery-columns-2 gallery-size-thumbnail'><dl class='gallery-item'>\n\t\t\t<dt class='gallery-icon landscape'>\n\t\t\t\t<a href=\"https:\/\/www.gs-oepfershausen.de\/wp-content\/uploads\/2026\/04\/IMG-20260426-WA0001.jpg\" data-rel=\"lightbox-gallery-RkKcFBYq\" data-rl_title=\"IMG-20260426-WA0001\" data-rl_caption=\"\" title=\"IMG-20260426-WA0001\"><img loading=\"lazy\" decoding=\"async\" width=\"150\" height=\"150\" src=\"https:\/\/www.gs-oepfershausen.de\/wp-content\/uploads\/2026\/04\/IMG-20260426-WA0001-150x150.jpg\" class=\"attachment-thumbnail size-thumbnail\" alt=\"\" \/><\/a>\n\t\t\t<\/dt><\/dl><dl class='gallery-item'>\n\t\t\t<dt class='gallery-icon landscape'>\n\t\t\t\t<a href=\"https:\/\/www.gs-oepfershausen.de\/wp-content\/uploads\/2026\/04\/20260426_122522-scaled.jpg\" data-rel=\"lightbox-gallery-RkKcFBYq\" data-rl_title=\"20260426_122522\" data-rl_caption=\"\" title=\"20260426_122522\"><img loading=\"lazy\" decoding=\"async\" width=\"150\" height=\"150\" src=\"https:\/\/www.gs-oepfershausen.de\/wp-content\/uploads\/2026\/04\/20260426_122522-150x150.jpg\" class=\"attachment-thumbnail size-thumbnail\" alt=\"\" srcset=\"https:\/\/www.gs-oepfershausen.de\/wp-content\/uploads\/2026\/04\/20260426_122522-150x150.jpg 150w, https:\/\/www.gs-oepfershausen.de\/wp-content\/uploads\/2026\/04\/20260426_122522-300x300.jpg 300w, https:\/\/www.gs-oepfershausen.de\/wp-content\/uploads\/2026\/04\/20260426_122522-1024x1024.jpg 1024w, https:\/\/www.gs-oepfershausen.de\/wp-content\/uploads\/2026\/04\/20260426_122522-1536x1536.jpg 1536w, https:\/\/www.gs-oepfershausen.de\/wp-content\/uploads\/2026\/04\/20260426_122522-2048x2048.jpg 2048w\" sizes=\"auto, (max-width: 150px) 100vw, 150px\" \/><\/a>\n\t\t\t<\/dt><\/dl><br style=\"clear: both\" \/>\n\t\t<\/div>\n\n<p><a href=\"https:\/\/www.gs-oepfershausen.de\/wp-content\/uploads\/2026\/04\/IMG-20260426-WA0011.jpg\" data-rel=\"lightbox-gallery-RkKcFBYq\" data-rl_title=\"IMG-20260426-WA0011\" data-rl_caption=\"\" title=\"IMG-20260426-WA0011\"><img loading=\"lazy\" decoding=\"async\" class=\" wp-image-12123 alignleft\" src=\"https:\/\/www.gs-oepfershausen.de\/wp-content\/uploads\/2026\/04\/IMG-20260426-WA0011-300x225.jpg\" alt=\"\" width=\"215\" height=\"161\" srcset=\"https:\/\/www.gs-oepfershausen.de\/wp-content\/uploads\/2026\/04\/IMG-20260426-WA0011-300x225.jpg 300w, https:\/\/www.gs-oepfershausen.de\/wp-content\/uploads\/2026\/04\/IMG-20260426-WA0011-1024x768.jpg 1024w, https:\/\/www.gs-oepfershausen.de\/wp-content\/uploads\/2026\/04\/IMG-20260426-WA0011-1536x1152.jpg 1536w, https:\/\/www.gs-oepfershausen.de\/wp-content\/uploads\/2026\/04\/IMG-20260426-WA0011.jpg 1600w\" sizes=\"auto, (max-width: 215px) 100vw, 215px\" \/><\/a>Bei traumhaftem Sonnenschein beteiligten sich auch in diesem Schuljahr wieder Sch\u00fcler, Eltern und Unterst\u00fctzer unserer Grundschule am Rh\u00f6ner Volkslauf. Ob beim 1 km-Lauf oder ab Altersklasse 10 bereits beim Lauf \u00fcber 3 km, alle waren guter Laune und gaben ihr Bestes.<\/p>\n<p>Sophia Gr\u00e4f belegte am Ende sogar den 3. Platz im 1 km Lauf.<a href=\"https:\/\/www.gs-oepfershausen.de\/wp-content\/uploads\/2026\/04\/IMG-20260426-WA0004.jpg\" data-rel=\"lightbox-gallery-RkKcFBYq\" data-rl_title=\"IMG-20260426-WA0004\" data-rl_caption=\"\" title=\"IMG-20260426-WA0004\"><img loading=\"lazy\" decoding=\"async\" class=\" wp-image-12122 alignright\" src=\"https:\/\/www.gs-oepfershausen.de\/wp-content\/uploads\/2026\/04\/IMG-20260426-WA0004-300x225.jpg\" alt=\"\" width=\"241\" height=\"181\" srcset=\"https:\/\/www.gs-oepfershausen.de\/wp-content\/uploads\/2026\/04\/IMG-20260426-WA0004-300x225.jpg 300w, https:\/\/www.gs-oepfershausen.de\/wp-content\/uploads\/2026\/04\/IMG-20260426-WA0004-1024x768.jpg 1024w, https:\/\/www.gs-oepfershausen.de\/wp-content\/uploads\/2026\/04\/IMG-20260426-WA0004-1536x1152.jpg 1536w, https:\/\/www.gs-oepfershausen.de\/wp-content\/uploads\/2026\/04\/IMG-20260426-WA0004.jpg 1600w\" sizes=\"auto, (max-width: 241px) 100vw, 241px\" \/><\/a><\/p>\n<p>Eltern und auch ehemalige Sch\u00fcler halfen ebenso mit, sammelten durch die gelaufenen Kilometer Punkte im Wettbewerb &#8222;Schule l\u00e4uft&#8220; und waren bei den 6 km und 11 km L\u00e4ufen vertreten.<\/p>\n<p>Damit nicht genug: Viele Sch\u00fclerinnen und Sch\u00fcler begaben sich im Anschluss an ihren Lauf noch mit der ganzen Familie auf die Wanderstrecke.<\/p>\n<p>Auch hier f\u00fcllte sich das Punktekonto der Schule.<\/p>\n<p>Viel Spa\u00df, gute Gespr\u00e4che und ein gemeinsames Picknick waren inbegriffen.<\/p>\n<p><span style=\"color: #0000ff;\"><strong><em>Fazit<\/em>:<\/strong> <em>Dank der tollen Gemeinschaft war es ein rundum gelungener Tag und wir freuen uns schon auf den Rh\u00f6ner Volkslauf 2027.<\/em><\/span><\/p>\n<p>&nbsp;<\/p>\n<hr \/>\n<p>&nbsp;<\/p>\n<h3><em><strong><span style=\"color: #ff0000;\"><u>Nicht mit mir!<\/u><\/span><\/strong><\/em><\/h3>\n<p>&nbsp;<\/p>\n<p><a href=\"https:\/\/www.gs-oepfershausen.de\/wp-content\/uploads\/2026\/04\/IMG-20260401-WA0011.jpg\" data-rel=\"lightbox-gallery-RkKcFBYq\" data-rl_title=\"IMG-20260401-WA0011\" data-rl_caption=\"\" title=\"IMG-20260401-WA0011\"><img loading=\"lazy\" decoding=\"async\" class=\" wp-image-12130 alignleft\" src=\"https:\/\/www.gs-oepfershausen.de\/wp-content\/uploads\/2026\/04\/IMG-20260401-WA0011-300x225.jpg\" alt=\"\" width=\"251\" height=\"188\" srcset=\"https:\/\/www.gs-oepfershausen.de\/wp-content\/uploads\/2026\/04\/IMG-20260401-WA0011-300x225.jpg 300w, https:\/\/www.gs-oepfershausen.de\/wp-content\/uploads\/2026\/04\/IMG-20260401-WA0011-1024x768.jpg 1024w, https:\/\/www.gs-oepfershausen.de\/wp-content\/uploads\/2026\/04\/IMG-20260401-WA0011-1536x1152.jpg 1536w, https:\/\/www.gs-oepfershausen.de\/wp-content\/uploads\/2026\/04\/IMG-20260401-WA0011.jpg 1600w\" sizes=\"auto, (max-width: 251px) 100vw, 251px\" \/><\/a>Kinder st\u00e4rken, Ihnen Sicherheit in ernsten oder gar gef\u00e4hrlichen Situationen geben, das ist das Ziel des Pr\u00e4ventionsprogrammes \u201eNicht mit mir!\u201c von <em><strong>SMOG e.V.<\/strong><\/em> <em>(Schule machen ohne Gewalt). <\/em><\/p>\n<p>Im zweij\u00e4hrigen Rhythmus kommt dazu Herr Riedel, ein hessischer Polizeibeamter an unsere Grundschule und bespricht und spielt Situationen, die f\u00fcr die Kinder gef\u00e4hrlich werden k\u00f6nnten, mit den Dritt- und Viertkl\u00e4sslern.<\/p>\n<p>An erster Stelle steht dabei der Spa\u00df, denn die Kinder sollen durch das Projekt keine Angst bekommen.<\/p>\n<p>Sie sollen lernen auf ihr Bauchgef\u00fchl zu achten und selbstsicher zu reagieren. Oft sind Theorie und Praxis hier weit voneinander entfernt. <a href=\"https:\/\/www.gs-oepfershausen.de\/wp-content\/uploads\/2026\/04\/IMG-20260401-WA0006.jpg\" data-rel=\"lightbox-gallery-RkKcFBYq\" data-rl_title=\"IMG-20260401-WA0006\" data-rl_caption=\"\" title=\"IMG-20260401-WA0006\"><img loading=\"lazy\" decoding=\"async\" class=\" wp-image-12129 alignright\" src=\"https:\/\/www.gs-oepfershausen.de\/wp-content\/uploads\/2026\/04\/IMG-20260401-WA0006-300x225.jpg\" alt=\"\" width=\"232\" height=\"174\" srcset=\"https:\/\/www.gs-oepfershausen.de\/wp-content\/uploads\/2026\/04\/IMG-20260401-WA0006-300x225.jpg 300w, https:\/\/www.gs-oepfershausen.de\/wp-content\/uploads\/2026\/04\/IMG-20260401-WA0006-1024x768.jpg 1024w, https:\/\/www.gs-oepfershausen.de\/wp-content\/uploads\/2026\/04\/IMG-20260401-WA0006-1536x1152.jpg 1536w, https:\/\/www.gs-oepfershausen.de\/wp-content\/uploads\/2026\/04\/IMG-20260401-WA0006.jpg 1600w\" sizes=\"auto, (max-width: 232px) 100vw, 232px\" \/><\/a><\/p>\n<p>Deshalb werden Situationen<br \/>\n<em>(Ein Fremder spricht mich aus einem Auto heraus an.<br \/>\nJemand versucht mich mit Geschenken oder Versprechen anzulocken.<br \/>\nIch soll Fotos von mir verschicken. usw.)<\/em><br \/>\nauch gespielt und damit die richtige Reaktion ge\u00fcbt.<\/p>\n<p><strong><em>Den vier Doppelstunden in jeder Klasse war ein kurzer Infoabend vorgeschaltet, der gro\u00dfes Interesse von Seiten der Eltern am Thema gezeigt hat.<\/em><\/strong><\/p>\n<p>&nbsp;<\/p>\n<p>&nbsp;<\/p>\n<hr \/>\n<h3><span style=\"color: #ff6600;\"><strong><em><u>Osterprojekttag<\/u><\/em><\/strong><\/span><\/h3>\n<p>Am Donnerstag vor den Osterferien fertigten die Grundsch\u00fcler allerlei Dekoration f\u00fcr das bevorstehende Osterfest. Auf dem ganzen Gel\u00e4nde der Grundschule wuselten die Kinder herum und suchten in den kleinsten Ritzen nach Osternestern.<\/p>\n\n\t\t<style type=\"text\/css\">\n\t\t\t#gallery-2 {\n\t\t\t\tmargin: auto;\n\t\t\t}\n\t\t\t#gallery-2 .gallery-item {\n\t\t\t\tfloat: left;\n\t\t\t\tmargin-top: 10px;\n\t\t\t\ttext-align: center;\n\t\t\t\twidth: 25%;\n\t\t\t}\n\t\t\t#gallery-2 img {\n\t\t\t\tborder: 2px solid #cfcfcf;\n\t\t\t}\n\t\t\t#gallery-2 .gallery-caption {\n\t\t\t\tmargin-left: 0;\n\t\t\t}\n\t\t\t\/* see gallery_shortcode() in wp-includes\/media.php *\/\n\t\t<\/style>\n\t\t<div id='gallery-2' class='gallery galleryid-11170 gallery-columns-4 gallery-size-thumbnail'><dl class='gallery-item'>\n\t\t\t<dt class='gallery-icon portrait'>\n\t\t\t\t<a href=\"https:\/\/www.gs-oepfershausen.de\/wp-content\/uploads\/2026\/04\/20260402_080258-scaled.jpg\" data-rel=\"lightbox-gallery-RkKcFBYq\" data-rl_title=\"20260402_080258\" data-rl_caption=\"\" title=\"20260402_080258\"><img loading=\"lazy\" decoding=\"async\" width=\"150\" height=\"150\" src=\"https:\/\/www.gs-oepfershausen.de\/wp-content\/uploads\/2026\/04\/20260402_080258-150x150.jpg\" class=\"attachment-thumbnail size-thumbnail\" alt=\"\" \/><\/a>\n\t\t\t<\/dt><\/dl><dl class='gallery-item'>\n\t\t\t<dt class='gallery-icon landscape'>\n\t\t\t\t<a href=\"https:\/\/www.gs-oepfershausen.de\/wp-content\/uploads\/2026\/04\/20260402_080318-scaled.jpg\" data-rel=\"lightbox-gallery-RkKcFBYq\" data-rl_title=\"20260402_080318\" data-rl_caption=\"\" title=\"20260402_080318\"><img loading=\"lazy\" decoding=\"async\" width=\"150\" height=\"150\" src=\"https:\/\/www.gs-oepfershausen.de\/wp-content\/uploads\/2026\/04\/20260402_080318-150x150.jpg\" class=\"attachment-thumbnail size-thumbnail\" alt=\"\" \/><\/a>\n\t\t\t<\/dt><\/dl><dl class='gallery-item'>\n\t\t\t<dt class='gallery-icon landscape'>\n\t\t\t\t<a href=\"https:\/\/www.gs-oepfershausen.de\/wp-content\/uploads\/2026\/04\/20260402_080334-scaled.jpg\" data-rel=\"lightbox-gallery-RkKcFBYq\" data-rl_title=\"20260402_080334\" data-rl_caption=\"\" title=\"20260402_080334\"><img loading=\"lazy\" decoding=\"async\" width=\"150\" height=\"150\" src=\"https:\/\/www.gs-oepfershausen.de\/wp-content\/uploads\/2026\/04\/20260402_080334-150x150.jpg\" class=\"attachment-thumbnail size-thumbnail\" alt=\"\" \/><\/a>\n\t\t\t<\/dt><\/dl><dl class='gallery-item'>\n\t\t\t<dt class='gallery-icon landscape'>\n\t\t\t\t<a href=\"https:\/\/www.gs-oepfershausen.de\/wp-content\/uploads\/2026\/04\/20260402_080348-scaled.jpg\" data-rel=\"lightbox-gallery-RkKcFBYq\" data-rl_title=\"20260402_080348\" data-rl_caption=\"\" title=\"20260402_080348\"><img loading=\"lazy\" decoding=\"async\" width=\"150\" height=\"150\" src=\"https:\/\/www.gs-oepfershausen.de\/wp-content\/uploads\/2026\/04\/20260402_080348-150x150.jpg\" class=\"attachment-thumbnail size-thumbnail\" alt=\"\" \/><\/a>\n\t\t\t<\/dt><\/dl><br style=\"clear: both\" \/>\n\t\t<\/div>\n\n<p><a href=\"https:\/\/www.gs-oepfershausen.de\/wp-content\/uploads\/2026\/04\/IMG-20260402-WA0010.jpg\" data-rel=\"lightbox-gallery-RkKcFBYq\" data-rl_title=\"IMG-20260402-WA0010\" data-rl_caption=\"\" title=\"IMG-20260402-WA0010\"><img loading=\"lazy\" decoding=\"async\" class=\" wp-image-12078 alignleft\" src=\"https:\/\/www.gs-oepfershausen.de\/wp-content\/uploads\/2026\/04\/IMG-20260402-WA0010-300x225.jpg\" alt=\"\" width=\"203\" height=\"152\" srcset=\"https:\/\/www.gs-oepfershausen.de\/wp-content\/uploads\/2026\/04\/IMG-20260402-WA0010-300x225.jpg 300w, https:\/\/www.gs-oepfershausen.de\/wp-content\/uploads\/2026\/04\/IMG-20260402-WA0010-1024x768.jpg 1024w, https:\/\/www.gs-oepfershausen.de\/wp-content\/uploads\/2026\/04\/IMG-20260402-WA0010-1536x1152.jpg 1536w, https:\/\/www.gs-oepfershausen.de\/wp-content\/uploads\/2026\/04\/IMG-20260402-WA0010.jpg 2000w\" sizes=\"auto, (max-width: 203px) 100vw, 203px\" \/><\/a>Schon am Morgen trafen flei\u00dfige Muttis und auch Vatis ein, die in mitgebrachten Kisten und K\u00f6rben Materialien hatten, um wieder tolle Ideen umzusetzen. <a href=\"https:\/\/www.gs-oepfershausen.de\/wp-content\/uploads\/2026\/04\/IMG-20260402-WA0020.jpg\" data-rel=\"lightbox-gallery-RkKcFBYq\" data-rl_title=\"IMG-20260402-WA0020\" data-rl_caption=\"\" title=\"IMG-20260402-WA0020\"><img loading=\"lazy\" decoding=\"async\" class=\" wp-image-12079 alignright\" src=\"https:\/\/www.gs-oepfershausen.de\/wp-content\/uploads\/2026\/04\/IMG-20260402-WA0020-300x191.jpg\" alt=\"\" width=\"212\" height=\"135\" srcset=\"https:\/\/www.gs-oepfershausen.de\/wp-content\/uploads\/2026\/04\/IMG-20260402-WA0020-300x191.jpg 300w, https:\/\/www.gs-oepfershausen.de\/wp-content\/uploads\/2026\/04\/IMG-20260402-WA0020-1024x653.jpg 1024w, https:\/\/www.gs-oepfershausen.de\/wp-content\/uploads\/2026\/04\/IMG-20260402-WA0020-1536x979.jpg 1536w, https:\/\/www.gs-oepfershausen.de\/wp-content\/uploads\/2026\/04\/IMG-20260402-WA0020.jpg 2048w\" sizes=\"auto, (max-width: 212px) 100vw, 212px\" \/><\/a><\/p>\n<p>Am Projekttag wurde auch gemeinsam in den Klassen gefr\u00fchst\u00fcckt, wobei Obst- und Gem\u00fcsespie\u00dfe sowie frisch gebackene Br\u00f6tchen unter anderem sehr begehrt waren.<\/p>\n<p>Nach dem Besuchen verschiedenster Bastelstationen und der Backstube f\u00fcllte sich das Schulhaus mit noch mehr Familienmitgliedern der Kinder. Am Ende des Schultages pr\u00e4sentierten sich die 5 Schulklassen in der Turnhalle und boten ein unterhaltsames Programm zu den Themen Ostern und Fr\u00fchling.<\/p>\n\n\t\t<style type=\"text\/css\">\n\t\t\t#gallery-3 {\n\t\t\t\tmargin: auto;\n\t\t\t}\n\t\t\t#gallery-3 .gallery-item {\n\t\t\t\tfloat: left;\n\t\t\t\tmargin-top: 10px;\n\t\t\t\ttext-align: center;\n\t\t\t\twidth: 33%;\n\t\t\t}\n\t\t\t#gallery-3 img {\n\t\t\t\tborder: 2px solid #cfcfcf;\n\t\t\t}\n\t\t\t#gallery-3 .gallery-caption {\n\t\t\t\tmargin-left: 0;\n\t\t\t}\n\t\t\t\/* see gallery_shortcode() in wp-includes\/media.php *\/\n\t\t<\/style>\n\t\t<div id='gallery-3' class='gallery galleryid-11170 gallery-columns-3 gallery-size-thumbnail'><dl class='gallery-item'>\n\t\t\t<dt class='gallery-icon landscape'>\n\t\t\t\t<a href=\"https:\/\/www.gs-oepfershausen.de\/wp-content\/uploads\/2026\/04\/IMG-20260402-WA0054.jpg\" data-rel=\"lightbox-gallery-RkKcFBYq\" data-rl_title=\"IMG-20260402-WA0054\" data-rl_caption=\"\" title=\"IMG-20260402-WA0054\"><img loading=\"lazy\" decoding=\"async\" width=\"150\" height=\"150\" src=\"https:\/\/www.gs-oepfershausen.de\/wp-content\/uploads\/2026\/04\/IMG-20260402-WA0054-150x150.jpg\" class=\"attachment-thumbnail size-thumbnail\" alt=\"\" \/><\/a>\n\t\t\t<\/dt><\/dl><dl class='gallery-item'>\n\t\t\t<dt class='gallery-icon landscape'>\n\t\t\t\t<a href=\"https:\/\/www.gs-oepfershausen.de\/wp-content\/uploads\/2026\/04\/IMG-20260402-WA0020.jpg\" data-rel=\"lightbox-gallery-RkKcFBYq\" data-rl_title=\"IMG-20260402-WA0020\" data-rl_caption=\"\" title=\"IMG-20260402-WA0020\"><img loading=\"lazy\" decoding=\"async\" width=\"150\" height=\"150\" src=\"https:\/\/www.gs-oepfershausen.de\/wp-content\/uploads\/2026\/04\/IMG-20260402-WA0020-150x150.jpg\" class=\"attachment-thumbnail size-thumbnail\" alt=\"\" \/><\/a>\n\t\t\t<\/dt><\/dl><dl class='gallery-item'>\n\t\t\t<dt class='gallery-icon landscape'>\n\t\t\t\t<a href=\"https:\/\/www.gs-oepfershausen.de\/wp-content\/uploads\/2026\/04\/IMG-20260402-WA0010.jpg\" data-rel=\"lightbox-gallery-RkKcFBYq\" data-rl_title=\"IMG-20260402-WA0010\" data-rl_caption=\"\" title=\"IMG-20260402-WA0010\"><img loading=\"lazy\" decoding=\"async\" width=\"150\" height=\"150\" src=\"https:\/\/www.gs-oepfershausen.de\/wp-content\/uploads\/2026\/04\/IMG-20260402-WA0010-150x150.jpg\" class=\"attachment-thumbnail size-thumbnail\" alt=\"\" \/><\/a>\n\t\t\t<\/dt><\/dl><br style=\"clear: both\" \/>\n\t\t<\/div>\n\n<p>Anschlie\u00dfend starteten alle mit herrlichen Geschenken verschiedenster Art in die ersehnten Osterferien.<\/p>\n<p><a href=\"https:\/\/www.gs-oepfershausen.de\/wp-content\/uploads\/2026\/04\/20260402_103036-scaled.jpg\" data-rel=\"lightbox-gallery-RkKcFBYq\" data-rl_title=\"20260402_103036\" data-rl_caption=\"\" title=\"20260402_103036\"><img loading=\"lazy\" decoding=\"async\" class=\"alignnone wp-image-12070\" src=\"https:\/\/www.gs-oepfershausen.de\/wp-content\/uploads\/2026\/04\/20260402_103036-300x225.jpg\" alt=\"\" width=\"267\" height=\"200\" srcset=\"https:\/\/www.gs-oepfershausen.de\/wp-content\/uploads\/2026\/04\/20260402_103036-300x225.jpg 300w, https:\/\/www.gs-oepfershausen.de\/wp-content\/uploads\/2026\/04\/20260402_103036-1024x768.jpg 1024w, https:\/\/www.gs-oepfershausen.de\/wp-content\/uploads\/2026\/04\/20260402_103036-1536x1152.jpg 1536w, https:\/\/www.gs-oepfershausen.de\/wp-content\/uploads\/2026\/04\/20260402_103036-2048x1536.jpg 2048w\" sizes=\"auto, (max-width: 267px) 100vw, 267px\" \/><\/a><a href=\"https:\/\/www.gs-oepfershausen.de\/wp-content\/uploads\/2026\/04\/IMG-20260402-WA0043.jpg\" data-rel=\"lightbox-gallery-RkKcFBYq\" data-rl_title=\"IMG-20260402-WA0043\" data-rl_caption=\"\" title=\"IMG-20260402-WA0043\"><img loading=\"lazy\" decoding=\"async\" class=\"alignnone wp-image-12071\" src=\"https:\/\/www.gs-oepfershausen.de\/wp-content\/uploads\/2026\/04\/IMG-20260402-WA0043-225x300.jpg\" alt=\"\" width=\"150\" height=\"200\" srcset=\"https:\/\/www.gs-oepfershausen.de\/wp-content\/uploads\/2026\/04\/IMG-20260402-WA0043-225x300.jpg 225w, https:\/\/www.gs-oepfershausen.de\/wp-content\/uploads\/2026\/04\/IMG-20260402-WA0043-768x1024.jpg 768w, https:\/\/www.gs-oepfershausen.de\/wp-content\/uploads\/2026\/04\/IMG-20260402-WA0043-1152x1536.jpg 1152w, https:\/\/www.gs-oepfershausen.de\/wp-content\/uploads\/2026\/04\/IMG-20260402-WA0043.jpg 1200w\" sizes=\"auto, (max-width: 150px) 100vw, 150px\" \/><\/a><a href=\"https:\/\/www.gs-oepfershausen.de\/wp-content\/uploads\/2026\/04\/IMG-20260402-WA0038.jpg\" data-rel=\"lightbox-gallery-RkKcFBYq\" data-rl_title=\"IMG-20260402-WA0038\" data-rl_caption=\"\" title=\"IMG-20260402-WA0038\"><img loading=\"lazy\" decoding=\"async\" class=\"alignnone wp-image-12072\" src=\"https:\/\/www.gs-oepfershausen.de\/wp-content\/uploads\/2026\/04\/IMG-20260402-WA0038-225x300.jpg\" alt=\"\" width=\"150\" height=\"200\" srcset=\"https:\/\/www.gs-oepfershausen.de\/wp-content\/uploads\/2026\/04\/IMG-20260402-WA0038-225x300.jpg 225w, https:\/\/www.gs-oepfershausen.de\/wp-content\/uploads\/2026\/04\/IMG-20260402-WA0038-768x1024.jpg 768w, https:\/\/www.gs-oepfershausen.de\/wp-content\/uploads\/2026\/04\/IMG-20260402-WA0038-1152x1536.jpg 1152w, https:\/\/www.gs-oepfershausen.de\/wp-content\/uploads\/2026\/04\/IMG-20260402-WA0038.jpg 1200w\" sizes=\"auto, (max-width: 150px) 100vw, 150px\" \/><\/a><\/p>\n<p>Vielen Dank liebe Eltern, liebe Ideensammler und Stationsleiter. <a href=\"https:\/\/www.gs-oepfershausen.de\/wp-content\/uploads\/2026\/04\/2.png\" data-rel=\"lightbox-gallery-RkKcFBYq\" data-rl_title=\"2\" data-rl_caption=\"\" title=\"2\"><img loading=\"lazy\" decoding=\"async\" class=\"size-full wp-image-12066 alignnone\" src=\"https:\/\/www.gs-oepfershausen.de\/wp-content\/uploads\/2026\/04\/2.png\" alt=\"\" width=\"53\" height=\"56\" \/><\/a><\/p>\n<p>Die Kinder erwarteten Sie voller Vorfreude und genossen den besonderen Tag!<\/p>\n<p>&nbsp;<\/p>\n<p>&nbsp;<\/p>\n<hr \/>\n<div>\n<div class=\"entry\">\n<h3><a href=\"https:\/\/www.gs-oepfershausen.de\/wp-content\/uploads\/2026\/02\/IMG_6698.jpeg\" data-rel=\"lightbox-gallery-RkKcFBYq\" data-rl_title=\"Screenshot\" data-rl_caption=\"\" title=\"Screenshot\"><img loading=\"lazy\" decoding=\"async\" class=\"size-medium wp-image-11849 alignleft\" src=\"https:\/\/www.gs-oepfershausen.de\/wp-content\/uploads\/2026\/02\/IMG_6698-214x300.jpeg\" alt=\"\" width=\"214\" height=\"300\" srcset=\"https:\/\/www.gs-oepfershausen.de\/wp-content\/uploads\/2026\/02\/IMG_6698-214x300.jpeg 214w, https:\/\/www.gs-oepfershausen.de\/wp-content\/uploads\/2026\/02\/IMG_6698-729x1024.jpeg 729w, https:\/\/www.gs-oepfershausen.de\/wp-content\/uploads\/2026\/02\/IMG_6698-1094x1536.jpeg 1094w, https:\/\/www.gs-oepfershausen.de\/wp-content\/uploads\/2026\/02\/IMG_6698.jpeg 1305w\" sizes=\"auto, (max-width: 214px) 100vw, 214px\" \/><\/a><strong><em><span style=\"color: #800080;\"><u>Unsere T\u00fcren standen weit offen!<\/u><\/span><\/em><\/strong><\/h3>\n<p><em><strong>Das Team der Grundschule \u201eAm Hahnberg\u201c und der F\u00f6rderverein freuten sich auf alle G\u00e4ste!<\/strong><\/em><\/p>\n<p>Am Samstag, dem 28. M\u00e4rz lud die Grundschule \u201eAm Hahnberg\u201c in Oepfershausen von <em><strong>9.00 Uhr bis 12.00 Uhr<\/strong><\/em> zum Tag der offenen T\u00fcr ein.<br \/>\nF\u00fcr jeden sollte an diesem Tag etwas dabei sein. Zuk\u00fcnftige Schulkinder konnten mit ihren Familien die <em>Schule und die p\u00e4dagogischen Mitarbeiter kennenlernen<\/em>.<\/p>\n<p>Bei einer <em>F\u00fchrung durch das Schulhaus<\/em> und \u00fcber das <em>weitl\u00e4ufige, naturnahe Au\u00dfengel\u00e4nde<\/em> wurden die besonderen Schwerpunkte der Bildungseinrichtung vorgestellt.<br \/>\n<em>Lehrer, Erzieher und Vertreter des F\u00f6rdervereins standen den Besuchern f\u00fcr Fragen zur Verf\u00fcgung.<\/em> Au\u00dferdem gab es verschiedene <em>Mitmach- und Bastelangebote und eine Schnupperstunde f\u00fcr die Kindergartenkinder<\/em>.<\/p>\n<p><a href=\"https:\/\/www.gs-oepfershausen.de\/wp-content\/uploads\/2026\/04\/Veranstaltungshinweise.png\" data-rel=\"lightbox-gallery-RkKcFBYq\" data-rl_title=\"Veranstaltungshinweise\" data-rl_caption=\"\" title=\"Veranstaltungshinweise\"><img loading=\"lazy\" decoding=\"async\" class=\"size-medium wp-image-12051 aligncenter\" src=\"https:\/\/www.gs-oepfershausen.de\/wp-content\/uploads\/2026\/04\/Veranstaltungshinweise-300x285.png\" alt=\"\" width=\"300\" height=\"285\" srcset=\"https:\/\/www.gs-oepfershausen.de\/wp-content\/uploads\/2026\/04\/Veranstaltungshinweise-300x285.png 300w, https:\/\/www.gs-oepfershausen.de\/wp-content\/uploads\/2026\/04\/Veranstaltungshinweise-1024x971.png 1024w, https:\/\/www.gs-oepfershausen.de\/wp-content\/uploads\/2026\/04\/Veranstaltungshinweise-1536x1457.png 1536w, https:\/\/www.gs-oepfershausen.de\/wp-content\/uploads\/2026\/04\/Veranstaltungshinweise-2048x1943.png 2048w\" sizes=\"auto, (max-width: 300px) 100vw, 300px\" \/><\/a><\/p>\n<p>&nbsp;<\/p>\n<p>Aus bunten Pfeifenreinigern entstanden Blumen und Libellen, die nach Fertigstellung sofort das Ostergras versch\u00f6nerten, welches selbst ausges\u00e4t war und bereits auf den Fensterb\u00e4nken der Sonne entgegenlachte. <a href=\"https:\/\/www.gs-oepfershausen.de\/wp-content\/uploads\/2026\/04\/20260328_095847-scaled.jpg\" data-rel=\"lightbox-gallery-RkKcFBYq\" data-rl_title=\"20260328_095847\" data-rl_caption=\"\" title=\"20260328_095847\"><img loading=\"lazy\" decoding=\"async\" class=\"size-medium wp-image-12052 alignright\" src=\"https:\/\/www.gs-oepfershausen.de\/wp-content\/uploads\/2026\/04\/20260328_095847-300x225.jpg\" alt=\"\" width=\"300\" height=\"225\" srcset=\"https:\/\/www.gs-oepfershausen.de\/wp-content\/uploads\/2026\/04\/20260328_095847-300x225.jpg 300w, https:\/\/www.gs-oepfershausen.de\/wp-content\/uploads\/2026\/04\/20260328_095847-1024x768.jpg 1024w, https:\/\/www.gs-oepfershausen.de\/wp-content\/uploads\/2026\/04\/20260328_095847-1536x1152.jpg 1536w, https:\/\/www.gs-oepfershausen.de\/wp-content\/uploads\/2026\/04\/20260328_095847-2048x1536.jpg 2048w\" sizes=\"auto, (max-width: 300px) 100vw, 300px\" \/><\/a> Im Nebenraum wurde mit Farbe und Faden gezaubert, oder besser das Papier verzaubert. Es entstanden farbige Blumen, die auf einer Geschenk- oder Gru\u00dfkarte sicher viel Freude bereiten werden.<a href=\"https:\/\/www.gs-oepfershausen.de\/wp-content\/uploads\/2026\/04\/20260328_104846-scaled.jpg\" data-rel=\"lightbox-gallery-RkKcFBYq\" data-rl_title=\"20260328_104846\" data-rl_caption=\"\" title=\"20260328_104846\"><img loading=\"lazy\" decoding=\"async\" class=\" wp-image-12058 aligncenter\" src=\"https:\/\/www.gs-oepfershausen.de\/wp-content\/uploads\/2026\/04\/20260328_104846-300x225.jpg\" alt=\"\" width=\"191\" height=\"143\" srcset=\"https:\/\/www.gs-oepfershausen.de\/wp-content\/uploads\/2026\/04\/20260328_104846-300x225.jpg 300w, https:\/\/www.gs-oepfershausen.de\/wp-content\/uploads\/2026\/04\/20260328_104846-1024x768.jpg 1024w, https:\/\/www.gs-oepfershausen.de\/wp-content\/uploads\/2026\/04\/20260328_104846-1536x1152.jpg 1536w, https:\/\/www.gs-oepfershausen.de\/wp-content\/uploads\/2026\/04\/20260328_104846-2048x1536.jpg 2048w\" sizes=\"auto, (max-width: 191px) 100vw, 191px\" \/><\/a><\/p>\n<p><a href=\"https:\/\/www.gs-oepfershausen.de\/wp-content\/uploads\/2026\/04\/IMG-20260328-WA0014.jpg\" data-rel=\"lightbox-gallery-RkKcFBYq\" data-rl_title=\"IMG-20260328-WA0014\" data-rl_caption=\"\" title=\"IMG-20260328-WA0014\"><img loading=\"lazy\" decoding=\"async\" class=\"size-medium wp-image-12053 alignleft\" src=\"https:\/\/www.gs-oepfershausen.de\/wp-content\/uploads\/2026\/04\/IMG-20260328-WA0014-225x300.jpg\" alt=\"\" width=\"225\" height=\"300\" srcset=\"https:\/\/www.gs-oepfershausen.de\/wp-content\/uploads\/2026\/04\/IMG-20260328-WA0014-225x300.jpg 225w, https:\/\/www.gs-oepfershausen.de\/wp-content\/uploads\/2026\/04\/IMG-20260328-WA0014-768x1024.jpg 768w, https:\/\/www.gs-oepfershausen.de\/wp-content\/uploads\/2026\/04\/IMG-20260328-WA0014-1152x1536.jpg 1152w, https:\/\/www.gs-oepfershausen.de\/wp-content\/uploads\/2026\/04\/IMG-20260328-WA0014.jpg 1200w\" sizes=\"auto, (max-width: 225px) 100vw, 225px\" \/><\/a>Passend zum Anlass gestalteten sich interessierte Kinder einen Button und ein Lesezeichen, dass nicht nur sinnentsprechend genutzt werden darf sondern auch an den &#8222;Tag der offenen T\u00fcr 2026&#8220; erinnern soll.<\/p>\n<p><a href=\"https:\/\/www.gs-oepfershausen.de\/wp-content\/uploads\/2026\/04\/IMG-20260328-WA0013.jpg\" data-rel=\"lightbox-gallery-RkKcFBYq\" data-rl_title=\"IMG-20260328-WA0013\" data-rl_caption=\"\" title=\"IMG-20260328-WA0013\"><img loading=\"lazy\" decoding=\"async\" class=\"alignnone size-medium wp-image-12054\" src=\"https:\/\/www.gs-oepfershausen.de\/wp-content\/uploads\/2026\/04\/IMG-20260328-WA0013-300x225.jpg\" alt=\"\" width=\"300\" height=\"225\" srcset=\"https:\/\/www.gs-oepfershausen.de\/wp-content\/uploads\/2026\/04\/IMG-20260328-WA0013-300x225.jpg 300w, https:\/\/www.gs-oepfershausen.de\/wp-content\/uploads\/2026\/04\/IMG-20260328-WA0013-1024x768.jpg 1024w, https:\/\/www.gs-oepfershausen.de\/wp-content\/uploads\/2026\/04\/IMG-20260328-WA0013-1536x1152.jpg 1536w, https:\/\/www.gs-oepfershausen.de\/wp-content\/uploads\/2026\/04\/IMG-20260328-WA0013.jpg 1600w\" sizes=\"auto, (max-width: 300px) 100vw, 300px\" \/><\/a><\/p>\n<p>Gut besucht war auch die Bibliothek. Dort wurde die Geschichte des &#8222;Kleinen Angsthasen&#8220; mit einem Kamishibai, einem Erz\u00e4hltheater, gemeinsam zum Leben erweckt. Die \u00e4lteren Schulkinder, die die Geschichte nat\u00fcrlich schon kannten, erz\u00e4hlten mit Hilfe der selbstgefertigten Bildkarten und die j\u00fcngeren folgten interessiert. Als H\u00f6hepunkte entlockte der Besuch kleiner Kaninchen den Kindern Jubel und Staunen. Sie wurden gestreichelt, gehalten und durften sich auch frei im Raum bewegen. Sehr \u00e4ngstlich zeigten auch sie sich nach kurzem Kennenlernen nicht.<a href=\"https:\/\/www.gs-oepfershausen.de\/wp-content\/uploads\/2026\/04\/20260328_104457-scaled.jpg\" data-rel=\"lightbox-gallery-RkKcFBYq\" data-rl_title=\"20260328_104457\" data-rl_caption=\"\" title=\"20260328_104457\"><img loading=\"lazy\" decoding=\"async\" class=\"size-medium wp-image-12068 alignright\" src=\"https:\/\/www.gs-oepfershausen.de\/wp-content\/uploads\/2026\/04\/20260328_104457-300x225.jpg\" alt=\"\" width=\"300\" height=\"225\" srcset=\"https:\/\/www.gs-oepfershausen.de\/wp-content\/uploads\/2026\/04\/20260328_104457-300x225.jpg 300w, https:\/\/www.gs-oepfershausen.de\/wp-content\/uploads\/2026\/04\/20260328_104457-1024x768.jpg 1024w, https:\/\/www.gs-oepfershausen.de\/wp-content\/uploads\/2026\/04\/20260328_104457-1536x1152.jpg 1536w, https:\/\/www.gs-oepfershausen.de\/wp-content\/uploads\/2026\/04\/20260328_104457-2048x1536.jpg 2048w\" sizes=\"auto, (max-width: 300px) 100vw, 300px\" \/><\/a><\/p>\n<p>F\u00fcr <em>Bewegung, Spa\u00df und Spiel<\/em> sorgte ein <em>Parcours in der Turnhalle<\/em>. Dort bet\u00e4tigten sich w\u00e4hrend des Vormittags unz\u00e4hlige Kinder an den verschiedenen Stationen.<\/p>\n<p><a href=\"https:\/\/www.gs-oepfershausen.de\/wp-content\/uploads\/2026\/04\/20260328_095614-scaled.jpg\" data-rel=\"lightbox-gallery-RkKcFBYq\" data-rl_title=\"20260328_095614\" data-rl_caption=\"\" title=\"20260328_095614\"><img loading=\"lazy\" decoding=\"async\" class=\"alignnone wp-image-12102\" src=\"https:\/\/www.gs-oepfershausen.de\/wp-content\/uploads\/2026\/04\/20260328_095614-300x225.jpg\" alt=\"\" width=\"240\" height=\"180\" srcset=\"https:\/\/www.gs-oepfershausen.de\/wp-content\/uploads\/2026\/04\/20260328_095614-300x225.jpg 300w, https:\/\/www.gs-oepfershausen.de\/wp-content\/uploads\/2026\/04\/20260328_095614-1024x768.jpg 1024w, https:\/\/www.gs-oepfershausen.de\/wp-content\/uploads\/2026\/04\/20260328_095614-1536x1152.jpg 1536w, https:\/\/www.gs-oepfershausen.de\/wp-content\/uploads\/2026\/04\/20260328_095614-2048x1536.jpg 2048w\" sizes=\"auto, (max-width: 240px) 100vw, 240px\" \/><\/a><\/p>\n<p>Auch f\u00fcr das leibliche Wohl wurde bestens gesorgt. Die Eltern der Klasse 3 verw\u00f6hnten mit allerlei Gaumenschmaus die Anwesenden.<\/p>\n<p>&nbsp;<\/p>\n<\/div>\n<h3><\/h3>\n<hr \/>\n<h3><span style=\"color: #333399;\"><strong><em><u>Mit Versp\u00e4tung zum Sieg-Grundschule Oepfershausen r\u00e4umt trotzdem ab<a href=\"https:\/\/www.gs-oepfershausen.de\/wp-content\/uploads\/2026\/04\/IMG_7320-scaled.jpeg\" data-rel=\"lightbox-gallery-RkKcFBYq\" data-rl_title=\"IMG_7320\" data-rl_caption=\"\" title=\"IMG_7320\"><img loading=\"lazy\" decoding=\"async\" class=\"wp-image-12033 alignright\" src=\"https:\/\/www.gs-oepfershausen.de\/wp-content\/uploads\/2026\/04\/IMG_7320-225x300.jpeg\" alt=\"\" width=\"118\" height=\"157\" srcset=\"https:\/\/www.gs-oepfershausen.de\/wp-content\/uploads\/2026\/04\/IMG_7320-225x300.jpeg 225w, https:\/\/www.gs-oepfershausen.de\/wp-content\/uploads\/2026\/04\/IMG_7320-768x1024.jpeg 768w, https:\/\/www.gs-oepfershausen.de\/wp-content\/uploads\/2026\/04\/IMG_7320-1152x1536.jpeg 1152w, https:\/\/www.gs-oepfershausen.de\/wp-content\/uploads\/2026\/04\/IMG_7320-1536x2048.jpeg 1536w, https:\/\/www.gs-oepfershausen.de\/wp-content\/uploads\/2026\/04\/IMG_7320-scaled.jpeg 1920w\" sizes=\"auto, (max-width: 118px) 100vw, 118px\" \/><\/a><\/u><\/em><\/strong><\/span><\/h3>\n<\/div>\n<div class=\"default-style\">\n<div class=\"default-style\">\n<p>&nbsp;<\/p>\n<p>Manche Teams reisten geschniegelt und geb\u00fcgelt an. Wir nicht. F\u00fcr unsere Grundsch\u00fcler begann das \u201eBall \u00fcber die Schnur\u201c-Turnier, 26.03.2026, in der Reinhard-Kupietz-Halle in Meiningen n\u00e4mlich mit einer Geduldsprobe, die so garantiert nicht im Ablaufplan stand. Der Bus lie\u00df uns mal wieder im Stich. Und zwar nicht nur kurz sondern so lange, dass selbst die K\u00e4lte irgendwann zur Gewohnheit wurde.<\/p>\n<p><a href=\"https:\/\/www.gs-oepfershausen.de\/wp-content\/uploads\/2026\/04\/IMG_7318.jpeg\" data-rel=\"lightbox-gallery-RkKcFBYq\" data-rl_title=\"IMG_7318\" data-rl_caption=\"\" title=\"IMG_7318\"><img loading=\"lazy\" decoding=\"async\" class=\" wp-image-12032 alignleft\" src=\"https:\/\/www.gs-oepfershausen.de\/wp-content\/uploads\/2026\/04\/IMG_7318-300x225.jpeg\" alt=\"\" width=\"159\" height=\"119\" srcset=\"https:\/\/www.gs-oepfershausen.de\/wp-content\/uploads\/2026\/04\/IMG_7318-300x225.jpeg 300w, https:\/\/www.gs-oepfershausen.de\/wp-content\/uploads\/2026\/04\/IMG_7318-1024x768.jpeg 1024w, https:\/\/www.gs-oepfershausen.de\/wp-content\/uploads\/2026\/04\/IMG_7318-1536x1152.jpeg 1536w, https:\/\/www.gs-oepfershausen.de\/wp-content\/uploads\/2026\/04\/IMG_7318-2048x1536.jpeg 2048w\" sizes=\"auto, (max-width: 159px) 100vw, 159px\" \/><\/a><\/p>\n<p>Nach etwa einer Stunde tauchte dann doch noch ein Ersatzbus auf. Timing ist schlie\u00dflich alles. W\u00e4hrend andere Teams sich in Ruhe einspielen konnten, hie\u00df es f\u00fcr uns: rein in die Halle, rauf aufs Feld und los geht\u2019s. Aufw\u00e4rmen wird ohnehin \u00fcberbewertet.<\/p>\n<p><a href=\"https:\/\/www.gs-oepfershausen.de\/wp-content\/uploads\/2026\/04\/IMG_7322.jpeg\" data-rel=\"lightbox-gallery-RkKcFBYq\" data-rl_title=\"IMG_7322\" data-rl_caption=\"\" title=\"IMG_7322\"><img loading=\"lazy\" decoding=\"async\" class=\" wp-image-12034 alignright\" src=\"https:\/\/www.gs-oepfershausen.de\/wp-content\/uploads\/2026\/04\/IMG_7322-300x247.jpeg\" alt=\"\" width=\"156\" height=\"128\" srcset=\"https:\/\/www.gs-oepfershausen.de\/wp-content\/uploads\/2026\/04\/IMG_7322-300x247.jpeg 300w, https:\/\/www.gs-oepfershausen.de\/wp-content\/uploads\/2026\/04\/IMG_7322-1024x844.jpeg 1024w, https:\/\/www.gs-oepfershausen.de\/wp-content\/uploads\/2026\/04\/IMG_7322-1536x1267.jpeg 1536w, https:\/\/www.gs-oepfershausen.de\/wp-content\/uploads\/2026\/04\/IMG_7322.jpeg 1859w\" sizes=\"auto, (max-width: 156px) 100vw, 156px\" \/><\/a><\/p>\n<p>Und dann kam der eigentliche \u00dcberraschungsmoment. Unsere M\u00e4dchen spielten, als h\u00e4tten sie die perfekte Vorbereitung hinter sich. Konzentriert, bissig und absolut souver\u00e4n. Spiel f\u00fcr Spiel entschieden sie f\u00fcr sich und marschierten ohne eine einzige Niederlage direkt auf Platz eins. Besser kann man es kaum machen.<\/p>\n<p>&nbsp;<\/p>\n<p>Auch unsere Jungen zeigten, dass sie sich von so einer Anreise nicht aus der Ruhe bringen lassen. In einem Teilnehmerfeld von 17 Teams hielten sie stark dagegen. Drei Niederlagen und ein Unentschieden konnten sie nicht ausbremsen. Am Ende stand ein mehr als verdienter sechster Platz. Und das alles ohne echtes Ankommen, daf\u00fcr mit jeder Menge Improvisation.<\/p>\n<p>&nbsp;<\/p>\n<p><a href=\"https:\/\/www.gs-oepfershausen.de\/wp-content\/uploads\/2026\/04\/IMG_7325.jpeg\" data-rel=\"lightbox-gallery-RkKcFBYq\" data-rl_title=\"IMG_7325\" data-rl_caption=\"\" title=\"IMG_7325\"><img loading=\"lazy\" decoding=\"async\" class=\"wp-image-12035 alignleft\" src=\"https:\/\/www.gs-oepfershausen.de\/wp-content\/uploads\/2026\/04\/IMG_7325-291x300.jpeg\" alt=\"\" width=\"175\" height=\"180\" srcset=\"https:\/\/www.gs-oepfershausen.de\/wp-content\/uploads\/2026\/04\/IMG_7325-291x300.jpeg 291w, https:\/\/www.gs-oepfershausen.de\/wp-content\/uploads\/2026\/04\/IMG_7325-995x1024.jpeg 995w, https:\/\/www.gs-oepfershausen.de\/wp-content\/uploads\/2026\/04\/IMG_7325-1492x1536.jpeg 1492w, https:\/\/www.gs-oepfershausen.de\/wp-content\/uploads\/2026\/04\/IMG_7325-1989x2048.jpeg 1989w\" sizes=\"auto, (max-width: 175px) 100vw, 175px\" \/><\/a><\/p>\n<p>&nbsp;<\/p>\n<p>&nbsp;<\/p>\n<p>&nbsp;<\/p>\n<p>&nbsp;<\/p>\n<p><span style=\"color: #000080;\"><em><strong>Fazit des Tages:<\/strong><\/em><\/span> <strong>Der Bus kam zu sp\u00e4t, der Kampfgeist war p\u00fcnktlich.<\/strong><\/p>\n<p><em><span style=\"color: #000080;\">Und manchmal sind es genau diese widrigen Umst\u00e4nde, <\/span><\/em><\/p>\n<p><em><span style=\"color: #000080;\">die zeigen, <\/span><\/em><\/p>\n<p><em><span style=\"color: #000080;\">was wirklich in einer Mannschaft steckt.<\/span><\/em><\/p>\n<p><span style=\"color: #ffffff;\">.<\/span><\/p>\n<p><span style=\"color: #ffffff;\">.<\/span><\/p>\n<hr \/>\n<h3><span style=\"color: #00ff00;\"><u>Fr\u00fchjahrsputz sorgt f\u00fcr fr\u00fchlingshafte Stimmung in allen Heimatorten der Grundsch\u00fcler<\/u><\/span><\/h3>\n<p>Auch in diesem Schuljahr folgten wieder Kinder der Wasunger Grundschule &#8222;Am Hahnberg&#8220; in allen Ortschaften ihres Einzugsgebietes dem Aufruf zum Fr\u00fchjahrsputz.<a href=\"https:\/\/www.gs-oepfershausen.de\/wp-content\/uploads\/2026\/04\/IMG-20260321-WA0019-scaled.jpg\" data-rel=\"lightbox-gallery-RkKcFBYq\" data-rl_title=\"IMG-20260321-WA0019\" data-rl_caption=\"\" title=\"IMG-20260321-WA0019\"><img loading=\"lazy\" decoding=\"async\" class=\" wp-image-12136 alignleft\" src=\"https:\/\/www.gs-oepfershausen.de\/wp-content\/uploads\/2026\/04\/IMG-20260321-WA0019-300x225.jpg\" alt=\"\" width=\"267\" height=\"200\" srcset=\"https:\/\/www.gs-oepfershausen.de\/wp-content\/uploads\/2026\/04\/IMG-20260321-WA0019-300x225.jpg 300w, https:\/\/www.gs-oepfershausen.de\/wp-content\/uploads\/2026\/04\/IMG-20260321-WA0019-1024x768.jpg 1024w, https:\/\/www.gs-oepfershausen.de\/wp-content\/uploads\/2026\/04\/IMG-20260321-WA0019-1536x1152.jpg 1536w, https:\/\/www.gs-oepfershausen.de\/wp-content\/uploads\/2026\/04\/IMG-20260321-WA0019-2048x1536.jpg 2048w\" sizes=\"auto, (max-width: 267px) 100vw, 267px\" \/><\/a><\/p>\n<p>Am <em><strong>Samstag, 21. M\u00e4rz 2026<\/strong><\/em> sorgten die Kinder mit ihren Familien gemeinsam f\u00fcr Sauberkeit und ein sch\u00f6nes Ortsbild in ihren Heimatorten. <a href=\"https:\/\/www.gs-oepfershausen.de\/wp-content\/uploads\/2026\/04\/Huempfershausen-1.jpg\" data-rel=\"lightbox-gallery-RkKcFBYq\" data-rl_title=\"H\u00fcmpfershausen 1\" data-rl_caption=\"\" title=\"H\u00fcmpfershausen 1\"><img loading=\"lazy\" decoding=\"async\" class=\" wp-image-12134 alignright\" src=\"https:\/\/www.gs-oepfershausen.de\/wp-content\/uploads\/2026\/04\/Huempfershausen-1-300x208.jpg\" alt=\"\" width=\"216\" height=\"150\" srcset=\"https:\/\/www.gs-oepfershausen.de\/wp-content\/uploads\/2026\/04\/Huempfershausen-1-300x208.jpg 300w, https:\/\/www.gs-oepfershausen.de\/wp-content\/uploads\/2026\/04\/Huempfershausen-1-1024x709.jpg 1024w, https:\/\/www.gs-oepfershausen.de\/wp-content\/uploads\/2026\/04\/Huempfershausen-1-1536x1064.jpg 1536w, https:\/\/www.gs-oepfershausen.de\/wp-content\/uploads\/2026\/04\/Huempfershausen-1.jpg 2048w\" sizes=\"auto, (max-width: 216px) 100vw, 216px\" \/><\/a><\/p>\n<p>&nbsp;<\/p>\n<p>In Unterkatz und H\u00fcmpfershausen ging die Aktion Hand in Hand mit der Gemeinde und den \u00f6rtlichen Vereinen. Jeder durfte sich anschlie\u00dfen und seinen Beitrag leisten.<\/p>\n\n\t\t<style type=\"text\/css\">\n\t\t\t#gallery-4 {\n\t\t\t\tmargin: auto;\n\t\t\t}\n\t\t\t#gallery-4 .gallery-item {\n\t\t\t\tfloat: left;\n\t\t\t\tmargin-top: 10px;\n\t\t\t\ttext-align: center;\n\t\t\t\twidth: 33%;\n\t\t\t}\n\t\t\t#gallery-4 img {\n\t\t\t\tborder: 2px solid #cfcfcf;\n\t\t\t}\n\t\t\t#gallery-4 .gallery-caption {\n\t\t\t\tmargin-left: 0;\n\t\t\t}\n\t\t\t\/* see gallery_shortcode() in wp-includes\/media.php *\/\n\t\t<\/style>\n\t\t<div id='gallery-4' class='gallery galleryid-11170 gallery-columns-3 gallery-size-thumbnail'><dl class='gallery-item'>\n\t\t\t<dt class='gallery-icon portrait'>\n\t\t\t\t<a href=\"https:\/\/www.gs-oepfershausen.de\/wp-content\/uploads\/2026\/03\/IMG-20260304-WA00021.jpg\" data-rel=\"lightbox-gallery-RkKcFBYq\" data-rl_title=\"IMG-20260304-WA0002[1]\" data-rl_caption=\"\" title=\"IMG-20260304-WA0002[1]\"><img loading=\"lazy\" decoding=\"async\" width=\"150\" height=\"150\" src=\"https:\/\/www.gs-oepfershausen.de\/wp-content\/uploads\/2026\/03\/IMG-20260304-WA00021-150x150.jpg\" class=\"attachment-thumbnail size-thumbnail\" alt=\"\" aria-describedby=\"gallery-4-11951\" \/><\/a>\n\t\t\t<\/dt>\n\t\t\t\t<dd class='wp-caption-text gallery-caption' id='gallery-4-11951'>\n\t\t\t\tUnterkatz\n\t\t\t\t<\/dd><\/dl><dl class='gallery-item'>\n\t\t\t<dt class='gallery-icon portrait'>\n\t\t\t\t<a href=\"https:\/\/www.gs-oepfershausen.de\/wp-content\/uploads\/2026\/03\/IMG-20260305-WA00081.jpg\" data-rel=\"lightbox-gallery-RkKcFBYq\" data-rl_title=\"IMG-20260305-WA0008[1]\" data-rl_caption=\"\" title=\"IMG-20260305-WA0008[1]\"><img loading=\"lazy\" decoding=\"async\" width=\"150\" height=\"150\" src=\"https:\/\/www.gs-oepfershausen.de\/wp-content\/uploads\/2026\/03\/IMG-20260305-WA00081-150x150.jpg\" class=\"attachment-thumbnail size-thumbnail\" alt=\"\" aria-describedby=\"gallery-4-11954\" \/><\/a>\n\t\t\t<\/dt>\n\t\t\t\t<dd class='wp-caption-text gallery-caption' id='gallery-4-11954'>\n\t\t\t\tFriedelshausen\n\t\t\t\t<\/dd><\/dl><dl class='gallery-item'>\n\t\t\t<dt class='gallery-icon portrait'>\n\t\t\t\t<a href=\"https:\/\/www.gs-oepfershausen.de\/wp-content\/uploads\/2026\/03\/IMG-20260311-WA00101.jpg\" data-rel=\"lightbox-gallery-RkKcFBYq\" data-rl_title=\"IMG-20260311-WA0010[1]\" data-rl_caption=\"\" title=\"IMG-20260311-WA0010[1]\"><img loading=\"lazy\" decoding=\"async\" width=\"150\" height=\"150\" src=\"https:\/\/www.gs-oepfershausen.de\/wp-content\/uploads\/2026\/03\/IMG-20260311-WA00101-150x150.jpg\" class=\"attachment-thumbnail size-thumbnail\" alt=\"\" aria-describedby=\"gallery-4-11956\" \/><\/a>\n\t\t\t<\/dt>\n\t\t\t\t<dd class='wp-caption-text gallery-caption' id='gallery-4-11956'>\n\t\t\t\tWasungen\n\t\t\t\t<\/dd><\/dl><br style=\"clear: both\" \/><dl class='gallery-item'>\n\t\t\t<dt class='gallery-icon portrait'>\n\t\t\t\t<a href=\"https:\/\/www.gs-oepfershausen.de\/wp-content\/uploads\/2026\/03\/IMG-20260304-WA00091.jpg\" data-rel=\"lightbox-gallery-RkKcFBYq\" data-rl_title=\"IMG-20260304-WA0009[1]\" data-rl_caption=\"\" title=\"IMG-20260304-WA0009[1]\"><img loading=\"lazy\" decoding=\"async\" width=\"150\" height=\"150\" src=\"https:\/\/www.gs-oepfershausen.de\/wp-content\/uploads\/2026\/03\/IMG-20260304-WA00091-150x150.jpg\" class=\"attachment-thumbnail size-thumbnail\" alt=\"\" aria-describedby=\"gallery-4-11952\" \/><\/a>\n\t\t\t<\/dt>\n\t\t\t\t<dd class='wp-caption-text gallery-caption' id='gallery-4-11952'>\n\t\t\t\tWahns\n\t\t\t\t<\/dd><\/dl><dl class='gallery-item'>\n\t\t\t<dt class='gallery-icon portrait'>\n\t\t\t\t<a href=\"https:\/\/www.gs-oepfershausen.de\/wp-content\/uploads\/2026\/03\/IMG-20260305-WA00131.jpg\" data-rel=\"lightbox-gallery-RkKcFBYq\" data-rl_title=\"IMG-20260305-WA0013[1]\" data-rl_caption=\"\" title=\"IMG-20260305-WA0013[1]\"><img loading=\"lazy\" decoding=\"async\" width=\"150\" height=\"150\" src=\"https:\/\/www.gs-oepfershausen.de\/wp-content\/uploads\/2026\/03\/IMG-20260305-WA00131-150x150.jpg\" class=\"attachment-thumbnail size-thumbnail\" alt=\"\" aria-describedby=\"gallery-4-11955\" \/><\/a>\n\t\t\t<\/dt>\n\t\t\t\t<dd class='wp-caption-text gallery-caption' id='gallery-4-11955'>\n\t\t\t\tOepfershausen\n\t\t\t\t<\/dd><\/dl><dl class='gallery-item'>\n\t\t\t<dt class='gallery-icon portrait'>\n\t\t\t\t<a href=\"https:\/\/www.gs-oepfershausen.de\/wp-content\/uploads\/2026\/03\/IMG-20260305-WA00001.jpg\" data-rel=\"lightbox-gallery-RkKcFBYq\" data-rl_title=\"IMG-20260305-WA0000[1]\" data-rl_caption=\"\" title=\"IMG-20260305-WA0000[1]\"><img loading=\"lazy\" decoding=\"async\" width=\"150\" height=\"150\" src=\"https:\/\/www.gs-oepfershausen.de\/wp-content\/uploads\/2026\/03\/IMG-20260305-WA00001-150x150.jpg\" class=\"attachment-thumbnail size-thumbnail\" alt=\"\" aria-describedby=\"gallery-4-11953\" \/><\/a>\n\t\t\t<\/dt>\n\t\t\t\t<dd class='wp-caption-text gallery-caption' id='gallery-4-11953'>\n\t\t\t\tH\u00fcmpfershausen\n\t\t\t\t<\/dd><\/dl><br style=\"clear: both\" \/>\n\t\t<\/div>\n\n<p>Ob M\u00fcll sammeln, Laub rechen oder Dorfpl\u00e4tze herrichten, der Fr\u00fchjahrsputz der Grundschule wird \u00fcberall in den Orten rund um die Grundschule \u201eAm Hahnberg\u201c gern gesehen und immer gibt es viel zu tun.<br \/>\nDie zur Tradition gewordene Aktion wurde auch in diesem Jahr von den ortsans\u00e4ssigen Vereinen und den Gemeinden unterst\u00fctzt. <a href=\"https:\/\/www.gs-oepfershausen.de\/wp-content\/uploads\/2026\/04\/IMG-20260321-WA0027.jpg\" data-rel=\"lightbox-gallery-RkKcFBYq\" data-rl_title=\"IMG-20260321-WA0027\" data-rl_caption=\"\" title=\"IMG-20260321-WA0027\"><img loading=\"lazy\" decoding=\"async\" class=\" wp-image-12137 alignright\" src=\"https:\/\/www.gs-oepfershausen.de\/wp-content\/uploads\/2026\/04\/IMG-20260321-WA0027-300x225.jpg\" alt=\"\" width=\"245\" height=\"184\" srcset=\"https:\/\/www.gs-oepfershausen.de\/wp-content\/uploads\/2026\/04\/IMG-20260321-WA0027-300x225.jpg 300w, https:\/\/www.gs-oepfershausen.de\/wp-content\/uploads\/2026\/04\/IMG-20260321-WA0027-1024x768.jpg 1024w, https:\/\/www.gs-oepfershausen.de\/wp-content\/uploads\/2026\/04\/IMG-20260321-WA0027-1536x1152.jpg 1536w, https:\/\/www.gs-oepfershausen.de\/wp-content\/uploads\/2026\/04\/IMG-20260321-WA0027.jpg 1600w\" sizes=\"auto, (max-width: 245px) 100vw, 245px\" \/><\/a><br \/>\n<a href=\"https:\/\/www.gs-oepfershausen.de\/wp-content\/uploads\/2026\/04\/IMG-20260321-WA0046.jpg\" data-rel=\"lightbox-gallery-RkKcFBYq\" data-rl_title=\"IMG-20260321-WA0046\" data-rl_caption=\"\" title=\"IMG-20260321-WA0046\"><img loading=\"lazy\" decoding=\"async\" class=\"wp-image-12138 alignleft\" src=\"https:\/\/www.gs-oepfershausen.de\/wp-content\/uploads\/2026\/04\/IMG-20260321-WA0046-300x225.jpg\" alt=\"\" width=\"185\" height=\"139\" srcset=\"https:\/\/www.gs-oepfershausen.de\/wp-content\/uploads\/2026\/04\/IMG-20260321-WA0046-300x225.jpg 300w, https:\/\/www.gs-oepfershausen.de\/wp-content\/uploads\/2026\/04\/IMG-20260321-WA0046-1024x768.jpg 1024w, https:\/\/www.gs-oepfershausen.de\/wp-content\/uploads\/2026\/04\/IMG-20260321-WA0046-1536x1152.jpg 1536w, https:\/\/www.gs-oepfershausen.de\/wp-content\/uploads\/2026\/04\/IMG-20260321-WA0046.jpg 2000w\" sizes=\"auto, (max-width: 185px) 100vw, 185px\" \/><\/a>In <em><strong>Wahns<\/strong><\/em>, <strong><em>Wasungen<\/em><\/strong>, <strong><em>Friedelshausen<\/em><\/strong>, <strong><em>H\u00fcmpfershausen<\/em><\/strong>, <strong><em>Unterkatz<\/em> <\/strong>und <strong><em>Oepfershausen<\/em> <\/strong>haben Kinder und Erwachsene einen gemeinn\u00fctzigen Beitrag f\u00fcr ihren Heimatort geleistet.<\/p>\n<p><a href=\"https:\/\/www.gs-oepfershausen.de\/wp-content\/uploads\/2026\/04\/Wahns.jpg\" data-rel=\"lightbox-gallery-RkKcFBYq\" data-rl_title=\"Wahns\" data-rl_caption=\"\" title=\"Wahns\"><img loading=\"lazy\" decoding=\"async\" class=\" wp-image-12139 alignleft\" src=\"https:\/\/www.gs-oepfershausen.de\/wp-content\/uploads\/2026\/04\/Wahns-300x225.jpg\" alt=\"\" width=\"229\" height=\"172\" srcset=\"https:\/\/www.gs-oepfershausen.de\/wp-content\/uploads\/2026\/04\/Wahns-300x225.jpg 300w, https:\/\/www.gs-oepfershausen.de\/wp-content\/uploads\/2026\/04\/Wahns-1024x768.jpg 1024w, https:\/\/www.gs-oepfershausen.de\/wp-content\/uploads\/2026\/04\/Wahns-1536x1152.jpg 1536w, https:\/\/www.gs-oepfershausen.de\/wp-content\/uploads\/2026\/04\/Wahns.jpg 2040w\" sizes=\"auto, (max-width: 229px) 100vw, 229px\" \/><\/a> Der Spa\u00df kam dabei nicht zu kurz und f\u00fcr eine St\u00e4rkung nach getaner Arbeit wurde gesorgt.<\/p>\n<p>&nbsp;<\/p>\n<p>&nbsp;<\/p>\n<p>&nbsp;<\/p>\n<h5><span style=\"color: #993300;\">Neben dem guten Zweck versprach die Gemeinschaftsaktion wieder viel Spa\u00df an der frischen Luft f\u00fcr alle kleinen und gro\u00dfen Helfer!<\/span><\/h5>\n<p>&nbsp;<\/p>\n<p><strong><em><span style=\"color: #0000ff;\">Ein gro\u00dfes Dankesch\u00f6n an alle Beteiligten, die sich f\u00fcr eine saubere Heimat eingesetzt haben!<\/span><\/em><\/strong><\/p>\n<p>&nbsp;<\/p>\n<h5><\/h5>\n<\/div>\n<\/div>\n<hr \/>\n<h3><em><strong><span style=\"color: #000080;\"><u>Mathematik-Olympiade in Suhl<\/u><\/span><\/strong><span style=\"color: #000080;\"><u><a href=\"https:\/\/www.gs-oepfershausen.de\/wp-content\/uploads\/2026\/03\/IMG-20260319-WA00231.jpg\" data-rel=\"lightbox-gallery-RkKcFBYq\" data-rl_title=\"IMG-20260319-WA0023[1]\" data-rl_caption=\"\" title=\"IMG-20260319-WA0023[1]\"><img loading=\"lazy\" decoding=\"async\" class=\" wp-image-11990 alignright\" src=\"https:\/\/www.gs-oepfershausen.de\/wp-content\/uploads\/2026\/03\/IMG-20260319-WA00231-225x300.jpg\" alt=\"\" width=\"156\" height=\"208\" srcset=\"https:\/\/www.gs-oepfershausen.de\/wp-content\/uploads\/2026\/03\/IMG-20260319-WA00231-225x300.jpg 225w, https:\/\/www.gs-oepfershausen.de\/wp-content\/uploads\/2026\/03\/IMG-20260319-WA00231-768x1024.jpg 768w, https:\/\/www.gs-oepfershausen.de\/wp-content\/uploads\/2026\/03\/IMG-20260319-WA00231-1152x1536.jpg 1152w, https:\/\/www.gs-oepfershausen.de\/wp-content\/uploads\/2026\/03\/IMG-20260319-WA00231.jpg 1530w\" sizes=\"auto, (max-width: 156px) 100vw, 156px\" \/><\/a><\/u><\/span><\/em><\/h3>\n<p>Am 19. M\u00e4rz fand die regionale Mathematik-Olympiade in Suhl statt.<\/p>\n<p>Aus unseren Klassen 3 und 4 durften Sophia, Emma und Thekla teilnehmen.<\/p>\n<p>F\u00fcr die M\u00e4dchen war es ein besonderes Erlebnis mit herausfordernden Aufgaben und einer Urkunde am Ende des Tages.<\/p>\n<p><span style=\"color: #ffffff;\">.<\/span><\/p>\n<p><span style=\"color: #ffffff;\">.<\/span><\/p>\n<hr \/>\n<div>\n<h3><span style=\"color: #ff0000;\"><em><strong><u>Th\u00fcringens Klasse mit den meisten Schritten kommt aus der Grundschule &#8222;Am Hahnberg&#8220;<\/u><\/strong><\/em><\/span><\/h3>\n<\/div>\n<div><a href=\"https:\/\/www.gs-oepfershausen.de\/wp-content\/uploads\/2026\/04\/20260309_0852191-scaled.jpg\" data-rel=\"lightbox-gallery-RkKcFBYq\" data-rl_title=\"20260309_085219[1]\" data-rl_caption=\"\" title=\"20260309_085219[1]\"><img loading=\"lazy\" decoding=\"async\" class=\"size-medium wp-image-12007 alignleft\" src=\"https:\/\/www.gs-oepfershausen.de\/wp-content\/uploads\/2026\/04\/20260309_0852191-300x300.jpg\" alt=\"\" width=\"300\" height=\"300\" srcset=\"https:\/\/www.gs-oepfershausen.de\/wp-content\/uploads\/2026\/04\/20260309_0852191-300x300.jpg 300w, https:\/\/www.gs-oepfershausen.de\/wp-content\/uploads\/2026\/04\/20260309_0852191-1024x1024.jpg 1024w, https:\/\/www.gs-oepfershausen.de\/wp-content\/uploads\/2026\/04\/20260309_0852191-150x150.jpg 150w, https:\/\/www.gs-oepfershausen.de\/wp-content\/uploads\/2026\/04\/20260309_0852191-1536x1536.jpg 1536w, https:\/\/www.gs-oepfershausen.de\/wp-content\/uploads\/2026\/04\/20260309_0852191-2048x2048.jpg 2048w\" sizes=\"auto, (max-width: 300px) 100vw, 300px\" \/><\/a>Ein besonders Projekt wurde vor einigen Wochen erfolgreich an der Wasunger Grundschule abgeschlossen. Die Klassen 3 und 4 hatten sich f\u00fcr &#8222;step&#8220; angemeldet, einen Wettbewerb, bei dem es um das Sammeln vieler Schritte in einem Zeitraum von zehn Wochen ging. Alle Kinder wurden mit einem Schrittz\u00e4hlerarmband ausgestattet, welches \u00fcber einen Klassenzugang der Lehrerin regelm\u00e4\u00dfig ausgelesen wurde. Die Sch\u00fcler waren hochmotiviert und beide Klassen wetteiferten w\u00e4hrend des Projektes miteinander. Im Unterricht wurden Bewegungsaufgaben eingebunden, in den Pausen die Zeit f\u00fcr das Schrittesammeln genutzt und auch in der Freizeit gab es Verabredungen, um gemeinsam den n\u00e4chsten Schritterekord zu erreichen. \u00dcber 400 Klassen aus ganz Deutschland haben sich am step-Projekt beteiligt und die beiden Klassen aus Oepfershausen belegten am Ende des Projektzeitraums einen hervorragenden 16. und 23. Platz. Noch erfreulicher war die Platzierung im eigenen Bundesland. Von 16 teilnehmenden Klassen aus Th\u00fcringen erreichte die 4. Klasse den 1. Platz und die Klasse 3 den 3. Platz. Passender k\u00f6nnte das diesj\u00e4hrige Motto zum Wasunger Karneval f\u00fcr die Grundschule nicht sein: \u00a0&#8222;One ons l\u00e4ufd gor n\u00e4esd&#8220; &#8211; &#8222;Ohne uns l\u00e4uft gar nichts&#8220;.<\/div>\n<div>Und weil Bewegung so wichtig f\u00fcr die Gesundheit und das Lernen ist, beginnt am 16. M\u00e4rz 2026 bereits das n\u00e4chste Projekt. Der SpoSpiTo-Bewegungs-Pass soll Elterntaxis vermeiden und die Kinder motivieren den Weg zur Schule oder dem Schulbus zu Fu\u00df zur\u00fcckzulegen. Damit verfolgt die als &#8222;Bewegungsf\u00f6rdernde Schule&#8220; und &#8222;Th\u00fcringer Nachhaltigkeitsschule&#8220; ausgezeichnete Einrichtung zwei ihrer wichtigsten Schwerpunkte.<\/div>\n<div><span style=\"color: #ffffff;\">.<\/span><\/div>\n<div><span style=\"color: #ffffff;\">.<\/span><\/div>\n<hr \/>\n<h3><em><strong><u><span style=\"color: #800080;\">Karneval<\/span> <\/u><\/strong><\/em><\/h3>\n<h3><span style=\"color: #ff00ff;\"><em><u>Grundschule im Karnevalsfieber<\/u><\/em><\/span><\/h3>\n<p>Dieses Fieber ist wirklich hochgradig ansteckend und schwei\u00dft unsere Grundsch\u00fcler so richtig zusammen.<\/p>\n<p>Das kann man in dieser Saison w\u00f6rtlich nehmen.<\/p>\n<p><a href=\"https:\/\/www.gs-oepfershausen.de\/wp-content\/uploads\/2026\/03\/IMG-20260213-WA0133.jpg\" data-rel=\"lightbox-gallery-RkKcFBYq\" data-rl_title=\"IMG-20260213-WA0133\" data-rl_caption=\"\" title=\"IMG-20260213-WA0133\"><img loading=\"lazy\" decoding=\"async\" class=\"size-medium wp-image-11886 alignleft\" src=\"https:\/\/www.gs-oepfershausen.de\/wp-content\/uploads\/2026\/03\/IMG-20260213-WA0133-300x169.jpg\" alt=\"\" width=\"300\" height=\"169\" srcset=\"https:\/\/www.gs-oepfershausen.de\/wp-content\/uploads\/2026\/03\/IMG-20260213-WA0133-300x169.jpg 300w, https:\/\/www.gs-oepfershausen.de\/wp-content\/uploads\/2026\/03\/IMG-20260213-WA0133-1024x576.jpg 1024w, https:\/\/www.gs-oepfershausen.de\/wp-content\/uploads\/2026\/03\/IMG-20260213-WA0133-1536x864.jpg 1536w, https:\/\/www.gs-oepfershausen.de\/wp-content\/uploads\/2026\/03\/IMG-20260213-WA0133.jpg 1600w\" sizes=\"auto, (max-width: 300px) 100vw, 300px\" \/><\/a><\/p>\n<div data-subtree=\"aimfl,mfl\" data-sfc-cb=\"\">Der 490. Karneval in Wasungen lockte uns auf die Stra\u00dfen und lie\u00df uns gemeinsam durch die Zuschauerreihen tanzen und\u00a0 laut Ahoi rufen.<\/div>\n<div data-subtree=\"aimfl,mfl\" data-sfc-cb=\"\">Wir bewiesen mit unserem bunten Auftritt erneut:\u00a0 &#8222;Ohne uns l\u00e4uft gar nichts!&#8220;<\/div>\n<div data-subtree=\"aimfl,mfl\" data-sfc-cb=\"\"><\/div>\n<div data-subtree=\"aimfl,mfl\" data-sfc-cb=\"\"><a href=\"https:\/\/www.gs-oepfershausen.de\/wp-content\/uploads\/2026\/03\/IMG-20260213-WA0044.jpg\" data-rel=\"lightbox-gallery-RkKcFBYq\" data-rl_title=\"IMG-20260213-WA0044\" data-rl_caption=\"\" title=\"IMG-20260213-WA0044\"><img loading=\"lazy\" decoding=\"async\" class=\"size-medium wp-image-11885 alignright\" src=\"https:\/\/www.gs-oepfershausen.de\/wp-content\/uploads\/2026\/03\/IMG-20260213-WA0044-225x300.jpg\" alt=\"\" width=\"225\" height=\"300\" srcset=\"https:\/\/www.gs-oepfershausen.de\/wp-content\/uploads\/2026\/03\/IMG-20260213-WA0044-225x300.jpg 225w, https:\/\/www.gs-oepfershausen.de\/wp-content\/uploads\/2026\/03\/IMG-20260213-WA0044-768x1024.jpg 768w, https:\/\/www.gs-oepfershausen.de\/wp-content\/uploads\/2026\/03\/IMG-20260213-WA0044-1152x1536.jpg 1152w, https:\/\/www.gs-oepfershausen.de\/wp-content\/uploads\/2026\/03\/IMG-20260213-WA0044.jpg 1530w\" sizes=\"auto, (max-width: 225px) 100vw, 225px\" \/><\/a><\/div>\n<div data-subtree=\"aimfl,mfl\" data-sfc-cb=\"\"><\/div>\n<div data-subtree=\"aimfl,mfl\" data-sfc-cb=\"\"><\/div>\n<div data-subtree=\"aimfl,mfl\" data-sfc-cb=\"\"><span style=\"color: #ffffff;\">.-<\/span><\/div>\n<div data-subtree=\"aimfl,mfl\" data-sfc-cb=\"\"><span style=\"color: #ffffff;\">&#8211;<\/span><\/div>\n<div data-subtree=\"aimfl,mfl\" data-sfc-cb=\"\"><span style=\"color: #ffffff;\">&#8211;<\/span><\/div>\n<div data-subtree=\"aimfl,mfl\" data-sfc-cb=\"\"><span style=\"color: #ffffff;\">&#8211;<\/span><\/div>\n<div data-subtree=\"aimfl,mfl\" data-sfc-cb=\"\"><span style=\"color: #ffffff;\">&#8211;<\/span><\/div>\n<div data-subtree=\"aimfl,mfl\" data-sfc-cb=\"\"><span style=\"color: #ffffff;\">&#8211;<\/span><\/div>\n<div data-subtree=\"aimfl,mfl\" data-sfc-cb=\"\"><\/div>\n<div data-subtree=\"aimfl,mfl\" data-sfc-cb=\"\"><span style=\"color: #ffffff;\">.<\/span><\/div>\n<div data-subtree=\"aimfl,mfl\" data-sfc-cb=\"\"><span style=\"color: #ffffff;\">.<\/span><\/div>\n<div data-subtree=\"aimfl,mfl\" data-sfc-cb=\"\">Das n\u00e4rrischen Motto: \u201eOne ons l\u00e4ufd gor n\u00e4esd\u201c inspirierte uns und lie\u00df mindestens eintausend F\u00fc\u00dfe mehr am Umzug teilnehmen.<\/div>\n<p>&nbsp;<\/p>\n<p>&nbsp;<\/p>\n<p><a href=\"https:\/\/www.gs-oepfershausen.de\/wp-content\/uploads\/2026\/03\/IMG-20260214-WA0007.jpg\" data-rel=\"lightbox-gallery-RkKcFBYq\" data-rl_title=\"IMG-20260214-WA0007\" data-rl_caption=\"\" title=\"IMG-20260214-WA0007\"><img loading=\"lazy\" decoding=\"async\" class=\"size-medium wp-image-11889 alignleft\" src=\"https:\/\/www.gs-oepfershausen.de\/wp-content\/uploads\/2026\/03\/IMG-20260214-WA0007-225x300.jpg\" alt=\"\" width=\"225\" height=\"300\" srcset=\"https:\/\/www.gs-oepfershausen.de\/wp-content\/uploads\/2026\/03\/IMG-20260214-WA0007-225x300.jpg 225w, https:\/\/www.gs-oepfershausen.de\/wp-content\/uploads\/2026\/03\/IMG-20260214-WA0007-768x1024.jpg 768w, https:\/\/www.gs-oepfershausen.de\/wp-content\/uploads\/2026\/03\/IMG-20260214-WA0007-1152x1536.jpg 1152w, https:\/\/www.gs-oepfershausen.de\/wp-content\/uploads\/2026\/03\/IMG-20260214-WA0007.jpg 1200w\" sizes=\"auto, (max-width: 225px) 100vw, 225px\" \/><\/a>Der Karnevalsumzug des Kindergartens und der Grund- und Regelsch\u00fcler hatte viele H\u00f6hepunkte.<\/p>\n<p><span style=\"color: #ffffff;\">&#8212;<\/span><\/p>\n<p>&nbsp;<\/p>\n<p><span style=\"color: #ffffff;\">&#8211;<\/span><\/p>\n<p><span style=\"color: #ffffff;\">&#8211;<\/span><\/p>\n<p>Einer ist unbestritten das Prinzenpaar unserer Grundschule \u201eJohanna I.\u201c mit \u201eBruno I.\u201c, der H\u00fcpfer Elli sowie die Pagen Lene und Emma.<a href=\"https:\/\/www.gs-oepfershausen.de\/wp-content\/uploads\/2026\/03\/IMG-20260205-WA0015.jpg\" data-rel=\"lightbox-gallery-RkKcFBYq\" data-rl_title=\"IMG-20260205-WA0015\" data-rl_caption=\"\" title=\"IMG-20260205-WA0015\"><img loading=\"lazy\" decoding=\"async\" class=\"wp-image-11890 alignright\" src=\"https:\/\/www.gs-oepfershausen.de\/wp-content\/uploads\/2026\/03\/IMG-20260205-WA0015-300x300.jpg\" alt=\"\" width=\"237\" height=\"237\" srcset=\"https:\/\/www.gs-oepfershausen.de\/wp-content\/uploads\/2026\/03\/IMG-20260205-WA0015-300x300.jpg 300w, https:\/\/www.gs-oepfershausen.de\/wp-content\/uploads\/2026\/03\/IMG-20260205-WA0015-150x150.jpg 150w, https:\/\/www.gs-oepfershausen.de\/wp-content\/uploads\/2026\/03\/IMG-20260205-WA0015.jpg 583w\" sizes=\"auto, (max-width: 237px) 100vw, 237px\" \/><\/a><\/p>\n<p>&nbsp;<\/p>\n<p><a href=\"https:\/\/www.gs-oepfershausen.de\/wp-content\/uploads\/2026\/03\/1.jpg\" data-rel=\"lightbox-gallery-RkKcFBYq\" data-rl_title=\"1\" data-rl_caption=\"\" title=\"1\"><img loading=\"lazy\" decoding=\"async\" class=\"size-medium wp-image-11894 aligncenter\" src=\"https:\/\/www.gs-oepfershausen.de\/wp-content\/uploads\/2026\/03\/1-225x300.jpg\" alt=\"\" width=\"225\" height=\"300\" srcset=\"https:\/\/www.gs-oepfershausen.de\/wp-content\/uploads\/2026\/03\/1-225x300.jpg 225w, https:\/\/www.gs-oepfershausen.de\/wp-content\/uploads\/2026\/03\/1.jpg 765w\" sizes=\"auto, (max-width: 225px) 100vw, 225px\" \/><\/a><\/p>\n<p>&nbsp;<\/p>\n<hr \/>\n<h3><span style=\"color: #ff0000;\"><em><strong><u>Tanzwoche<\/u><\/strong><\/em><\/span><\/h3>\n<p>Die erste Woche im Februar stand ganz unter dem Motto: Eine Frau tanzt vor und alle machen mit!<\/p>\n<p>Eine ganze Woche lang war die <em><strong>Tanzschule Chance To Dance aus Meiningen<\/strong> <\/em>bei uns zu Gast und \u00fcbte insgesamt 7 verschieden T\u00e4nze ein. Unglaublich erschien uns allen dieses Ziel zu Beginn des Trainings.<a href=\"https:\/\/www.gs-oepfershausen.de\/wp-content\/uploads\/2026\/03\/20260204_102036-scaled.jpg\" data-rel=\"lightbox-gallery-RkKcFBYq\" data-rl_title=\"20260204_102036\" data-rl_caption=\"\" title=\"20260204_102036\"><img loading=\"lazy\" decoding=\"async\" class=\" wp-image-11945 alignright\" src=\"https:\/\/www.gs-oepfershausen.de\/wp-content\/uploads\/2026\/03\/20260204_102036-300x225.jpg\" alt=\"\" width=\"212\" height=\"159\" srcset=\"https:\/\/www.gs-oepfershausen.de\/wp-content\/uploads\/2026\/03\/20260204_102036-300x225.jpg 300w, https:\/\/www.gs-oepfershausen.de\/wp-content\/uploads\/2026\/03\/20260204_102036-1024x768.jpg 1024w, https:\/\/www.gs-oepfershausen.de\/wp-content\/uploads\/2026\/03\/20260204_102036-1536x1152.jpg 1536w, https:\/\/www.gs-oepfershausen.de\/wp-content\/uploads\/2026\/03\/20260204_102036-2048x1536.jpg 2048w\" sizes=\"auto, (max-width: 212px) 100vw, 212px\" \/><\/a><\/p>\n<p>Schnell wurden wir aber \u00fcberzeugt, dass es sich um ein realisierbares handelte. Jede Klasse tanzte eine eigene Choreografie, je zwei Klassen zusammen erlernten einen Partnertanz und ein Flashmob holte alle Grundsch\u00fcler samt erwachsenem Personal auf den Boden der Turnhalle. Bereits nach den ersten Trainingseinheiten sa\u00dfen viele Abl\u00e4ufe und die Musik lie\u00df die Beine und H\u00fcften schwingen.<\/p>\n<p><a href=\"https:\/\/www.gs-oepfershausen.de\/wp-content\/uploads\/2026\/03\/20260206_080839-scaled.jpg\" data-rel=\"lightbox-gallery-RkKcFBYq\" data-rl_title=\"20260206_080839\" data-rl_caption=\"\" title=\"20260206_080839\"><img loading=\"lazy\" decoding=\"async\" class=\"size-medium wp-image-11942 alignleft\" src=\"https:\/\/www.gs-oepfershausen.de\/wp-content\/uploads\/2026\/03\/20260206_080839-225x300.jpg\" alt=\"\" width=\"225\" height=\"300\" srcset=\"https:\/\/www.gs-oepfershausen.de\/wp-content\/uploads\/2026\/03\/20260206_080839-225x300.jpg 225w, https:\/\/www.gs-oepfershausen.de\/wp-content\/uploads\/2026\/03\/20260206_080839-768x1024.jpg 768w, https:\/\/www.gs-oepfershausen.de\/wp-content\/uploads\/2026\/03\/20260206_080839-1152x1536.jpg 1152w, https:\/\/www.gs-oepfershausen.de\/wp-content\/uploads\/2026\/03\/20260206_080839-1536x2048.jpg 1536w, https:\/\/www.gs-oepfershausen.de\/wp-content\/uploads\/2026\/03\/20260206_080839-scaled.jpg 1920w\" sizes=\"auto, (max-width: 225px) 100vw, 225px\" \/><\/a>Am Tag 5, dem letzten der Tanzwoche, f\u00fcllte sich die Turnhalle wie noch nie zuvor.<a href=\"https:\/\/www.gs-oepfershausen.de\/wp-content\/uploads\/2026\/03\/2.png\" data-rel=\"lightbox-gallery-RkKcFBYq\" data-rl_title=\"2\" data-rl_caption=\"\" title=\"2\"><img loading=\"lazy\" decoding=\"async\" class=\" wp-image-11948 alignright\" src=\"https:\/\/www.gs-oepfershausen.de\/wp-content\/uploads\/2026\/03\/2-221x300.png\" alt=\"\" width=\"165\" height=\"224\" srcset=\"https:\/\/www.gs-oepfershausen.de\/wp-content\/uploads\/2026\/03\/2-221x300.png 221w, https:\/\/www.gs-oepfershausen.de\/wp-content\/uploads\/2026\/03\/2.png 459w\" sizes=\"auto, (max-width: 165px) 100vw, 165px\" \/><\/a><\/p>\n<p>In bunten Kost\u00fcmen kamen alle Grundsch\u00fcler. Nicht nur das Tanzen stand f\u00fcr diesen Tag auf dem Plan, sondern auch der Hausfasching an unserer Grundschule. Nach den letzten Probedurchg\u00e4ngen wurde es dann &#8222;Ernst&#8220;.<\/p>\n<p>Eltern, Gro\u00dfeltern, Geschwister und andere Interessierte dr\u00e4ngten sich an den Rand der Halle, um m\u00f6glichst alle T\u00e4nzer der Klassen 1 bis 4 genau beobachten zu k\u00f6nnen.<\/p>\n<p>Die Aufregung bei den Kindern legte sich nach den ersten Takten und die erlernten Tanzbewegungen bereiteten nicht nur den kleinen Akteuren, sondern auch den Zuschauern gro\u00dfe Freude.<\/p>\n<p>&nbsp;<\/p>\n<p><a href=\"https:\/\/www.gs-oepfershausen.de\/wp-content\/uploads\/2026\/03\/VID-20260206-WA0004.mp4\"><img loading=\"lazy\" decoding=\"async\" class=\"size-medium wp-image-11940 aligncenter\" src=\"https:\/\/www.gs-oepfershausen.de\/wp-content\/uploads\/2026\/03\/1-300x173.png\" alt=\"\" width=\"300\" height=\"173\" srcset=\"https:\/\/www.gs-oepfershausen.de\/wp-content\/uploads\/2026\/03\/1-300x173.png 300w, https:\/\/www.gs-oepfershausen.de\/wp-content\/uploads\/2026\/03\/1.png 711w\" sizes=\"auto, (max-width: 300px) 100vw, 300px\" \/><\/a><\/p>\n<h3><span style=\"color: #0000ff;\">Was f\u00fcr eine ereignisreiche, sportliche Woche,<br \/>\ndie am Freitag einen wahrlich gro\u00dfen H\u00f6hepunkt fand!<\/span><\/h3>\n<p>&nbsp;<\/p>\n<hr \/>\n<h3><em><span style=\"color: #ff0000;\"><u><span style=\"font-size: 15pt;\">B\u00e4\u00e4\u00e4mmm \u2013 Klappe die Zweite!<\/span><\/u><\/span><\/em><\/h3>\n<p style=\"orphans: 2; text-align: start; widows: 2; -webkit-text-stroke: 0px #000000; font-size-adjust: none; font-kerning: auto; font-feature-settings: normal; font-optical-sizing: auto; font-variation-settings: normal; min-height: 13.8px; word-spacing: 0px; margin: 0cm 0cm 9pt;\"><span style=\"font-size: 9.0pt; color: black;\"><a href=\"https:\/\/www.gs-oepfershausen.de\/wp-content\/uploads\/2026\/01\/IMG_6715.jpeg\" data-rel=\"lightbox-gallery-RkKcFBYq\" data-rl_title=\"IMG_6715\" data-rl_caption=\"\" title=\"IMG_6715\"><img loading=\"lazy\" decoding=\"async\" class=\" wp-image-11828 alignleft\" src=\"https:\/\/www.gs-oepfershausen.de\/wp-content\/uploads\/2026\/01\/IMG_6715-300x257.jpeg\" alt=\"\" width=\"228\" height=\"195\" srcset=\"https:\/\/www.gs-oepfershausen.de\/wp-content\/uploads\/2026\/01\/IMG_6715-300x257.jpeg 300w, https:\/\/www.gs-oepfershausen.de\/wp-content\/uploads\/2026\/01\/IMG_6715-1024x876.jpeg 1024w, https:\/\/www.gs-oepfershausen.de\/wp-content\/uploads\/2026\/01\/IMG_6715-1536x1314.jpeg 1536w, https:\/\/www.gs-oepfershausen.de\/wp-content\/uploads\/2026\/01\/IMG_6715.jpeg 1843w\" sizes=\"auto, (max-width: 228px) 100vw, 228px\" \/><\/a>\u00a0<\/span><\/p>\n<p style=\"orphans: 2; text-align: start; widows: 2; -webkit-text-stroke: 0px #000000; font-size-adjust: none; font-kerning: auto; font-feature-settings: normal; font-optical-sizing: auto; font-variation-settings: normal; word-spacing: 0px; margin: 0cm 0cm 9pt;\"><span style=\"font-kerning: none;\"><span style=\"color: black;\">Die Oepfis vom Hahnberg haben es erneut geschafft.<br \/>\nAm 29. Januar erspielten wir uns in der Meininger Drachenberghalle gegen sechs starke Teams einen gro\u00dfartigen zweiten Platz im Zweifelderball.<br \/>\nDamit ist das Ticket f\u00fcr das<\/span><\/span><\/p>\n<p style=\"orphans: 2; text-align: start; widows: 2; -webkit-text-stroke: 0px #000000; font-size-adjust: none; font-kerning: auto; font-feature-settings: normal; font-optical-sizing: auto; font-variation-settings: normal; word-spacing: 0px; margin: 0cm 0cm 9pt;\"><span style=\"font-kerning: none;\"><span style=\"color: black;\"><span style=\"color: #ff0000;\"><strong><em>Landesfinale in Bad Berka<\/em><\/strong><\/span> gel\u00f6st!<a href=\"https:\/\/www.gs-oepfershausen.de\/wp-content\/uploads\/2026\/01\/IMG_6703-scaled.jpeg\" data-rel=\"lightbox-gallery-RkKcFBYq\" data-rl_title=\"IMG_6703\" data-rl_caption=\"\" title=\"IMG_6703\"><img loading=\"lazy\" decoding=\"async\" class=\" wp-image-11829 alignright\" src=\"https:\/\/www.gs-oepfershausen.de\/wp-content\/uploads\/2026\/01\/IMG_6703-251x300.jpeg\" alt=\"\" width=\"192\" height=\"229\" srcset=\"https:\/\/www.gs-oepfershausen.de\/wp-content\/uploads\/2026\/01\/IMG_6703-251x300.jpeg 251w, https:\/\/www.gs-oepfershausen.de\/wp-content\/uploads\/2026\/01\/IMG_6703-857x1024.jpeg 857w, https:\/\/www.gs-oepfershausen.de\/wp-content\/uploads\/2026\/01\/IMG_6703-1286x1536.jpeg 1286w, https:\/\/www.gs-oepfershausen.de\/wp-content\/uploads\/2026\/01\/IMG_6703-1714x2048.jpeg 1714w\" sizes=\"auto, (max-width: 192px) 100vw, 192px\" \/><\/a><\/span><\/span><\/p>\n<p style=\"orphans: 2; text-align: start; widows: 2; -webkit-text-stroke: 0px #000000; font-size-adjust: none; font-kerning: auto; font-feature-settings: normal; font-optical-sizing: auto; font-variation-settings: normal; min-height: 13.8px; word-spacing: 0px; margin: 0cm 0cm 9pt;\"><span style=\"color: black;\">Die gesamte Schule ist stolz auf euch und w\u00fcnscht viel Erfolg f\u00fcr die n\u00e4chste Runde!<\/span><\/p>\n<p><span style=\"color: #ffffff;\">.<\/span><\/p>\n<p><span style=\"color: #ffffff;\">.<\/span><\/p>\n<h3><span style=\"color: #ffffff;\">.<\/span><\/h3>\n<p><span style=\"color: #ffffff;\">..<\/span><\/p>\n<p><span style=\"color: #ffffff;\">.<\/span><\/p>\n<hr \/>\n<p><span style=\"color: #ffffff;\">.<\/span><\/p>\n<h3><em><strong><u><span style=\"color: #99cc00;\">Das Beste zum Schluss!!!<a href=\"https:\/\/www.gs-oepfershausen.de\/wp-content\/uploads\/2026\/01\/IMG-20251229-WA0038.jpg\" data-rel=\"lightbox-gallery-RkKcFBYq\" data-rl_title=\"IMG-20251229-WA0038\" data-rl_caption=\"\" title=\"IMG-20251229-WA0038\"><img loading=\"lazy\" decoding=\"async\" class=\"size-medium wp-image-11751 alignright\" src=\"https:\/\/www.gs-oepfershausen.de\/wp-content\/uploads\/2026\/01\/IMG-20251229-WA0038-225x300.jpg\" alt=\"\" width=\"225\" height=\"300\" srcset=\"https:\/\/www.gs-oepfershausen.de\/wp-content\/uploads\/2026\/01\/IMG-20251229-WA0038-225x300.jpg 225w, https:\/\/www.gs-oepfershausen.de\/wp-content\/uploads\/2026\/01\/IMG-20251229-WA0038-768x1024.jpg 768w, https:\/\/www.gs-oepfershausen.de\/wp-content\/uploads\/2026\/01\/IMG-20251229-WA0038-1152x1536.jpg 1152w, https:\/\/www.gs-oepfershausen.de\/wp-content\/uploads\/2026\/01\/IMG-20251229-WA0038.jpg 1500w\" sizes=\"auto, (max-width: 225px) 100vw, 225px\" \/><\/a><\/span> <\/u><\/strong><\/em><\/h3>\n<p>&nbsp;<\/p>\n<p>Man kann den <em><span style=\"color: #ff0000;\">Silvesterla<\/span><span style=\"color: #ff0000;\">uf<\/span><span style=\"color: #ff0000;\"> der Schulen<\/span><\/em> in Meiningen schon zu den traditionellen Veranstaltungen der Grundschule \u201eAm Hahnberg\u201c im Wasunger Ortsteil Oepfershausen z\u00e4hlen.<\/p>\n<p>Nach den<span style=\"color: #ff0000;\"> Siegen am Jahresende 2023 und 2024<\/span> war die Motivation, aber auch die Anspannung bei den Grundsch\u00fclern, Eltern, Sportlehrerin Nicole Ritz und Schulleiterin Nicole Kirchner besonders gro\u00df. Der Wanderpokal des Polizei-Sport-Vereins Meiningen sollte nun endg\u00fcltig seinen besonderen Platz in der Grundschule Oepfershausen behalten.<\/p>\n<p>Die <span style=\"color: #ff0000;\">Beteiligung<\/span> der Kinder aus den Klassen 1 bis 4 war \u00fcberw\u00e4ltigend und lag bei \u00fcber <em><span style=\"color: #ff0000;\">60% der Gesamtsch\u00fclerzahl<\/span><\/em>. Nach dem Lauf dr\u00e4ngten die Sch\u00fcler mit ihren Eltern zur Siegerehrung und warteten gespannt auf die Verk\u00fcndung der Pl\u00e4tze 1 bis 3.<\/p>\n<p><a href=\"https:\/\/www.gs-oepfershausen.de\/wp-content\/uploads\/2026\/02\/IMG-20251228-WA0002.jpg\" data-rel=\"lightbox-gallery-RkKcFBYq\" data-rl_title=\"IMG-20251228-WA0002\" data-rl_caption=\"\" title=\"IMG-20251228-WA0002\"><img loading=\"lazy\" decoding=\"async\" class=\"size-medium wp-image-11846 alignleft\" src=\"https:\/\/www.gs-oepfershausen.de\/wp-content\/uploads\/2026\/02\/IMG-20251228-WA0002-300x169.jpg\" alt=\"\" width=\"300\" height=\"169\" srcset=\"https:\/\/www.gs-oepfershausen.de\/wp-content\/uploads\/2026\/02\/IMG-20251228-WA0002-300x169.jpg 300w, https:\/\/www.gs-oepfershausen.de\/wp-content\/uploads\/2026\/02\/IMG-20251228-WA0002-1024x576.jpg 1024w, https:\/\/www.gs-oepfershausen.de\/wp-content\/uploads\/2026\/02\/IMG-20251228-WA0002-1536x864.jpg 1536w, https:\/\/www.gs-oepfershausen.de\/wp-content\/uploads\/2026\/02\/IMG-20251228-WA0002.jpg 2040w\" sizes=\"auto, (max-width: 300px) 100vw, 300px\" \/><\/a>Atemberaubende Stille herrschte, bevor der Jubel losbrach. Der<span style=\"color: #ff0000;\"> 1. Platz und 300 Euro<\/span> f\u00fcr die aktivste Schule beim Silvesterlauf in Meiningen ging auch 2025 an die Grundschule \u201eAm Hahnberg\u201c! <a href=\"https:\/\/www.gs-oepfershausen.de\/wp-content\/uploads\/2026\/01\/IMG-20251229-WA0000.jpg\" data-rel=\"lightbox-gallery-RkKcFBYq\" data-rl_title=\"IMG-20251229-WA0000\" data-rl_caption=\"\" title=\"IMG-20251229-WA0000\"><img loading=\"lazy\" decoding=\"async\" class=\"size-medium wp-image-11750 alignright\" src=\"https:\/\/www.gs-oepfershausen.de\/wp-content\/uploads\/2026\/01\/IMG-20251229-WA0000-300x248.jpg\" alt=\"\" width=\"300\" height=\"248\" srcset=\"https:\/\/www.gs-oepfershausen.de\/wp-content\/uploads\/2026\/01\/IMG-20251229-WA0000-300x248.jpg 300w, https:\/\/www.gs-oepfershausen.de\/wp-content\/uploads\/2026\/01\/IMG-20251229-WA0000-1024x847.jpg 1024w, https:\/\/www.gs-oepfershausen.de\/wp-content\/uploads\/2026\/01\/IMG-20251229-WA0000-1536x1271.jpg 1536w, https:\/\/www.gs-oepfershausen.de\/wp-content\/uploads\/2026\/01\/IMG-20251229-WA0000.jpg 1849w\" sizes=\"auto, (max-width: 300px) 100vw, 300px\" \/><\/a><\/p>\n<p>Damit gab es kein Halten mehr. Die Grundsch\u00fcler st\u00fcrmten das Podest und feierten ihren Sieg. Jeder musste den Pokal einmal in der Hand halten und Fotos und Videos wurden aufgenommen.<\/p>\n<p>Ein besonderes Dankesch\u00f6n m\u00f6chte die Grundschule \u201eAm Hahnberg\u201c an die Organisatoren dieses Events richten. Trotz der gro\u00dfen Teilnehmerzahl lief alles strukturiert ab und die L\u00e4ufer wurden mit Obst, Getr\u00e4nken und Schokolade gut versorgt. Stolz konnten alle Teilnehmer eine Medaille und eine Urkunde in Empfang nehmen.<\/p>\n<p>Nicht zuletzt gilt der <span style=\"color: #ff0000;\"><strong>Dank<\/strong> <\/span>aber auch<strong><span style=\"color: #ff0000;\"> allen Sch\u00fclern und Eltern<\/span><\/strong>, die den Erfolg mit ihrer Teilnahme m\u00f6glich gemacht und damit wieder gezeigt haben, wie gro\u00df der Zusammenhalt und die Verbundenheit mit der Grundschule ist. Somit konnte auch das Jahr 2025 f\u00fcr die Wasunger Grundschule erfolgreich abgeschlossen werden.<\/p>\n<p>&nbsp;<\/p>\n<p><span style=\"color: #ffffff;\">.<\/span><\/p>\n<p><span style=\"color: #ffffff;\">..<\/span><\/p>\n<p>.<\/p>\n<p>&nbsp;<\/p>\n<p><span style=\"color: #ffffff;\">.<\/span><\/p>\n<hr \/>\n<div class=\"default-style\">\n<h3><span style=\"color: #008000;\"><em><strong><u>Weihnachtsprojekttag<\/u><\/strong><\/em><\/span><\/h3>\n<p><a href=\"https:\/\/www.gs-oepfershausen.de\/wp-content\/uploads\/2026\/01\/W21.jpeg\" data-rel=\"lightbox-gallery-RkKcFBYq\" data-rl_title=\"W21\" data-rl_caption=\"\" title=\"W21\"><img loading=\"lazy\" decoding=\"async\" class=\"size-medium wp-image-11651 alignleft\" src=\"https:\/\/www.gs-oepfershausen.de\/wp-content\/uploads\/2026\/01\/W21-300x225.jpeg\" alt=\"\" width=\"300\" height=\"225\" srcset=\"https:\/\/www.gs-oepfershausen.de\/wp-content\/uploads\/2026\/01\/W21-300x225.jpeg 300w, https:\/\/www.gs-oepfershausen.de\/wp-content\/uploads\/2026\/01\/W21-1024x768.jpeg 1024w, https:\/\/www.gs-oepfershausen.de\/wp-content\/uploads\/2026\/01\/W21.jpeg 1365w\" sizes=\"auto, (max-width: 300px) 100vw, 300px\" \/><\/a><\/p>\n<p>&nbsp;<\/p>\n<p><a href=\"https:\/\/www.gs-oepfershausen.de\/wp-content\/uploads\/2026\/01\/20251219_083614-scaled.jpg\" data-rel=\"lightbox-gallery-RkKcFBYq\" data-rl_title=\"20251219_083614\" data-rl_caption=\"\" title=\"20251219_083614\"><img loading=\"lazy\" decoding=\"async\" class=\"size-medium wp-image-11652 alignright\" src=\"https:\/\/www.gs-oepfershausen.de\/wp-content\/uploads\/2026\/01\/20251219_083614-135x300.jpg\" alt=\"\" width=\"135\" height=\"300\" srcset=\"https:\/\/www.gs-oepfershausen.de\/wp-content\/uploads\/2026\/01\/20251219_083614-135x300.jpg 135w, https:\/\/www.gs-oepfershausen.de\/wp-content\/uploads\/2026\/01\/20251219_083614-461x1024.jpg 461w, https:\/\/www.gs-oepfershausen.de\/wp-content\/uploads\/2026\/01\/20251219_083614-691x1536.jpg 691w, https:\/\/www.gs-oepfershausen.de\/wp-content\/uploads\/2026\/01\/20251219_083614-922x2048.jpg 922w, https:\/\/www.gs-oepfershausen.de\/wp-content\/uploads\/2026\/01\/20251219_083614-scaled.jpg 1152w\" sizes=\"auto, (max-width: 135px) 100vw, 135px\" \/><\/a><\/p>\n<p>&nbsp;<\/p>\n<p>Am 20. Dezember fand an unserer Schule der beliebte Weihnachtsprojekttag statt.<\/p>\n<p>&nbsp;<\/p>\n<p>&nbsp;<\/p>\n<p>Gemeinsam mit vielen engagierten Eltern konnten die Kinder aus zahlreichen Angeboten w\u00e4hlen. Darunter waren unter anderem Pl\u00e4tzchen backen, Fotos in einer Fotobox schie\u00dfen und viele kreative Geschenkideen gestalten, wie Schneekugeln, Windlichter oder Tannenb\u00e4ume. In der vierten Stunde pr\u00e4sentierten die Klassen ein festliches Weihnachtsprogramm mit Gedichten, musikalischen Beitr\u00e4gen und einer schauspielerischen Darbietung zweier M\u00e4rchen.<\/p>\n<p>Das Programm war wieder besonders gut besucht und erfreute neben Eltern auch Gro\u00dfeltern und andere Verwandte.<\/p>\n<p><a href=\"https:\/\/www.gs-oepfershausen.de\/wp-content\/uploads\/2026\/01\/20251219_083345-scaled.jpg\" data-rel=\"lightbox-gallery-RkKcFBYq\" data-rl_title=\"20251219_083345\" data-rl_caption=\"\" title=\"20251219_083345\"><img loading=\"lazy\" decoding=\"async\" class=\" wp-image-11653 alignright\" src=\"https:\/\/www.gs-oepfershausen.de\/wp-content\/uploads\/2026\/01\/20251219_083345-300x135.jpg\" alt=\"\" width=\"384\" height=\"173\" srcset=\"https:\/\/www.gs-oepfershausen.de\/wp-content\/uploads\/2026\/01\/20251219_083345-300x135.jpg 300w, https:\/\/www.gs-oepfershausen.de\/wp-content\/uploads\/2026\/01\/20251219_083345-1024x461.jpg 1024w, https:\/\/www.gs-oepfershausen.de\/wp-content\/uploads\/2026\/01\/20251219_083345-1536x691.jpg 1536w, https:\/\/www.gs-oepfershausen.de\/wp-content\/uploads\/2026\/01\/20251219_083345-2048x922.jpg 2048w\" sizes=\"auto, (max-width: 384px) 100vw, 384px\" \/><img loading=\"lazy\" decoding=\"async\" class=\"alignnone wp-image-11654 size-medium\" src=\"https:\/\/www.gs-oepfershausen.de\/wp-content\/uploads\/2026\/01\/IMG_4342-300x225.jpeg\" alt=\"\" width=\"300\" height=\"225\" srcset=\"https:\/\/www.gs-oepfershausen.de\/wp-content\/uploads\/2026\/01\/IMG_4342-300x225.jpeg 300w, https:\/\/www.gs-oepfershausen.de\/wp-content\/uploads\/2026\/01\/IMG_4342-1024x768.jpeg 1024w, https:\/\/www.gs-oepfershausen.de\/wp-content\/uploads\/2026\/01\/IMG_4342-1536x1152.jpeg 1536w, https:\/\/www.gs-oepfershausen.de\/wp-content\/uploads\/2026\/01\/IMG_4342-2048x1536.jpeg 2048w\" sizes=\"auto, (max-width: 300px) 100vw, 300px\" \/><\/a><\/p>\n<\/div>\n<div class=\"default-style\">\n<hr \/>\n<h3><span style=\"color: #800000;\"><u><em>A<a href=\"https:\/\/www.gs-oepfershausen.de\/wp-content\/uploads\/2025\/12\/IMG_6073-scaled.jpeg\" data-rel=\"lightbox-gallery-RkKcFBYq\" data-rl_title=\"IMG_6073\" data-rl_caption=\"\" title=\"IMG_6073\"><img loading=\"lazy\" decoding=\"async\" class=\"size-medium wp-image-11613 alignleft\" src=\"https:\/\/www.gs-oepfershausen.de\/wp-content\/uploads\/2025\/12\/IMG_6073-225x300.jpeg\" alt=\"\" width=\"225\" height=\"300\" srcset=\"https:\/\/www.gs-oepfershausen.de\/wp-content\/uploads\/2025\/12\/IMG_6073-225x300.jpeg 225w, https:\/\/www.gs-oepfershausen.de\/wp-content\/uploads\/2025\/12\/IMG_6073-768x1024.jpeg 768w, https:\/\/www.gs-oepfershausen.de\/wp-content\/uploads\/2025\/12\/IMG_6073-1152x1536.jpeg 1152w, https:\/\/www.gs-oepfershausen.de\/wp-content\/uploads\/2025\/12\/IMG_6073-1536x2048.jpeg 1536w, https:\/\/www.gs-oepfershausen.de\/wp-content\/uploads\/2025\/12\/IMG_6073-scaled.jpeg 1920w\" sizes=\"auto, (max-width: 225px) 100vw, 225px\" \/><\/a>dventsbesinnung<\/em><\/u><\/span><\/h3>\n<p>Wie in jedem Jahr trafen sich alle Kinder am Morgen in der Turnhalle. Hier wurde, wie auch an dem gerade vergangenen Adventssonntag, wieder die 1., dann die 2. und beim letzten Mal die 3. Kerze auf dem Adventskranz angez\u00fcndet. Bei Gegenspiel, gemeinsamen Gesang und dem Lauschen einer Geschichte konnten sich alle besinnlich auf die Weihnachtszeit einstimmen und frohgelaunt und zugleich ger\u00fchrt in die Woche vor Weihnachten starten.<\/p>\n<\/div>\n<p><a href=\"https:\/\/www.gs-oepfershausen.de\/wp-content\/uploads\/2025\/12\/IMG_6080-scaled.jpeg\" data-rel=\"lightbox-gallery-RkKcFBYq\" data-rl_title=\"IMG_6080\" data-rl_caption=\"\" title=\"IMG_6080\"><img loading=\"lazy\" decoding=\"async\" class=\"wp-image-11614 aligncenter\" src=\"https:\/\/www.gs-oepfershausen.de\/wp-content\/uploads\/2025\/12\/IMG_6080-300x225.jpeg\" alt=\"\" width=\"204\" height=\"153\" srcset=\"https:\/\/www.gs-oepfershausen.de\/wp-content\/uploads\/2025\/12\/IMG_6080-300x225.jpeg 300w, https:\/\/www.gs-oepfershausen.de\/wp-content\/uploads\/2025\/12\/IMG_6080-1024x768.jpeg 1024w, https:\/\/www.gs-oepfershausen.de\/wp-content\/uploads\/2025\/12\/IMG_6080-1536x1152.jpeg 1536w, https:\/\/www.gs-oepfershausen.de\/wp-content\/uploads\/2025\/12\/IMG_6080-2048x1536.jpeg 2048w\" sizes=\"auto, (max-width: 204px) 100vw, 204px\" \/><\/a><\/p>\n<div class=\"default-style\">\n<hr \/>\n<h3><em><strong><span style=\"color: #333300;\"><u>20. Weihnachtsmarkt der Grundschule \u201eAm Hahnberg\u201c<a href=\"https:\/\/www.gs-oepfershausen.de\/wp-content\/uploads\/2025\/11\/1000210219.jpg\" data-rel=\"lightbox-gallery-RkKcFBYq\" data-rl_title=\"1000210219\" data-rl_caption=\"\" title=\"1000210219\"><img loading=\"lazy\" decoding=\"async\" class=\"size-medium wp-image-11581 alignright\" src=\"https:\/\/www.gs-oepfershausen.de\/wp-content\/uploads\/2025\/11\/1000210219-209x300.jpg\" alt=\"\" width=\"209\" height=\"300\" srcset=\"https:\/\/www.gs-oepfershausen.de\/wp-content\/uploads\/2025\/11\/1000210219-209x300.jpg 209w, https:\/\/www.gs-oepfershausen.de\/wp-content\/uploads\/2025\/11\/1000210219-713x1024.jpg 713w, https:\/\/www.gs-oepfershausen.de\/wp-content\/uploads\/2025\/11\/1000210219-1070x1536.jpg 1070w, https:\/\/www.gs-oepfershausen.de\/wp-content\/uploads\/2025\/11\/1000210219.jpg 1426w\" sizes=\"auto, (max-width: 209px) 100vw, 209px\" \/><\/a><br \/>\nJubil\u00e4um war ein voller Erfolg<\/u><\/span><\/strong><\/em><\/h3>\n<p>\u201eAnderen eine Freude bereiten.\u201c Unter diesem Motto stand der 20. Weihnachtsmarkt von Grundschule und F\u00f6rderverein am 2. Adventssamstag in Oepfershausen. Vorausgegangen waren Wochen der Vorbereitung. Eltern der Grundschulkinder hatten wundersch\u00f6ne Weihnachtsdekorationen angefertigt, Eierlik\u00f6r hergestellt und Pl\u00e4tzchen gebacken. Die Kinderg\u00e4rten aus Unterkatz und Oepfershausen, der Kirmesverein sowie einige Privatpersonen hatten ebenfalls St\u00e4nde vorbereitet.<\/p>\n<p><a href=\"https:\/\/www.gs-oepfershausen.de\/wp-content\/uploads\/2025\/12\/IMG-20251206-WA0024.jpg\" data-rel=\"lightbox-gallery-RkKcFBYq\" data-rl_title=\"IMG-20251206-WA0024\" data-rl_caption=\"\" title=\"IMG-20251206-WA0024\"><img loading=\"lazy\" decoding=\"async\" class=\"alignleft wp-image-11607 \" src=\"https:\/\/www.gs-oepfershausen.de\/wp-content\/uploads\/2025\/12\/IMG-20251206-WA0024-225x300.jpg\" alt=\"\" width=\"262\" height=\"349\" srcset=\"https:\/\/www.gs-oepfershausen.de\/wp-content\/uploads\/2025\/12\/IMG-20251206-WA0024-225x300.jpg 225w, https:\/\/www.gs-oepfershausen.de\/wp-content\/uploads\/2025\/12\/IMG-20251206-WA0024-768x1024.jpg 768w, https:\/\/www.gs-oepfershausen.de\/wp-content\/uploads\/2025\/12\/IMG-20251206-WA0024-1152x1536.jpg 1152w, https:\/\/www.gs-oepfershausen.de\/wp-content\/uploads\/2025\/12\/IMG-20251206-WA0024.jpg 1200w\" sizes=\"auto, (max-width: 262px) 100vw, 262px\" \/><\/a>Die Er\u00f6ffnung gestalteten die Kinder der Grundschule. Kein Platz blieb in der Kirche frei, als sie einmarschierten und gemeinsam das Lied \u201eSingen wir im Schein der Kerzen\u201c sangen. Danach folgten Lieder der einzelnen Klassenstufen und das Theaterst\u00fcck vom Nikolaus. Erzieherin Carolin Lawin hatte es selbst geschrieben und auf die Kinder der Theater-AG zugeschnitten. So stellten sich die kleinen Schauspieler im St\u00fcck ihre Nikolausgeschenke vor: ein Handy, ein Reiterhelm, eine PS5 und eben auch eine Taube, die der Junge mit diesem Hobby auch direkt mit in die Kirche gebracht hatte. Neben ihren Geschenken interessierte die Kinder im St\u00fcck dann doch, wer dieser Nikolaus war, dem sie ihre gef\u00fcllten Stiefel zu verdanken hatten. Und so wurde die Zeit zur\u00fcckgedreht und die Geschichte von Nikolaus von Myra gespielt.<\/p>\n<p><a href=\"https:\/\/www.gs-oepfershausen.de\/wp-content\/uploads\/2025\/12\/IMG-20251207-WA0003.jpg\" data-rel=\"lightbox-gallery-RkKcFBYq\" data-rl_title=\"IMG-20251207-WA0003\" data-rl_caption=\"\" title=\"IMG-20251207-WA0003\"><img loading=\"lazy\" decoding=\"async\" class=\"size-medium wp-image-11609 alignright\" src=\"https:\/\/www.gs-oepfershausen.de\/wp-content\/uploads\/2025\/12\/IMG-20251207-WA0003-225x300.jpg\" alt=\"\" width=\"225\" height=\"300\" srcset=\"https:\/\/www.gs-oepfershausen.de\/wp-content\/uploads\/2025\/12\/IMG-20251207-WA0003-225x300.jpg 225w, https:\/\/www.gs-oepfershausen.de\/wp-content\/uploads\/2025\/12\/IMG-20251207-WA0003-768x1024.jpg 768w, https:\/\/www.gs-oepfershausen.de\/wp-content\/uploads\/2025\/12\/IMG-20251207-WA0003-1152x1536.jpg 1152w, https:\/\/www.gs-oepfershausen.de\/wp-content\/uploads\/2025\/12\/IMG-20251207-WA0003.jpg 1536w\" sizes=\"auto, (max-width: 225px) 100vw, 225px\" \/><\/a> <a href=\"https:\/\/www.gs-oepfershausen.de\/wp-content\/uploads\/2025\/12\/IMG-20251207-WA0000.jpg\" data-rel=\"lightbox-gallery-RkKcFBYq\" data-rl_title=\"IMG-20251207-WA0000\" data-rl_caption=\"\" title=\"IMG-20251207-WA0000\"><img loading=\"lazy\" decoding=\"async\" class=\"alignnone wp-image-11608\" src=\"https:\/\/www.gs-oepfershausen.de\/wp-content\/uploads\/2025\/12\/IMG-20251207-WA0000-300x225.jpg\" alt=\"\" width=\"211\" height=\"158\" srcset=\"https:\/\/www.gs-oepfershausen.de\/wp-content\/uploads\/2025\/12\/IMG-20251207-WA0000-300x225.jpg 300w, https:\/\/www.gs-oepfershausen.de\/wp-content\/uploads\/2025\/12\/IMG-20251207-WA0000-1024x768.jpg 1024w, https:\/\/www.gs-oepfershausen.de\/wp-content\/uploads\/2025\/12\/IMG-20251207-WA0000-1536x1152.jpg 1536w, https:\/\/www.gs-oepfershausen.de\/wp-content\/uploads\/2025\/12\/IMG-20251207-WA0000.jpg 2048w\" sizes=\"auto, (max-width: 211px) 100vw, 211px\" \/><\/a><\/p>\n<p>Nach dem Programm eilten die zahlreichen G\u00e4ste in die Kaffeestube im Schwarzen Schloss und konnten es sich bei einem reichhaltigen Kuchenbuffet gut gehen lassen. Im Laufe des Nachmittags wendete sich schlie\u00dflich auch das Wetter zum Guten und die Besucher verweilten lange und zahlreich auf dem Weihnachtsmarkt. Grund daf\u00fcr war f\u00fcr die kleinen G\u00e4ste nat\u00fcrlich auch der Weihnachtsmann, der f\u00fcr jeden etwas mitgebracht hatte. Die Organisatoren des F\u00f6rdervereins und der Grundschule ziehen ein durchweg positives Res\u00fcmee und bedanken sich bei allen Helfern und Unterst\u00fctzern des Weihnachtsmarktes.<\/p>\n\n\t\t<style type=\"text\/css\">\n\t\t\t#gallery-5 {\n\t\t\t\tmargin: auto;\n\t\t\t}\n\t\t\t#gallery-5 .gallery-item {\n\t\t\t\tfloat: left;\n\t\t\t\tmargin-top: 10px;\n\t\t\t\ttext-align: center;\n\t\t\t\twidth: 33%;\n\t\t\t}\n\t\t\t#gallery-5 img {\n\t\t\t\tborder: 2px solid #cfcfcf;\n\t\t\t}\n\t\t\t#gallery-5 .gallery-caption {\n\t\t\t\tmargin-left: 0;\n\t\t\t}\n\t\t\t\/* see gallery_shortcode() in wp-includes\/media.php *\/\n\t\t<\/style>\n\t\t<div id='gallery-5' class='gallery galleryid-11170 gallery-columns-3 gallery-size-thumbnail'><dl class='gallery-item'>\n\t\t\t<dt class='gallery-icon landscape'>\n\t\t\t\t<a href=\"https:\/\/www.gs-oepfershausen.de\/wp-content\/uploads\/2025\/12\/IMG-20251206-WA0004.jpg\" data-rel=\"lightbox-gallery-RkKcFBYq\" data-rl_title=\"IMG-20251206-WA0004\" data-rl_caption=\"\" title=\"IMG-20251206-WA0004\"><img loading=\"lazy\" decoding=\"async\" width=\"150\" height=\"150\" src=\"https:\/\/www.gs-oepfershausen.de\/wp-content\/uploads\/2025\/12\/IMG-20251206-WA0004-150x150.jpg\" class=\"attachment-thumbnail size-thumbnail\" alt=\"\" \/><\/a>\n\t\t\t<\/dt><\/dl><dl class='gallery-item'>\n\t\t\t<dt class='gallery-icon portrait'>\n\t\t\t\t<a href=\"https:\/\/www.gs-oepfershausen.de\/wp-content\/uploads\/2025\/12\/IMG-20251206-WA0019.jpg\" data-rel=\"lightbox-gallery-RkKcFBYq\" data-rl_title=\"IMG-20251206-WA0019\" data-rl_caption=\"\" title=\"IMG-20251206-WA0019\"><img loading=\"lazy\" decoding=\"async\" width=\"150\" height=\"150\" src=\"https:\/\/www.gs-oepfershausen.de\/wp-content\/uploads\/2025\/12\/IMG-20251206-WA0019-150x150.jpg\" class=\"attachment-thumbnail size-thumbnail\" alt=\"\" \/><\/a>\n\t\t\t<\/dt><\/dl><dl class='gallery-item'>\n\t\t\t<dt class='gallery-icon portrait'>\n\t\t\t\t<a href=\"https:\/\/www.gs-oepfershausen.de\/wp-content\/uploads\/2025\/12\/IMG-20251206-WA0018.jpg\" data-rel=\"lightbox-gallery-RkKcFBYq\" data-rl_title=\"IMG-20251206-WA0018\" data-rl_caption=\"\" title=\"IMG-20251206-WA0018\"><img loading=\"lazy\" decoding=\"async\" width=\"150\" height=\"150\" src=\"https:\/\/www.gs-oepfershausen.de\/wp-content\/uploads\/2025\/12\/IMG-20251206-WA0018-150x150.jpg\" class=\"attachment-thumbnail size-thumbnail\" alt=\"\" \/><\/a>\n\t\t\t<\/dt><\/dl><br style=\"clear: both\" \/><dl class='gallery-item'>\n\t\t\t<dt class='gallery-icon portrait'>\n\t\t\t\t<a href=\"https:\/\/www.gs-oepfershausen.de\/wp-content\/uploads\/2025\/12\/IMG-20251206-WA0015.jpg\" data-rel=\"lightbox-gallery-RkKcFBYq\" data-rl_title=\"IMG-20251206-WA0015\" data-rl_caption=\"\" title=\"IMG-20251206-WA0015\"><img loading=\"lazy\" decoding=\"async\" width=\"150\" height=\"150\" src=\"https:\/\/www.gs-oepfershausen.de\/wp-content\/uploads\/2025\/12\/IMG-20251206-WA0015-150x150.jpg\" class=\"attachment-thumbnail size-thumbnail\" alt=\"\" \/><\/a>\n\t\t\t<\/dt><\/dl><dl class='gallery-item'>\n\t\t\t<dt class='gallery-icon landscape'>\n\t\t\t\t<a href=\"https:\/\/www.gs-oepfershausen.de\/wp-content\/uploads\/2025\/12\/IMG-20251206-WA0008.jpg\" data-rel=\"lightbox-gallery-RkKcFBYq\" data-rl_title=\"IMG-20251206-WA0008\" data-rl_caption=\"\" title=\"IMG-20251206-WA0008\"><img loading=\"lazy\" decoding=\"async\" width=\"150\" height=\"150\" src=\"https:\/\/www.gs-oepfershausen.de\/wp-content\/uploads\/2025\/12\/IMG-20251206-WA0008-150x150.jpg\" class=\"attachment-thumbnail size-thumbnail\" alt=\"\" \/><\/a>\n\t\t\t<\/dt><\/dl>\n\t\t\t<br style='clear: both' \/>\n\t\t<\/div>\n\n<\/div>\n<p>&nbsp;<\/p>\n<hr \/>\n<h3><span style=\"color: #993366;\"><strong><em><u>Weihnachtsm\u00e4rchen im Meininger Theater<\/u><\/em><\/strong><\/span><\/h3>\n<p><a href=\"https:\/\/www.gs-oepfershausen.de\/wp-content\/uploads\/2025\/12\/IMG_5747-scaled.jpeg\" data-rel=\"lightbox-gallery-RkKcFBYq\" data-rl_title=\"IMG_5747\" data-rl_caption=\"\" title=\"IMG_5747\"><img loading=\"lazy\" decoding=\"async\" class=\"size-medium wp-image-11633 alignleft\" src=\"https:\/\/www.gs-oepfershausen.de\/wp-content\/uploads\/2025\/12\/IMG_5747-278x300.jpeg\" alt=\"\" width=\"278\" height=\"300\" srcset=\"https:\/\/www.gs-oepfershausen.de\/wp-content\/uploads\/2025\/12\/IMG_5747-278x300.jpeg 278w, https:\/\/www.gs-oepfershausen.de\/wp-content\/uploads\/2025\/12\/IMG_5747-949x1024.jpeg 949w, https:\/\/www.gs-oepfershausen.de\/wp-content\/uploads\/2025\/12\/IMG_5747-1424x1536.jpeg 1424w, https:\/\/www.gs-oepfershausen.de\/wp-content\/uploads\/2025\/12\/IMG_5747-1899x2048.jpeg 1899w\" sizes=\"auto, (max-width: 278px) 100vw, 278px\" \/><\/a><\/p>\n<p>Am 13.11, \u00a014.11 und \u00a017.11.2025 besuchten die Kinder unserer Schule das Meininger Theater und schauten sich dort \u201eDie Weihnachtsgeschichte\u201c an. Die Geschichte stimmte alle wunderbar auf die Weihnachtszeit ein und sorgte f\u00fcr viele strahlende Gesichter. Es waren \u00a0rundum gelungene und sch\u00f6ne Tage f\u00fcr alle Kinder, Lehrer und Erzieher.<\/p>\n<p><span style=\"color: #ffffff;\">.<a href=\"https:\/\/www.gs-oepfershausen.de\/wp-content\/uploads\/2025\/12\/IMG_5754-scaled.jpeg\" data-rel=\"lightbox-gallery-RkKcFBYq\" data-rl_title=\"IMG_5754\" data-rl_caption=\"\" title=\"IMG_5754\"><img loading=\"lazy\" decoding=\"async\" class=\" wp-image-11634 alignright\" src=\"https:\/\/www.gs-oepfershausen.de\/wp-content\/uploads\/2025\/12\/IMG_5754-300x225.jpeg\" alt=\"\" width=\"259\" height=\"194\" srcset=\"https:\/\/www.gs-oepfershausen.de\/wp-content\/uploads\/2025\/12\/IMG_5754-300x225.jpeg 300w, https:\/\/www.gs-oepfershausen.de\/wp-content\/uploads\/2025\/12\/IMG_5754-1024x768.jpeg 1024w, https:\/\/www.gs-oepfershausen.de\/wp-content\/uploads\/2025\/12\/IMG_5754-1536x1152.jpeg 1536w, https:\/\/www.gs-oepfershausen.de\/wp-content\/uploads\/2025\/12\/IMG_5754-2048x1536.jpeg 2048w\" sizes=\"auto, (max-width: 259px) 100vw, 259px\" \/><\/a><\/span><\/p>\n<p><span style=\"color: #ffffff;\">.<\/span><a href=\"https:\/\/www.gs-oepfershausen.de\/wp-content\/uploads\/2025\/12\/IMG_5742.jpeg\" data-rel=\"lightbox-gallery-RkKcFBYq\" data-rl_title=\"IMG_5742\" data-rl_caption=\"\" title=\"IMG_5742\"><img loading=\"lazy\" decoding=\"async\" class=\"alignnone wp-image-11632\" src=\"https:\/\/www.gs-oepfershausen.de\/wp-content\/uploads\/2025\/12\/IMG_5742-300x225.jpeg\" alt=\"\" width=\"197\" height=\"148\" srcset=\"https:\/\/www.gs-oepfershausen.de\/wp-content\/uploads\/2025\/12\/IMG_5742-300x225.jpeg 300w, https:\/\/www.gs-oepfershausen.de\/wp-content\/uploads\/2025\/12\/IMG_5742-1024x768.jpeg 1024w, https:\/\/www.gs-oepfershausen.de\/wp-content\/uploads\/2025\/12\/IMG_5742-1536x1152.jpeg 1536w, https:\/\/www.gs-oepfershausen.de\/wp-content\/uploads\/2025\/12\/IMG_5742-2048x1536.jpeg 2048w\" sizes=\"auto, (max-width: 197px) 100vw, 197px\" \/><\/a><\/p>\n<p><span style=\"color: #ffffff;\">.<\/span><\/p>\n<p><span style=\"color: #ffffff;\">.<\/span><\/p>\n<div class=\"default-style\">\n<hr \/>\n<h3><\/h3>\n<h3><span style=\"color: #ff0000;\"><strong><em><u>Weihnachten im Schuhkarton<\/u><\/em><\/strong><\/span><\/h3>\n<\/div>\n<div class=\"default-style\">Fast<a href=\"https:\/\/www.gs-oepfershausen.de\/wp-content\/uploads\/2025\/12\/20251106_154000-scaled.jpg\" data-rel=\"lightbox-gallery-RkKcFBYq\" data-rl_title=\"20251106_154000\" data-rl_caption=\"\" title=\"20251106_154000\"><img loading=\"lazy\" decoding=\"async\" class=\" wp-image-11586 alignleft\" src=\"https:\/\/www.gs-oepfershausen.de\/wp-content\/uploads\/2025\/12\/20251106_154000-300x162.jpg\" alt=\"\" width=\"204\" height=\"110\" srcset=\"https:\/\/www.gs-oepfershausen.de\/wp-content\/uploads\/2025\/12\/20251106_154000-300x162.jpg 300w, https:\/\/www.gs-oepfershausen.de\/wp-content\/uploads\/2025\/12\/20251106_154000-1024x552.jpg 1024w, https:\/\/www.gs-oepfershausen.de\/wp-content\/uploads\/2025\/12\/20251106_154000-1536x828.jpg 1536w, https:\/\/www.gs-oepfershausen.de\/wp-content\/uploads\/2025\/12\/20251106_154000-2048x1105.jpg 2048w\" sizes=\"auto, (max-width: 204px) 100vw, 204px\" \/><\/a> 50 Pakete kamen auch in diesem Jahr wieder zusammen. Stolz pr\u00e4sentierten die Grundsch\u00fcler ihre liebevoll gepackten Geschenke. Die Sammelstelle im Wasunger Pfarramt schickte diese mit anderen in die Welt, um bed\u00fcrftigen Kindern eine Freude zu bereiten.<\/div>\n<div class=\"default-style\"><a href=\"https:\/\/www.gs-oepfershausen.de\/wp-content\/uploads\/2025\/12\/20251112_113831-scaled.jpg\" data-rel=\"lightbox-gallery-RkKcFBYq\" data-rl_title=\"20251112_113831\" data-rl_caption=\"\" title=\"20251112_113831\"><img loading=\"lazy\" decoding=\"async\" class=\"size-medium wp-image-11587 alignright\" src=\"https:\/\/www.gs-oepfershausen.de\/wp-content\/uploads\/2025\/12\/20251112_113831-300x135.jpg\" alt=\"\" width=\"300\" height=\"135\" srcset=\"https:\/\/www.gs-oepfershausen.de\/wp-content\/uploads\/2025\/12\/20251112_113831-300x135.jpg 300w, https:\/\/www.gs-oepfershausen.de\/wp-content\/uploads\/2025\/12\/20251112_113831-1024x461.jpg 1024w, https:\/\/www.gs-oepfershausen.de\/wp-content\/uploads\/2025\/12\/20251112_113831-1536x691.jpg 1536w, https:\/\/www.gs-oepfershausen.de\/wp-content\/uploads\/2025\/12\/20251112_113831-2048x922.jpg 2048w\" sizes=\"auto, (max-width: 300px) 100vw, 300px\" \/><\/a><span style=\"color: #ffffff;\">.<\/span><\/div>\n<div><span style=\"color: #ffffff;\">.<\/span><\/div>\n<div><\/div>\n<div class=\"default-style\">Unsere Grundschule beteiligt sich nun schon seit mehr als zehn Jahren an dieser Weihnachtsaktion.<br \/>\n<span style=\"color: #ffffff;\">.<\/span><\/div>\n<div class=\"default-style\">Auch in diesem Jahr ist sie eines der H\u00f6hepunkte, die den Schulalltag vor Weihnachten so besonders machen.<\/div>\n<div><span style=\"color: #ffffff;\">.<\/span><\/div>\n<hr \/>\n<div class=\"default-style\">\n<h3><span style=\"color: #003366;\"><strong><em><u>Fu\u00dfg\u00e4ngerausbildung mit Adacus vom ADAC<\/u><\/em><\/strong><\/span><\/h3>\n<p>Am 3. September 2025 fand das Programm \u201eAufgepasst mit Adacus\u201c bei unseren Kleinsten statt. Spielerisch lernten die Kinder dabei wichtiges Verhalten im Stra\u00dfenverkehr kennen und durften selbst aktiv \u00fcben. Ein lehrreicher Tag, der unsere jungen Verkehrsteilnehmer ein gro\u00dfes St\u00fcck sicherer machte.<\/p>\n<p><a href=\"https:\/\/www.gs-oepfershausen.de\/wp-content\/uploads\/2025\/12\/IMG_4463-scaled.jpeg\" data-rel=\"lightbox-gallery-RkKcFBYq\" data-rl_title=\"IMG_4463\" data-rl_caption=\"\" title=\"IMG_4463\"><img loading=\"lazy\" decoding=\"async\" class=\"alignnone size-medium wp-image-11641\" src=\"https:\/\/www.gs-oepfershausen.de\/wp-content\/uploads\/2025\/12\/IMG_4463-300x191.jpeg\" alt=\"\" width=\"300\" height=\"191\" srcset=\"https:\/\/www.gs-oepfershausen.de\/wp-content\/uploads\/2025\/12\/IMG_4463-300x191.jpeg 300w, https:\/\/www.gs-oepfershausen.de\/wp-content\/uploads\/2025\/12\/IMG_4463-1024x652.jpeg 1024w, https:\/\/www.gs-oepfershausen.de\/wp-content\/uploads\/2025\/12\/IMG_4463-1536x979.jpeg 1536w, https:\/\/www.gs-oepfershausen.de\/wp-content\/uploads\/2025\/12\/IMG_4463-2048x1305.jpeg 2048w\" sizes=\"auto, (max-width: 300px) 100vw, 300px\" \/><\/a> <a href=\"https:\/\/www.gs-oepfershausen.de\/wp-content\/uploads\/2025\/12\/IMG_4470-scaled.jpeg\" data-rel=\"lightbox-gallery-RkKcFBYq\" data-rl_title=\"IMG_4470\" data-rl_caption=\"\" title=\"IMG_4470\"><img loading=\"lazy\" decoding=\"async\" class=\"alignnone size-medium wp-image-11642\" src=\"https:\/\/www.gs-oepfershausen.de\/wp-content\/uploads\/2025\/12\/IMG_4470-225x300.jpeg\" alt=\"\" width=\"225\" height=\"300\" srcset=\"https:\/\/www.gs-oepfershausen.de\/wp-content\/uploads\/2025\/12\/IMG_4470-225x300.jpeg 225w, https:\/\/www.gs-oepfershausen.de\/wp-content\/uploads\/2025\/12\/IMG_4470-768x1024.jpeg 768w, https:\/\/www.gs-oepfershausen.de\/wp-content\/uploads\/2025\/12\/IMG_4470-1152x1536.jpeg 1152w, https:\/\/www.gs-oepfershausen.de\/wp-content\/uploads\/2025\/12\/IMG_4470-1536x2048.jpeg 1536w, https:\/\/www.gs-oepfershausen.de\/wp-content\/uploads\/2025\/12\/IMG_4470-scaled.jpeg 1920w\" sizes=\"auto, (max-width: 225px) 100vw, 225px\" \/><\/a><\/p>\n<hr \/>\n<\/div>\n<h3><span style=\"color: #800000;\"><strong><em><u>Mit Unterst\u00fctzung der Grundschule w\u00e4chst der Wildkatzenwald<\/u><\/em><\/strong><\/span><\/h3>\n<p style=\"font-weight: 400;\">Zum zweiten Mal beteiligten sich Eltern und Kinder der Wasunger Grundschule an einer Pflanzaktion des BUND in Zusammenarbeit mit Stadtf\u00f6rster Andreas W\u00fcstenhagen und stellten den Gro\u00dfteil der ehrenamtlichen Helfer.<a href=\"https:\/\/www.gs-oepfershausen.de\/wp-content\/uploads\/2025\/11\/20251025_105708-scaled.jpg\" data-rel=\"lightbox-gallery-RkKcFBYq\" data-rl_title=\"20251025_105708\" data-rl_caption=\"\" title=\"20251025_105708\"><img loading=\"lazy\" decoding=\"async\" class=\"size-medium wp-image-11553 alignleft\" src=\"https:\/\/www.gs-oepfershausen.de\/wp-content\/uploads\/2025\/11\/20251025_105708-300x135.jpg\" alt=\"\" width=\"300\" height=\"135\" srcset=\"https:\/\/www.gs-oepfershausen.de\/wp-content\/uploads\/2025\/11\/20251025_105708-300x135.jpg 300w, https:\/\/www.gs-oepfershausen.de\/wp-content\/uploads\/2025\/11\/20251025_105708-1024x461.jpg 1024w, https:\/\/www.gs-oepfershausen.de\/wp-content\/uploads\/2025\/11\/20251025_105708-1536x691.jpg 1536w, https:\/\/www.gs-oepfershausen.de\/wp-content\/uploads\/2025\/11\/20251025_105708-2048x922.jpg 2048w\" sizes=\"auto, (max-width: 300px) 100vw, 300px\" \/><\/a><a href=\"https:\/\/www.gs-oepfershausen.de\/wp-content\/uploads\/2025\/11\/1-scaled.jpg\" data-rel=\"lightbox-gallery-RkKcFBYq\" data-rl_title=\"1\" data-rl_caption=\"\" title=\"1\"><img loading=\"lazy\" decoding=\"async\" class=\" wp-image-11552 alignright\" src=\"https:\/\/www.gs-oepfershausen.de\/wp-content\/uploads\/2025\/11\/1-300x270.jpg\" alt=\"\" width=\"218\" height=\"196\" srcset=\"https:\/\/www.gs-oepfershausen.de\/wp-content\/uploads\/2025\/11\/1-300x270.jpg 300w, https:\/\/www.gs-oepfershausen.de\/wp-content\/uploads\/2025\/11\/1-1024x923.jpg 1024w, https:\/\/www.gs-oepfershausen.de\/wp-content\/uploads\/2025\/11\/1-1536x1385.jpg 1536w, https:\/\/www.gs-oepfershausen.de\/wp-content\/uploads\/2025\/11\/1-2048x1847.jpg 2048w\" sizes=\"auto, (max-width: 218px) 100vw, 218px\" \/><\/a><\/p>\n<p style=\"font-weight: 400;\">380 B\u00e4ume und Str\u00e4ucher, darunter L\u00e4rche, Bergahorn, Wei\u00dftanne und Roter Hartriegel wurden auf der Fl\u00e4che nahe des Ortsteils Unterkatz in die Erde gebracht. <a href=\"https:\/\/www.gs-oepfershausen.de\/wp-content\/uploads\/2025\/11\/20251025_130244-scaled.jpg\" data-rel=\"lightbox-gallery-RkKcFBYq\" data-rl_title=\"20251025_130244\" data-rl_caption=\"\" title=\"20251025_130244\"><img loading=\"lazy\" decoding=\"async\" class=\"size-medium wp-image-11554 alignleft\" src=\"https:\/\/www.gs-oepfershausen.de\/wp-content\/uploads\/2025\/11\/20251025_130244-135x300.jpg\" alt=\"\" width=\"135\" height=\"300\" srcset=\"https:\/\/www.gs-oepfershausen.de\/wp-content\/uploads\/2025\/11\/20251025_130244-135x300.jpg 135w, https:\/\/www.gs-oepfershausen.de\/wp-content\/uploads\/2025\/11\/20251025_130244-461x1024.jpg 461w, https:\/\/www.gs-oepfershausen.de\/wp-content\/uploads\/2025\/11\/20251025_130244-691x1536.jpg 691w, https:\/\/www.gs-oepfershausen.de\/wp-content\/uploads\/2025\/11\/20251025_130244-922x2048.jpg 922w, https:\/\/www.gs-oepfershausen.de\/wp-content\/uploads\/2025\/11\/20251025_130244-scaled.jpg 1152w\" sizes=\"auto, (max-width: 135px) 100vw, 135px\" \/><\/a>Um die kleinen B\u00e4ume zu sch\u00fctzen, musste zus\u00e4tzlich ein Schutzzaun um jede Pflanze angebracht werden. Insgesamt gut vier Stunden waren die ehrenamtlichen Helfer t\u00e4tig. Maria Winkler vom BUND hatte f\u00fcr alle eine St\u00e4rkung sowie hei\u00dfen Tee und Kaffee zum Aufw\u00e4rmen vorbereitet.<\/p>\n<p>&nbsp;<\/p>\n<p style=\"font-weight: 400;\">Das Tagesergebnis konnte sich am Ende sehen lassen. Nun bleibt zu hoffen, dass die Setzlinge mit den Jahren zu B\u00e4umen heranwachsen, um der Wildkatze in unseren W\u00e4ldern einen Lebensraum zu bieten. Diese bevorzugt einen artenreichen Mischwald mit ausgepr\u00e4gtem Strauchsaum am Waldrand und Totholz.<a href=\"https:\/\/www.gs-oepfershausen.de\/wp-content\/uploads\/2025\/11\/20251025_121643-1-scaled.jpg\" data-rel=\"lightbox-gallery-RkKcFBYq\" data-rl_title=\"20251025_121643\" data-rl_caption=\"\" title=\"20251025_121643\"><img loading=\"lazy\" decoding=\"async\" class=\"size-medium wp-image-11558 alignright\" src=\"https:\/\/www.gs-oepfershausen.de\/wp-content\/uploads\/2025\/11\/20251025_121643-1-300x135.jpg\" alt=\"\" width=\"300\" height=\"135\" srcset=\"https:\/\/www.gs-oepfershausen.de\/wp-content\/uploads\/2025\/11\/20251025_121643-1-300x135.jpg 300w, https:\/\/www.gs-oepfershausen.de\/wp-content\/uploads\/2025\/11\/20251025_121643-1-1024x461.jpg 1024w, https:\/\/www.gs-oepfershausen.de\/wp-content\/uploads\/2025\/11\/20251025_121643-1-1536x691.jpg 1536w, https:\/\/www.gs-oepfershausen.de\/wp-content\/uploads\/2025\/11\/20251025_121643-1-2048x922.jpg 2048w\" sizes=\"auto, (max-width: 300px) 100vw, 300px\" \/><\/a><\/p>\n<p>&nbsp;<\/p>\n<p>&nbsp;<\/p>\n<p>&nbsp;<\/p>\n<p>&nbsp;<\/p>\n<p style=\"font-weight: 400;\">Auch die 2026 geplante Pflanzaktion des BUND wird wieder mit Helfern aus den Reihen der Biosph\u00e4ren- und Nachhaltigkeitsschule \u201eAm Hahnberg\u201c rechnen k\u00f6nnen.<\/p>\n<hr \/>\n<h3><strong><em><span style=\"color: #800000;\"><u>Gro\u00dfeinsatz auf dem Schulgel\u00e4nde der Hahnbergschule<\/u><\/span><\/em><\/strong><\/h3>\n<p><a href=\"https:\/\/www.gs-oepfershausen.de\/wp-content\/uploads\/2026\/01\/20250927_092552-scaled.jpg\" data-rel=\"lightbox-gallery-RkKcFBYq\" data-rl_title=\"20250927_092552\" data-rl_caption=\"\" title=\"20250927_092552\"><img loading=\"lazy\" decoding=\"async\" class=\"size-medium wp-image-11738 alignleft\" src=\"https:\/\/www.gs-oepfershausen.de\/wp-content\/uploads\/2026\/01\/20250927_092552-300x135.jpg\" alt=\"\" width=\"300\" height=\"135\" srcset=\"https:\/\/www.gs-oepfershausen.de\/wp-content\/uploads\/2026\/01\/20250927_092552-300x135.jpg 300w, https:\/\/www.gs-oepfershausen.de\/wp-content\/uploads\/2026\/01\/20250927_092552-1024x461.jpg 1024w, https:\/\/www.gs-oepfershausen.de\/wp-content\/uploads\/2026\/01\/20250927_092552-1536x691.jpg 1536w, https:\/\/www.gs-oepfershausen.de\/wp-content\/uploads\/2026\/01\/20250927_092552-2048x922.jpg 2048w\" sizes=\"auto, (max-width: 300px) 100vw, 300px\" \/><\/a>Zu einem Arbeitseinsatz auf dem Schulgel\u00e4nde hatte der F\u00f6rderverein der Grundschule \u201eAm Hahnberg\u201c zum Ende des letzten Jahres aufgerufen. Die Beteiligung und das Ergebnis \u00fcbertrafen alle Erwartungen. B\u00e4nke wurden gebaut und aufgestellt, der Eingangsbereich gestaltet, der Teich ges\u00e4ubert und kleine Schutzz\u00e4une um die zahlreichen Str\u00e4ucher und B\u00e4ume auf dem Schulgel\u00e4nde angebracht. <a href=\"https:\/\/www.gs-oepfershausen.de\/wp-content\/uploads\/2026\/01\/20250927_095439-scaled.jpg\" data-rel=\"lightbox-gallery-RkKcFBYq\" data-rl_title=\"20250927_095439\" data-rl_caption=\"\" title=\"20250927_095439\"><img loading=\"lazy\" decoding=\"async\" class=\"size-medium wp-image-11739 alignright\" src=\"https:\/\/www.gs-oepfershausen.de\/wp-content\/uploads\/2026\/01\/20250927_095439-135x300.jpg\" alt=\"\" width=\"135\" height=\"300\" srcset=\"https:\/\/www.gs-oepfershausen.de\/wp-content\/uploads\/2026\/01\/20250927_095439-135x300.jpg 135w, https:\/\/www.gs-oepfershausen.de\/wp-content\/uploads\/2026\/01\/20250927_095439-461x1024.jpg 461w, https:\/\/www.gs-oepfershausen.de\/wp-content\/uploads\/2026\/01\/20250927_095439-691x1536.jpg 691w, https:\/\/www.gs-oepfershausen.de\/wp-content\/uploads\/2026\/01\/20250927_095439-922x2048.jpg 922w, https:\/\/www.gs-oepfershausen.de\/wp-content\/uploads\/2026\/01\/20250927_095439-scaled.jpg 1152w\" sizes=\"auto, (max-width: 135px) 100vw, 135px\" \/><\/a><\/p>\n<p>Ein Team \u00fcbernahm das Streichen des Spielger\u00e4tes, andere Helfer arbeiteten an den neuen Stufen f\u00fcr die Hangrutsche und wieder andere Eltern waren beim Bau eines festen Geheges f\u00fcr die Schulh\u00fchner besch\u00e4ftigt.<\/p>\n<p><a href=\"https:\/\/www.gs-oepfershausen.de\/wp-content\/uploads\/2026\/01\/20250927_143746-scaled.jpg\" data-rel=\"lightbox-gallery-RkKcFBYq\" data-rl_title=\"20250927_143746\" data-rl_caption=\"\" title=\"20250927_143746\"><img loading=\"lazy\" decoding=\"async\" class=\"size-medium wp-image-11742 aligncenter\" src=\"https:\/\/www.gs-oepfershausen.de\/wp-content\/uploads\/2026\/01\/20250927_143746-300x135.jpg\" alt=\"\" width=\"300\" height=\"135\" srcset=\"https:\/\/www.gs-oepfershausen.de\/wp-content\/uploads\/2026\/01\/20250927_143746-300x135.jpg 300w, https:\/\/www.gs-oepfershausen.de\/wp-content\/uploads\/2026\/01\/20250927_143746-1024x461.jpg 1024w, https:\/\/www.gs-oepfershausen.de\/wp-content\/uploads\/2026\/01\/20250927_143746-1536x691.jpg 1536w, https:\/\/www.gs-oepfershausen.de\/wp-content\/uploads\/2026\/01\/20250927_143746-2048x922.jpg 2048w\" sizes=\"auto, (max-width: 300px) 100vw, 300px\" \/><\/a><\/p>\n<p>Zwei Seiteneing\u00e4nge wurden f\u00fcr Pflasterarbeiten vorbereitet und der Barfu\u00dfweg konnte mit Naturmaterialien neu gestaltet werden.<\/p>\n<p><a href=\"https:\/\/www.gs-oepfershausen.de\/wp-content\/uploads\/2026\/01\/20250927_083911-scaled.jpg\" data-rel=\"lightbox-gallery-RkKcFBYq\" data-rl_title=\"20250927_083911\" data-rl_caption=\"\" title=\"20250927_083911\"><img loading=\"lazy\" decoding=\"async\" class=\"size-medium wp-image-11736 alignleft\" src=\"https:\/\/www.gs-oepfershausen.de\/wp-content\/uploads\/2026\/01\/20250927_083911-135x300.jpg\" alt=\"\" width=\"135\" height=\"300\" srcset=\"https:\/\/www.gs-oepfershausen.de\/wp-content\/uploads\/2026\/01\/20250927_083911-135x300.jpg 135w, https:\/\/www.gs-oepfershausen.de\/wp-content\/uploads\/2026\/01\/20250927_083911-461x1024.jpg 461w, https:\/\/www.gs-oepfershausen.de\/wp-content\/uploads\/2026\/01\/20250927_083911-691x1536.jpg 691w, https:\/\/www.gs-oepfershausen.de\/wp-content\/uploads\/2026\/01\/20250927_083911-922x2048.jpg 922w, https:\/\/www.gs-oepfershausen.de\/wp-content\/uploads\/2026\/01\/20250927_083911-scaled.jpg 1152w\" sizes=\"auto, (max-width: 135px) 100vw, 135px\" \/><\/a><\/p>\n<p>\u00dcber 30 Erwachsene und an die 20 Kinder waren an diesem Samstagvormittag auf dem Schulgel\u00e4nde besch\u00e4ftigt und werteten das Au\u00dfengel\u00e4nde f\u00fcr die Schulkinder auf. Der Vorstand des F\u00f6rdervereins und Schulleiterin Nicole Kirchner danken allen Helfern f\u00fcr ihren Einsatz.<\/p>\n<p><a href=\"https:\/\/www.gs-oepfershausen.de\/wp-content\/uploads\/2026\/01\/20250927_105749-scaled.jpg\" data-rel=\"lightbox-gallery-RkKcFBYq\" data-rl_title=\"20250927_105749\" data-rl_caption=\"\" title=\"20250927_105749\"><img loading=\"lazy\" decoding=\"async\" class=\"alignnone size-medium wp-image-11741\" src=\"https:\/\/www.gs-oepfershausen.de\/wp-content\/uploads\/2026\/01\/20250927_105749-300x135.jpg\" alt=\"\" width=\"300\" height=\"135\" srcset=\"https:\/\/www.gs-oepfershausen.de\/wp-content\/uploads\/2026\/01\/20250927_105749-300x135.jpg 300w, https:\/\/www.gs-oepfershausen.de\/wp-content\/uploads\/2026\/01\/20250927_105749-1024x461.jpg 1024w, https:\/\/www.gs-oepfershausen.de\/wp-content\/uploads\/2026\/01\/20250927_105749-1536x691.jpg 1536w, https:\/\/www.gs-oepfershausen.de\/wp-content\/uploads\/2026\/01\/20250927_105749-2048x922.jpg 2048w\" sizes=\"auto, (max-width: 300px) 100vw, 300px\" \/><\/a> <a href=\"https:\/\/www.gs-oepfershausen.de\/wp-content\/uploads\/2026\/01\/20250927_102654-scaled.jpg\" data-rel=\"lightbox-gallery-RkKcFBYq\" data-rl_title=\"20250927_102654\" data-rl_caption=\"\" title=\"20250927_102654\"><img loading=\"lazy\" decoding=\"async\" class=\"alignnone size-medium wp-image-11740\" src=\"https:\/\/www.gs-oepfershausen.de\/wp-content\/uploads\/2026\/01\/20250927_102654-300x135.jpg\" alt=\"\" width=\"300\" height=\"135\" srcset=\"https:\/\/www.gs-oepfershausen.de\/wp-content\/uploads\/2026\/01\/20250927_102654-300x135.jpg 300w, https:\/\/www.gs-oepfershausen.de\/wp-content\/uploads\/2026\/01\/20250927_102654-1024x461.jpg 1024w, https:\/\/www.gs-oepfershausen.de\/wp-content\/uploads\/2026\/01\/20250927_102654-1536x691.jpg 1536w, https:\/\/www.gs-oepfershausen.de\/wp-content\/uploads\/2026\/01\/20250927_102654-2048x922.jpg 2048w\" sizes=\"auto, (max-width: 300px) 100vw, 300px\" \/><\/a><\/p>\n<p>&nbsp;<\/p>\n<p>Ein besonderer Dank gilt den Firmen Konzept Bau Oberma\u00dffeld GmbH und Nothnagel D\u00e4mm &#8211; und Systembaustoffhandel GmbH aus Wasungen f\u00fcr die Unterst\u00fctzung mit Technik und Material.<\/p>\n<hr \/>\n<h3><strong><em><span style=\"color: #99cc00;\"><u>Viele \u00c4pfel, viele H\u00e4nde und fr\u00f6hliche Kinder<\/u><\/span><\/em><\/strong><\/h3>\n<p style=\"font-weight: 400;\"><a href=\"https:\/\/www.gs-oepfershausen.de\/wp-content\/uploads\/2025\/11\/20251023_164247-scaled.jpg\" data-rel=\"lightbox-gallery-RkKcFBYq\" data-rl_title=\"20251023_164247\" data-rl_caption=\"\" title=\"20251023_164247\"><img loading=\"lazy\" decoding=\"async\" class=\"size-medium wp-image-11540 alignleft\" src=\"https:\/\/www.gs-oepfershausen.de\/wp-content\/uploads\/2025\/11\/20251023_164247-300x135.jpg\" alt=\"\" width=\"300\" height=\"135\" srcset=\"https:\/\/www.gs-oepfershausen.de\/wp-content\/uploads\/2025\/11\/20251023_164247-300x135.jpg 300w, https:\/\/www.gs-oepfershausen.de\/wp-content\/uploads\/2025\/11\/20251023_164247-1024x461.jpg 1024w, https:\/\/www.gs-oepfershausen.de\/wp-content\/uploads\/2025\/11\/20251023_164247-1536x691.jpg 1536w, https:\/\/www.gs-oepfershausen.de\/wp-content\/uploads\/2025\/11\/20251023_164247-2048x922.jpg 2048w\" sizes=\"auto, (max-width: 300px) 100vw, 300px\" \/><\/a>Das Apfeljahr 2025 brachte den Sch\u00fclerinnen und Sch\u00fclern zwei ereignisreiche Tage. <a href=\"https:\/\/www.gs-oepfershausen.de\/wp-content\/uploads\/2025\/11\/20251023_164216-scaled.jpg\" data-rel=\"lightbox-gallery-RkKcFBYq\" data-rl_title=\"20251023_164216\" data-rl_caption=\"\" title=\"20251023_164216\"><img loading=\"lazy\" decoding=\"async\" class=\"size-medium wp-image-11539 alignright\" src=\"https:\/\/www.gs-oepfershausen.de\/wp-content\/uploads\/2025\/11\/20251023_164216-300x135.jpg\" alt=\"\" width=\"300\" height=\"135\" srcset=\"https:\/\/www.gs-oepfershausen.de\/wp-content\/uploads\/2025\/11\/20251023_164216-300x135.jpg 300w, https:\/\/www.gs-oepfershausen.de\/wp-content\/uploads\/2025\/11\/20251023_164216-1024x461.jpg 1024w, https:\/\/www.gs-oepfershausen.de\/wp-content\/uploads\/2025\/11\/20251023_164216-1536x691.jpg 1536w, https:\/\/www.gs-oepfershausen.de\/wp-content\/uploads\/2025\/11\/20251023_164216-2048x922.jpg 2048w\" sizes=\"auto, (max-width: 300px) 100vw, 300px\" \/><\/a><\/p>\n<p>&nbsp;<\/p>\n<p style=\"font-weight: 400;\">In einer Aktion mit zahlreichen Eltern und Kindern wurde nachmittags im Sortengarten D\u00f6rrensolz das reichlich vorhandene Obst geerntet. Seit vielen Jahren besteht hier eine gute Zusammenarbeit mit dem Landschaftspflegeverband, der die Biosph\u00e4ren- und Nachhaltigkeitsschule bei Projekten und in der Umweltbildung unterst\u00fctzt. Ganz nach dem Motto \u201eViele H\u00e4nde \u2013 schnelles Ende\u201c waren innerhalb einer Stunde die \u00c4pfel geerntet, von denen besonders alte Sorten auf der Steuobstwiese ihr Zuhause haben. F\u00fcr die Grundsch\u00fcler, ihre Geschwister, Eltern und Gro\u00dfeltern war die Arbeit an der frischen Luft mit Spa\u00df und guten Gespr\u00e4chen verbunden. Das Ergebnis konnte sich sehen lassen.<\/p>\n\n\t\t<style type=\"text\/css\">\n\t\t\t#gallery-6 {\n\t\t\t\tmargin: auto;\n\t\t\t}\n\t\t\t#gallery-6 .gallery-item {\n\t\t\t\tfloat: left;\n\t\t\t\tmargin-top: 10px;\n\t\t\t\ttext-align: center;\n\t\t\t\twidth: 33%;\n\t\t\t}\n\t\t\t#gallery-6 img {\n\t\t\t\tborder: 2px solid #cfcfcf;\n\t\t\t}\n\t\t\t#gallery-6 .gallery-caption {\n\t\t\t\tmargin-left: 0;\n\t\t\t}\n\t\t\t\/* see gallery_shortcode() in wp-includes\/media.php *\/\n\t\t<\/style>\n\t\t<div id='gallery-6' class='gallery galleryid-11170 gallery-columns-3 gallery-size-thumbnail'><dl class='gallery-item'>\n\t\t\t<dt class='gallery-icon portrait'>\n\t\t\t\t<a href='https:\/\/www.gs-oepfershausen.de\/?attachment_id=11543'><img loading=\"lazy\" decoding=\"async\" width=\"150\" height=\"150\" src=\"https:\/\/www.gs-oepfershausen.de\/wp-content\/uploads\/2025\/11\/IMG-20251025-WA0003-150x150.jpg\" class=\"attachment-thumbnail size-thumbnail\" alt=\"\" \/><\/a>\n\t\t\t<\/dt><\/dl><dl class='gallery-item'>\n\t\t\t<dt class='gallery-icon portrait'>\n\t\t\t\t<a href='https:\/\/www.gs-oepfershausen.de\/?attachment_id=11542'><img loading=\"lazy\" decoding=\"async\" width=\"150\" height=\"150\" src=\"https:\/\/www.gs-oepfershausen.de\/wp-content\/uploads\/2025\/11\/IMG-20251025-WA0001-150x150.jpg\" class=\"attachment-thumbnail size-thumbnail\" alt=\"\" \/><\/a>\n\t\t\t<\/dt><\/dl>\n\t\t\t<br style='clear: both' \/>\n\t\t<\/div>\n\n<p style=\"font-weight: 400;\">Gleich am darauffolgenden Tag traf zu Unterrichtsbeginn Ralf Linse aus Dietlas mit seiner mobilen Mosterei auf dem Schulhof ein. Und wieder hatten die Sch\u00fclerinnen und Sch\u00fcler allerhand zu tun. Dabei kam die Philosophie des \u201eApfelmannes\u201c, dem die Verwertung und Herstellung regionaler Produkte ein Herzensanliegen ist, auch bei den Kindern an. Die Arbeit, aber selbstverst\u00e4ndlich auch die Verkostung des leckeren Apfelsaftes, lies die Kinderaugen strahlen. Das Lernen mit Kopf, Herz und Hand stand an diesen beiden Apfeltagen ganz oben auf dem Stundenplan der Grundschule \u201eAm Hahnberg\u201c. Ralf Linse mit seinem Unternehmen \u201eRh\u00f6ner Apfeltraum\u201c und dem Landschaftspflegeverband Th\u00fcringische Rh\u00f6n gilt ein herzliches Dankesch\u00f6n f\u00fcr die gro\u00dfartige Unterst\u00fctzung.<\/p>\n<p><a href=\"https:\/\/www.gs-oepfershausen.de\/wp-content\/uploads\/2025\/11\/20251023_164555-scaled.jpg\" data-rel=\"lightbox-gallery-RkKcFBYq\" data-rl_title=\"20251023_164555\" data-rl_caption=\"\" title=\"20251023_164555\"><img loading=\"lazy\" decoding=\"async\" class=\"aligncenter wp-image-11541 size-medium\" src=\"https:\/\/www.gs-oepfershausen.de\/wp-content\/uploads\/2025\/11\/20251023_164555-300x135.jpg\" alt=\"\" width=\"300\" height=\"135\" srcset=\"https:\/\/www.gs-oepfershausen.de\/wp-content\/uploads\/2025\/11\/20251023_164555-300x135.jpg 300w, https:\/\/www.gs-oepfershausen.de\/wp-content\/uploads\/2025\/11\/20251023_164555-1024x461.jpg 1024w, https:\/\/www.gs-oepfershausen.de\/wp-content\/uploads\/2025\/11\/20251023_164555-1536x691.jpg 1536w, https:\/\/www.gs-oepfershausen.de\/wp-content\/uploads\/2025\/11\/20251023_164555-2048x922.jpg 2048w\" sizes=\"auto, (max-width: 300px) 100vw, 300px\" \/><\/a><\/p>\n<hr \/>\n<h3><em><strong><span style=\"color: #ff6600;\"><u>Kindermusical \u201eDas goldene Kalb\u201c<\/u><\/span><\/strong><\/em><\/h3>\n<p><a href=\"https:\/\/www.gs-oepfershausen.de\/wp-content\/uploads\/2026\/01\/IMG-20250828-WA0002.jpg\" data-rel=\"lightbox-gallery-RkKcFBYq\" data-rl_title=\"IMG-20250828-WA0002\" data-rl_caption=\"\" title=\"IMG-20250828-WA0002\"><img loading=\"lazy\" decoding=\"async\" class=\" wp-image-11723 alignleft\" src=\"https:\/\/www.gs-oepfershausen.de\/wp-content\/uploads\/2026\/01\/IMG-20250828-WA0002-212x300.jpg\" alt=\"\" width=\"113\" height=\"160\" srcset=\"https:\/\/www.gs-oepfershausen.de\/wp-content\/uploads\/2026\/01\/IMG-20250828-WA0002-212x300.jpg 212w, https:\/\/www.gs-oepfershausen.de\/wp-content\/uploads\/2026\/01\/IMG-20250828-WA0002-724x1024.jpg 724w, https:\/\/www.gs-oepfershausen.de\/wp-content\/uploads\/2026\/01\/IMG-20250828-WA0002-1086x1536.jpg 1086w, https:\/\/www.gs-oepfershausen.de\/wp-content\/uploads\/2026\/01\/IMG-20250828-WA0002.jpg 1131w\" sizes=\"auto, (max-width: 113px) 100vw, 113px\" \/><\/a><\/p>\n<p>Die Kooperation mit dem Meininger Kirchenkreis und dessen Kindermusicalprojekt wird seit einigen Jahren gepflegt. Unter Begleitung von Schulleiterin Nicole Kirchner wird den Grundsch\u00fclern die Teilnahme an diesem Projekt angeboten. Bereits zu Beginn des Schuljahres startete das Projekt mit einem Probenwochenende in Oberhof. <a href=\"https:\/\/www.gs-oepfershausen.de\/wp-content\/uploads\/2026\/01\/IMG-20250822-WA0002.jpg\" data-rel=\"lightbox-gallery-RkKcFBYq\" data-rl_title=\"IMG-20250822-WA0002\" data-rl_caption=\"\" title=\"IMG-20250822-WA0002\"><img loading=\"lazy\" decoding=\"async\" class=\"size-medium wp-image-11722 alignright\" src=\"https:\/\/www.gs-oepfershausen.de\/wp-content\/uploads\/2026\/01\/IMG-20250822-WA0002-300x140.jpg\" alt=\"\" width=\"300\" height=\"140\" srcset=\"https:\/\/www.gs-oepfershausen.de\/wp-content\/uploads\/2026\/01\/IMG-20250822-WA0002-300x140.jpg 300w, https:\/\/www.gs-oepfershausen.de\/wp-content\/uploads\/2026\/01\/IMG-20250822-WA0002-1024x478.jpg 1024w, https:\/\/www.gs-oepfershausen.de\/wp-content\/uploads\/2026\/01\/IMG-20250822-WA0002-1536x717.jpg 1536w, https:\/\/www.gs-oepfershausen.de\/wp-content\/uploads\/2026\/01\/IMG-20250822-WA0002.jpg 2000w\" sizes=\"auto, (max-width: 300px) 100vw, 300px\" \/><\/a><\/p>\n<p>&nbsp;<\/p>\n<p>Neben den musischen und szenischen Proben gab es hier einen Malwettbewerb, eine Nachtwanderung, eine Talenteshow und Zeit f\u00fcr gemeinsame Spiele. Danach folgten w\u00f6chentliche Proben in Meiningen und schlie\u00dflich im September die Auff\u00fchrungen in Haina, S\u00fclzfeld und Meiningen.<\/p>\n<p><a href=\"https:\/\/www.gs-oepfershausen.de\/wp-content\/uploads\/2026\/01\/IMG-20250919-WA0026.jpg\" data-rel=\"lightbox-gallery-RkKcFBYq\" data-rl_title=\"IMG-20250919-WA0026\" data-rl_caption=\"\" title=\"IMG-20250919-WA0026\"><img loading=\"lazy\" decoding=\"async\" class=\"alignnone wp-image-11725\" src=\"https:\/\/www.gs-oepfershausen.de\/wp-content\/uploads\/2026\/01\/IMG-20250919-WA0026-300x225.jpg\" alt=\"\" width=\"207\" height=\"155\" srcset=\"https:\/\/www.gs-oepfershausen.de\/wp-content\/uploads\/2026\/01\/IMG-20250919-WA0026-300x225.jpg 300w, https:\/\/www.gs-oepfershausen.de\/wp-content\/uploads\/2026\/01\/IMG-20250919-WA0026-1024x768.jpg 1024w, https:\/\/www.gs-oepfershausen.de\/wp-content\/uploads\/2026\/01\/IMG-20250919-WA0026-1536x1152.jpg 1536w, https:\/\/www.gs-oepfershausen.de\/wp-content\/uploads\/2026\/01\/IMG-20250919-WA0026.jpg 1600w\" sizes=\"auto, (max-width: 207px) 100vw, 207px\" \/><\/a> <a href=\"https:\/\/www.gs-oepfershausen.de\/wp-content\/uploads\/2026\/01\/IMG-20250919-WA0016.jpg\" data-rel=\"lightbox-gallery-RkKcFBYq\" data-rl_title=\"IMG-20250919-WA0016\" data-rl_caption=\"\" title=\"IMG-20250919-WA0016\"><img loading=\"lazy\" decoding=\"async\" class=\"alignnone wp-image-11724\" src=\"https:\/\/www.gs-oepfershausen.de\/wp-content\/uploads\/2026\/01\/IMG-20250919-WA0016-225x300.jpg\" alt=\"\" width=\"141\" height=\"188\" srcset=\"https:\/\/www.gs-oepfershausen.de\/wp-content\/uploads\/2026\/01\/IMG-20250919-WA0016-225x300.jpg 225w, https:\/\/www.gs-oepfershausen.de\/wp-content\/uploads\/2026\/01\/IMG-20250919-WA0016-768x1024.jpg 768w, https:\/\/www.gs-oepfershausen.de\/wp-content\/uploads\/2026\/01\/IMG-20250919-WA0016-1152x1536.jpg 1152w, https:\/\/www.gs-oepfershausen.de\/wp-content\/uploads\/2026\/01\/IMG-20250919-WA0016.jpg 1200w\" sizes=\"auto, (max-width: 141px) 100vw, 141px\" \/><\/a> <a href=\"https:\/\/www.gs-oepfershausen.de\/wp-content\/uploads\/2026\/01\/IMG-20250922-WA0009.jpg\" data-rel=\"lightbox-gallery-RkKcFBYq\" data-rl_title=\"IMG-20250922-WA0009\" data-rl_caption=\"\" title=\"IMG-20250922-WA0009\"><img loading=\"lazy\" decoding=\"async\" class=\"alignnone wp-image-11728\" src=\"https:\/\/www.gs-oepfershausen.de\/wp-content\/uploads\/2026\/01\/IMG-20250922-WA0009-300x225.jpg\" alt=\"\" width=\"207\" height=\"155\" srcset=\"https:\/\/www.gs-oepfershausen.de\/wp-content\/uploads\/2026\/01\/IMG-20250922-WA0009-300x225.jpg 300w, https:\/\/www.gs-oepfershausen.de\/wp-content\/uploads\/2026\/01\/IMG-20250922-WA0009-1024x768.jpg 1024w, https:\/\/www.gs-oepfershausen.de\/wp-content\/uploads\/2026\/01\/IMG-20250922-WA0009-1536x1152.jpg 1536w, https:\/\/www.gs-oepfershausen.de\/wp-content\/uploads\/2026\/01\/IMG-20250922-WA0009.jpg 2040w\" sizes=\"auto, (max-width: 207px) 100vw, 207px\" \/><\/a><a href=\"https:\/\/www.gs-oepfershausen.de\/wp-content\/uploads\/2026\/01\/IMG-20250922-WA0007.jpg\" data-rel=\"lightbox-gallery-RkKcFBYq\" data-rl_title=\"IMG-20250922-WA0007\" data-rl_caption=\"\" title=\"IMG-20250922-WA0007\"><img loading=\"lazy\" decoding=\"async\" class=\"alignnone wp-image-11727\" src=\"https:\/\/www.gs-oepfershausen.de\/wp-content\/uploads\/2026\/01\/IMG-20250922-WA0007-300x225.jpg\" alt=\"\" width=\"241\" height=\"181\" srcset=\"https:\/\/www.gs-oepfershausen.de\/wp-content\/uploads\/2026\/01\/IMG-20250922-WA0007-300x225.jpg 300w, https:\/\/www.gs-oepfershausen.de\/wp-content\/uploads\/2026\/01\/IMG-20250922-WA0007-1024x768.jpg 1024w, https:\/\/www.gs-oepfershausen.de\/wp-content\/uploads\/2026\/01\/IMG-20250922-WA0007-1536x1152.jpg 1536w, https:\/\/www.gs-oepfershausen.de\/wp-content\/uploads\/2026\/01\/IMG-20250922-WA0007.jpg 2040w\" sizes=\"auto, (max-width: 241px) 100vw, 241px\" \/><\/a><\/p>\n<p>&nbsp;<\/p>\n<p>F\u00fcr alle Beteiligten war das Projekt wieder ein unvergessliches Erlebnis, bei dem sich die Kindern musikalisch und ganz individuell weiterentwickelt haben.<\/p>\n<hr \/>\n<h3><span style=\"color: #ff0000;\"><em><strong><u>Brandschutzerziehung<\/u><\/strong><\/em><\/span><\/h3>\n<p><a href=\"https:\/\/www.gs-oepfershausen.de\/wp-content\/uploads\/2026\/01\/20250904_081239-scaled.jpg\" data-rel=\"lightbox-gallery-RkKcFBYq\" data-rl_title=\"20250904_081239\" data-rl_caption=\"\" title=\"20250904_081239\"><img loading=\"lazy\" decoding=\"async\" class=\"size-medium wp-image-11659 alignleft\" src=\"https:\/\/www.gs-oepfershausen.de\/wp-content\/uploads\/2026\/01\/20250904_081239-300x135.jpg\" alt=\"\" width=\"300\" height=\"135\" srcset=\"https:\/\/www.gs-oepfershausen.de\/wp-content\/uploads\/2026\/01\/20250904_081239-300x135.jpg 300w, https:\/\/www.gs-oepfershausen.de\/wp-content\/uploads\/2026\/01\/20250904_081239-1024x461.jpg 1024w, https:\/\/www.gs-oepfershausen.de\/wp-content\/uploads\/2026\/01\/20250904_081239-1536x691.jpg 1536w, https:\/\/www.gs-oepfershausen.de\/wp-content\/uploads\/2026\/01\/20250904_081239-2048x922.jpg 2048w\" sizes=\"auto, (max-width: 300px) 100vw, 300px\" \/><\/a><\/p>\n<p>Im September wurde, angeleitet von Frau Kucha von der Feuerwehr Wasungen, an unserer Schule die Brandschutzerziehung durchgef\u00fchrt. W\u00e4hrend die unteren Klassen dabei einen spannenden Einblick in das Feuerwehrauto und die Ausr\u00fcstung der Feuerwehr erhielten, durften die Dritt- und Viertkl\u00e4ssler hingegen selbst aktiv werden.<\/p>\n<p>Sie f\u00fchrten verschiedene Experimente zum Thema Brandschutz durch.<\/p>\n<p>Dabei lernten sie unter anderem den vorsichtigen und verantwortungsvollen Umgang mit Feuer, indem sie Streichh\u00f6lzer anz\u00fcndeten und damit eine Kerze entz\u00fcndeten.<\/p>\n<p><a href=\"https:\/\/www.gs-oepfershausen.de\/wp-content\/uploads\/2026\/01\/20250904_081239-scaled.jpg\" data-rel=\"lightbox-gallery-RkKcFBYq\" data-rl_title=\"20250904_081239\" data-rl_caption=\"\" title=\"20250904_081239\"><img loading=\"lazy\" decoding=\"async\" class=\"size-medium wp-image-11659 alignright\" src=\"https:\/\/www.gs-oepfershausen.de\/wp-content\/uploads\/2026\/01\/20250904_081239-300x135.jpg\" alt=\"\" width=\"300\" height=\"135\" srcset=\"https:\/\/www.gs-oepfershausen.de\/wp-content\/uploads\/2026\/01\/20250904_081239-300x135.jpg 300w, https:\/\/www.gs-oepfershausen.de\/wp-content\/uploads\/2026\/01\/20250904_081239-1024x461.jpg 1024w, https:\/\/www.gs-oepfershausen.de\/wp-content\/uploads\/2026\/01\/20250904_081239-1536x691.jpg 1536w, https:\/\/www.gs-oepfershausen.de\/wp-content\/uploads\/2026\/01\/20250904_081239-2048x922.jpg 2048w\" sizes=\"auto, (max-width: 300px) 100vw, 300px\" \/><\/a><\/p>\n<p><a href=\"https:\/\/www.gs-oepfershausen.de\/wp-content\/uploads\/2026\/01\/20250904_081117-scaled.jpg\" data-rel=\"lightbox-gallery-RkKcFBYq\" data-rl_title=\"20250904_081117\" data-rl_caption=\"\" title=\"20250904_081117\"><img loading=\"lazy\" decoding=\"async\" class=\"alignnone size-medium wp-image-11658\" src=\"https:\/\/www.gs-oepfershausen.de\/wp-content\/uploads\/2026\/01\/20250904_081117-135x300.jpg\" alt=\"\" width=\"135\" height=\"300\" srcset=\"https:\/\/www.gs-oepfershausen.de\/wp-content\/uploads\/2026\/01\/20250904_081117-135x300.jpg 135w, https:\/\/www.gs-oepfershausen.de\/wp-content\/uploads\/2026\/01\/20250904_081117-461x1024.jpg 461w, https:\/\/www.gs-oepfershausen.de\/wp-content\/uploads\/2026\/01\/20250904_081117-691x1536.jpg 691w, https:\/\/www.gs-oepfershausen.de\/wp-content\/uploads\/2026\/01\/20250904_081117-922x2048.jpg 922w, https:\/\/www.gs-oepfershausen.de\/wp-content\/uploads\/2026\/01\/20250904_081117-scaled.jpg 1152w\" sizes=\"auto, (max-width: 135px) 100vw, 135px\" \/><\/a><a href=\"https:\/\/www.gs-oepfershausen.de\/wp-content\/uploads\/2026\/01\/20250904_083009-scaled.jpg\" data-rel=\"lightbox-gallery-RkKcFBYq\" data-rl_title=\"20250904_083009\" data-rl_caption=\"\" title=\"20250904_083009\"><img loading=\"lazy\" decoding=\"async\" class=\"size-medium wp-image-11660 alignleft\" src=\"https:\/\/www.gs-oepfershausen.de\/wp-content\/uploads\/2026\/01\/20250904_083009-135x300.jpg\" alt=\"\" width=\"135\" height=\"300\" srcset=\"https:\/\/www.gs-oepfershausen.de\/wp-content\/uploads\/2026\/01\/20250904_083009-135x300.jpg 135w, https:\/\/www.gs-oepfershausen.de\/wp-content\/uploads\/2026\/01\/20250904_083009-461x1024.jpg 461w, https:\/\/www.gs-oepfershausen.de\/wp-content\/uploads\/2026\/01\/20250904_083009-691x1536.jpg 691w, https:\/\/www.gs-oepfershausen.de\/wp-content\/uploads\/2026\/01\/20250904_083009-922x2048.jpg 922w, https:\/\/www.gs-oepfershausen.de\/wp-content\/uploads\/2026\/01\/20250904_083009-scaled.jpg 1152w\" sizes=\"auto, (max-width: 135px) 100vw, 135px\" \/><\/a><\/p>\n<hr \/>\n<h3><strong><em><span style=\"color: #666699;\"><u>Auf den Spuren der Wildkatze<\/u><\/span><\/em><\/strong><\/h3>\n<p>Am 16. September war die Klasse 3 mit dem Biosph\u00e4renreservat Rh\u00f6n im Wald unterwegs. Dort erfuhren wir vieles \u00fcber die Wildkatze, ihr Fell und ihre Verstecke.<\/p>\n<p><a href=\"https:\/\/www.gs-oepfershausen.de\/wp-content\/uploads\/2025\/09\/IMG_4877-scaled.jpeg\" data-rel=\"lightbox-gallery-RkKcFBYq\" data-rl_title=\"IMG_4877\" data-rl_caption=\"\" title=\"IMG_4877\"><img loading=\"lazy\" decoding=\"async\" class=\"size-medium wp-image-11385 alignleft\" src=\"https:\/\/www.gs-oepfershausen.de\/wp-content\/uploads\/2025\/09\/IMG_4877-225x300.jpeg\" alt=\"\" width=\"225\" height=\"300\" srcset=\"https:\/\/www.gs-oepfershausen.de\/wp-content\/uploads\/2025\/09\/IMG_4877-225x300.jpeg 225w, https:\/\/www.gs-oepfershausen.de\/wp-content\/uploads\/2025\/09\/IMG_4877-768x1024.jpeg 768w, https:\/\/www.gs-oepfershausen.de\/wp-content\/uploads\/2025\/09\/IMG_4877-1152x1536.jpeg 1152w, https:\/\/www.gs-oepfershausen.de\/wp-content\/uploads\/2025\/09\/IMG_4877-1536x2048.jpeg 1536w, https:\/\/www.gs-oepfershausen.de\/wp-content\/uploads\/2025\/09\/IMG_4877-scaled.jpeg 1920w\" sizes=\"auto, (max-width: 225px) 100vw, 225px\" \/><\/a><\/p>\n<p>&nbsp;<\/p>\n\n\t\t<style type=\"text\/css\">\n\t\t\t#gallery-7 {\n\t\t\t\tmargin: auto;\n\t\t\t}\n\t\t\t#gallery-7 .gallery-item {\n\t\t\t\tfloat: left;\n\t\t\t\tmargin-top: 10px;\n\t\t\t\ttext-align: center;\n\t\t\t\twidth: 50%;\n\t\t\t}\n\t\t\t#gallery-7 img {\n\t\t\t\tborder: 2px solid #cfcfcf;\n\t\t\t}\n\t\t\t#gallery-7 .gallery-caption {\n\t\t\t\tmargin-left: 0;\n\t\t\t}\n\t\t\t\/* see gallery_shortcode() in wp-includes\/media.php *\/\n\t\t<\/style>\n\t\t<div id='gallery-7' class='gallery galleryid-11170 gallery-columns-2 gallery-size-thumbnail'><dl class='gallery-item'>\n\t\t\t<dt class='gallery-icon landscape'>\n\t\t\t\t<a href='https:\/\/www.gs-oepfershausen.de\/?attachment_id=11384'><img loading=\"lazy\" decoding=\"async\" width=\"150\" height=\"150\" src=\"https:\/\/www.gs-oepfershausen.de\/wp-content\/uploads\/2025\/09\/IMG_4870-150x150.jpeg\" class=\"attachment-thumbnail size-thumbnail\" alt=\"\" \/><\/a>\n\t\t\t<\/dt><\/dl><dl class='gallery-item'>\n\t\t\t<dt class='gallery-icon portrait'>\n\t\t\t\t<a href='https:\/\/www.gs-oepfershausen.de\/?attachment_id=11383'><img loading=\"lazy\" decoding=\"async\" width=\"150\" height=\"150\" src=\"https:\/\/www.gs-oepfershausen.de\/wp-content\/uploads\/2025\/09\/IMG_4867-150x150.jpeg\" class=\"attachment-thumbnail size-thumbnail\" alt=\"\" \/><\/a>\n\t\t\t<\/dt><\/dl><br style=\"clear: both\" \/>\n\t\t<\/div>\n\n<p>Die Kinder bauten eigene kleine Unterschl\u00fcpfe mit Lockstoffpflock und \u00fcberpr\u00fcften mit einer Wildkamera, ob sie geeignet sind.<\/p>\n<p><span style=\"color: #0000ff;\"><span style=\"color: #000000;\">Ein<\/span> herzliches Dankesch\u00f6n an das Biosph\u00e4renreservat Rh\u00f6n <span style=\"color: #000000;\">f\u00fcr dieses tolle Erlebnis.<\/span><\/span><\/p>\n<hr \/>\n<h3><span style=\"color: #003300;\"><strong><em><u>Zu kleinen Fledermausexperten ausgebildet<\/u><\/em><\/strong><\/span><\/h3>\n<p><a href=\"https:\/\/www.gs-oepfershausen.de\/wp-content\/uploads\/2026\/01\/1.png\" data-rel=\"lightbox-gallery-RkKcFBYq\" data-rl_title=\"1\" data-rl_caption=\"\" title=\"1\"><img loading=\"lazy\" decoding=\"async\" class=\"size-medium wp-image-11707 alignleft\" src=\"https:\/\/www.gs-oepfershausen.de\/wp-content\/uploads\/2026\/01\/1-300x144.png\" alt=\"\" width=\"300\" height=\"144\" srcset=\"https:\/\/www.gs-oepfershausen.de\/wp-content\/uploads\/2026\/01\/1-300x144.png 300w, https:\/\/www.gs-oepfershausen.de\/wp-content\/uploads\/2026\/01\/1-1024x492.png 1024w, https:\/\/www.gs-oepfershausen.de\/wp-content\/uploads\/2026\/01\/1-1536x737.png 1536w, https:\/\/www.gs-oepfershausen.de\/wp-content\/uploads\/2026\/01\/1.png 1912w\" sizes=\"auto, (max-width: 300px) 100vw, 300px\" \/><\/a>Mit dem Biosph\u00e4renreservat Rh\u00f6n begaben sich die Sch\u00fclerinnen und Sch\u00fcler der 4. Klasse auf Entdeckungstour. <a href=\"https:\/\/www.gs-oepfershausen.de\/wp-content\/uploads\/2026\/01\/20250909_102515-scaled.jpg\" data-rel=\"lightbox-gallery-RkKcFBYq\" data-rl_title=\"20250909_102515\" data-rl_caption=\"\" title=\"20250909_102515\"><img loading=\"lazy\" decoding=\"async\" class=\"size-medium wp-image-11700 alignright\" src=\"https:\/\/www.gs-oepfershausen.de\/wp-content\/uploads\/2026\/01\/20250909_102515-300x135.jpg\" alt=\"\" width=\"300\" height=\"135\" srcset=\"https:\/\/www.gs-oepfershausen.de\/wp-content\/uploads\/2026\/01\/20250909_102515-300x135.jpg 300w, https:\/\/www.gs-oepfershausen.de\/wp-content\/uploads\/2026\/01\/20250909_102515-1024x461.jpg 1024w, https:\/\/www.gs-oepfershausen.de\/wp-content\/uploads\/2026\/01\/20250909_102515-1536x691.jpg 1536w, https:\/\/www.gs-oepfershausen.de\/wp-content\/uploads\/2026\/01\/20250909_102515-2048x922.jpg 2048w\" sizes=\"auto, (max-width: 300px) 100vw, 300px\" \/><\/a><\/p>\n<p>&nbsp;<\/p>\n<p>&nbsp;<\/p>\n<p>&nbsp;<\/p>\n<p><span style=\"color: #ffffff;\">.<\/span><\/p>\n<p>Am Silberberg oberhalb von Oepfershausen hatte Sandra Heine Stationen zur Fledermaus aufgebaut. F\u00fcr die Kinder, deren Schule den Titel \u201eFledermausschule\u201c tr\u00e4gt, war dies ein spannendes Thema. Einen Vormittag lang wurde Wissen zusammengetragen und spielerisch gefestigt.<\/p>\n<p><a href=\"https:\/\/www.gs-oepfershausen.de\/wp-content\/uploads\/2026\/01\/20250909_105625-scaled.jpg\" data-rel=\"lightbox-gallery-RkKcFBYq\" data-rl_title=\"20250909_105625\" data-rl_caption=\"\" title=\"20250909_105625\"><img loading=\"lazy\" decoding=\"async\" class=\"size-medium wp-image-11701 aligncenter\" src=\"https:\/\/www.gs-oepfershausen.de\/wp-content\/uploads\/2026\/01\/20250909_105625-300x135.jpg\" alt=\"\" width=\"300\" height=\"135\" srcset=\"https:\/\/www.gs-oepfershausen.de\/wp-content\/uploads\/2026\/01\/20250909_105625-300x135.jpg 300w, https:\/\/www.gs-oepfershausen.de\/wp-content\/uploads\/2026\/01\/20250909_105625-1024x461.jpg 1024w, https:\/\/www.gs-oepfershausen.de\/wp-content\/uploads\/2026\/01\/20250909_105625-1536x691.jpg 1536w, https:\/\/www.gs-oepfershausen.de\/wp-content\/uploads\/2026\/01\/20250909_105625-2048x922.jpg 2048w\" sizes=\"auto, (max-width: 300px) 100vw, 300px\" \/><\/a><\/p>\n<p>Da musste die Nahrung der Fledermaus gefunden werden und die Orientierung mit Hilfe des Echos war gefragt. Am Ende dieses Tages gewannen die Fledermausk\u00e4sten an der Schule f\u00fcr die Viertkl\u00e4ssler einmal mehr an Bedeutung und alle waren sich einig, dass es etwas ganz Besonderes ist, sich \u201eFledermausschule\u201c nennen zu d\u00fcrfen.<\/p>\n<hr \/>\n<h3><em><strong><span style=\"color: #008000;\"><u>Biosph\u00e4renschule<\/u><\/span><\/strong><\/em><\/h3>\n<p><a href=\"https:\/\/www.gs-oepfershausen.de\/wp-content\/uploads\/2026\/01\/NEU-Schule_mit-Hintergrund.png\" data-rel=\"lightbox-gallery-RkKcFBYq\" data-rl_title=\"NEU-Schule_mit-Hintergrund\" data-rl_caption=\"\" title=\"NEU-Schule_mit-Hintergrund\"><img loading=\"lazy\" decoding=\"async\" class=\"wp-image-11696 alignright\" src=\"https:\/\/www.gs-oepfershausen.de\/wp-content\/uploads\/2026\/01\/NEU-Schule_mit-Hintergrund-300x138.png\" alt=\"\" width=\"459\" height=\"211\" srcset=\"https:\/\/www.gs-oepfershausen.de\/wp-content\/uploads\/2026\/01\/NEU-Schule_mit-Hintergrund-300x138.png 300w, https:\/\/www.gs-oepfershausen.de\/wp-content\/uploads\/2026\/01\/NEU-Schule_mit-Hintergrund-1024x472.png 1024w, https:\/\/www.gs-oepfershausen.de\/wp-content\/uploads\/2026\/01\/NEU-Schule_mit-Hintergrund.png 1500w\" sizes=\"auto, (max-width: 459px) 100vw, 459px\" \/><\/a><\/p>\n<p>Seit dem Jahr 2022 darf sich die Grundschule \u201eAm Hahnberg\u201c Biosph\u00e4renschule nennen.<\/p>\n<p>Die zertifizierten Bereiche waren zun\u00e4chst <em><strong>\u00d6kologie<\/strong> <\/em>und <em><strong>bauliche Ma\u00dfnahmen<\/strong><\/em>.<\/p>\n<p>Hier wurden besonders das <span style=\"color: #000080;\">Schulgel\u00e4nde<\/span> mit <span style=\"color: #000080;\">Gew\u00e4chshaus<\/span>, v<span style=\"color: #000080;\">ier Hochbeeten<\/span>, <span style=\"color: #000080;\">Schulgarten<\/span>, <span style=\"color: #000080;\">Naturlehrpfad<\/span>, die <span style=\"color: #000080;\">Fledermausschule<\/span>, das <span style=\"color: #000080;\">H\u00fchnerprojekt<\/span> sowie die <span style=\"color: #993300;\">Zusammenarbeit mit der Jagdgenossenschaft<\/span>, <span style=\"color: #993300;\">dem BUND<\/span>, dem <span style=\"color: #993300;\">Stadtf\u00f6rster<\/span> und dem <span style=\"color: #993300;\">Landschaftspflegeverband<\/span> hervorgehoben.<\/p>\n<p>Auch die Motivation der Sch\u00fcler zur Nutzung \u00f6ffentlicher Verkehrsmittel und dem <em><span style=\"color: #808080;\">Laufen zur Schule<\/span><\/em> mit dem <em><span style=\"color: #808080;\">SpospiTo Bewegungspass<\/span> <\/em>wurde gew\u00fcrdigt.<\/p>\n<p>Mit der <strong>Rezertifizierung 2025<\/strong> sind die Bereiche <em><span style=\"color: #000000;\"><strong>Ern\u00e4hrung<\/strong> <\/span><\/em>und <strong>Soziales &amp; Kooperation<\/strong> neu hinzugekommen.<br \/>\nZahlreiche <span style=\"color: #000080;\">Projekte im Bereich gesunde Ern\u00e4hrung<\/span>, wie <span style=\"color: #000080;\">Klasse 2000<\/span>, <span style=\"color: #000080;\">Wassertrinken<\/span>,<span style=\"color: #000080;\"> zuckerfreier Schulvormittag<\/span>, <span style=\"color: #000080;\">Schulobst-, Schulmilchprogramm <span style=\"color: #333333;\">und die<\/span><\/span><span style=\"color: #000000;\"> <span style=\"color: #000080;\">AG \u201eKochen und Backen\u201c<\/span> \u00a0<\/span>fanden positive Erw\u00e4hnung. Die <span style=\"color: #993300;\">Kooperationen\u00a0 mit den Wohngruppen der Kinder- und Jugendhilfe<\/span>, den <span style=\"color: #993300;\">Gemeinden<\/span>, dem <span style=\"color: #993300;\">Meininger Kirchenkreis<\/span>, der <span style=\"color: #993300;\">Kunststation Oepfershausen<\/span> und dem <span style=\"color: #993300;\">Natur-Aktiv-Museum<\/span> sowie die damit verbundenen gemeinsamen Projekte, wurden durch das Biosph\u00e4renreservat im Anhang zur Kooperationsvereinbarung aufgenommen und kennzeichnen die Arbeit unserer Schule.<\/p>\n<h3><\/h3>\n<hr \/>\n<h3><strong><em><span style=\"color: #993300;\"><u>So schnell wie Speedy Gonzales<\/u><\/span><\/em><\/strong><\/h3>\n<p><a href=\"https:\/\/www.gs-oepfershausen.de\/wp-content\/uploads\/2025\/09\/IMG_4851-scaled.jpeg\" data-rel=\"lightbox-gallery-RkKcFBYq\" data-rl_title=\"IMG_4851\" data-rl_caption=\"\" title=\"IMG_4851\"><img loading=\"lazy\" decoding=\"async\" class=\"alignleft wp-image-11376 size-medium\" src=\"https:\/\/www.gs-oepfershausen.de\/wp-content\/uploads\/2025\/09\/IMG_4851-300x225.jpeg\" alt=\"\" width=\"300\" height=\"225\" srcset=\"https:\/\/www.gs-oepfershausen.de\/wp-content\/uploads\/2025\/09\/IMG_4851-300x225.jpeg 300w, https:\/\/www.gs-oepfershausen.de\/wp-content\/uploads\/2025\/09\/IMG_4851-1024x768.jpeg 1024w, https:\/\/www.gs-oepfershausen.de\/wp-content\/uploads\/2025\/09\/IMG_4851-1536x1152.jpeg 1536w, https:\/\/www.gs-oepfershausen.de\/wp-content\/uploads\/2025\/09\/IMG_4851-2048x1536.jpeg 2048w\" sizes=\"auto, (max-width: 300px) 100vw, 300px\" \/><\/a><\/p>\n<p>Am Montag, den 15. September, hie\u00df es f\u00fcr die Klasse 3 der Grundschule Oepfershausen, ab auf den Kartoffelacker. Mit gro\u00dfem Einsatz und viel Spa\u00df schafften es die Kinder, innerhalb nur einer Stunde den Acker leer zu ernten. Die vielen Kartoffeln wurden flei\u00dfig gesammelt und direkt auf den Anh\u00e4nger geladen.<\/p>\n<p>&nbsp;<\/p>\n<p>Die reiche Ernte konnte sich sehen lassen. Neben der gro\u00dfen Menge wurden die Kartoffeln auch genau bestaunt, denn zwischen den Knollen fanden sich richtige Kartoffelkunstwerke in den unterschiedlichsten Formen. Die Kinder hatten viel Freude daran, die ausgefallenen Kartoffelfiguren zu entdecken.<\/p>\n\n\t\t<style type=\"text\/css\">\n\t\t\t#gallery-8 {\n\t\t\t\tmargin: auto;\n\t\t\t}\n\t\t\t#gallery-8 .gallery-item {\n\t\t\t\tfloat: left;\n\t\t\t\tmargin-top: 10px;\n\t\t\t\ttext-align: center;\n\t\t\t\twidth: 33%;\n\t\t\t}\n\t\t\t#gallery-8 img {\n\t\t\t\tborder: 2px solid #cfcfcf;\n\t\t\t}\n\t\t\t#gallery-8 .gallery-caption {\n\t\t\t\tmargin-left: 0;\n\t\t\t}\n\t\t\t\/* see gallery_shortcode() in wp-includes\/media.php *\/\n\t\t<\/style>\n\t\t<div id='gallery-8' class='gallery galleryid-11170 gallery-columns-3 gallery-size-thumbnail'><dl class='gallery-item'>\n\t\t\t<dt class='gallery-icon portrait'>\n\t\t\t\t<a href=\"https:\/\/www.gs-oepfershausen.de\/wp-content\/uploads\/2025\/09\/IMG_4840-scaled.jpeg\" data-rel=\"lightbox-gallery-RkKcFBYq\" data-rl_title=\"IMG_4840\" data-rl_caption=\"\" title=\"IMG_4840\"><img loading=\"lazy\" decoding=\"async\" width=\"150\" height=\"150\" src=\"https:\/\/www.gs-oepfershausen.de\/wp-content\/uploads\/2025\/09\/IMG_4840-150x150.jpeg\" class=\"attachment-thumbnail size-thumbnail\" alt=\"\" \/><\/a>\n\t\t\t<\/dt><\/dl><dl class='gallery-item'>\n\t\t\t<dt class='gallery-icon portrait'>\n\t\t\t\t<a href=\"https:\/\/www.gs-oepfershausen.de\/wp-content\/uploads\/2025\/09\/IMG_4832-scaled.jpeg\" data-rel=\"lightbox-gallery-RkKcFBYq\" data-rl_title=\"IMG_4832\" data-rl_caption=\"\" title=\"IMG_4832\"><img loading=\"lazy\" decoding=\"async\" width=\"150\" height=\"150\" src=\"https:\/\/www.gs-oepfershausen.de\/wp-content\/uploads\/2025\/09\/IMG_4832-150x150.jpeg\" class=\"attachment-thumbnail size-thumbnail\" alt=\"\" \/><\/a>\n\t\t\t<\/dt><\/dl><dl class='gallery-item'>\n\t\t\t<dt class='gallery-icon portrait'>\n\t\t\t\t<a href=\"https:\/\/www.gs-oepfershausen.de\/wp-content\/uploads\/2025\/09\/IMG_4829-scaled.jpeg\" data-rel=\"lightbox-gallery-RkKcFBYq\" data-rl_title=\"IMG_4829\" data-rl_caption=\"\" title=\"IMG_4829\"><img loading=\"lazy\" decoding=\"async\" width=\"150\" height=\"150\" src=\"https:\/\/www.gs-oepfershausen.de\/wp-content\/uploads\/2025\/09\/IMG_4829-150x150.jpeg\" class=\"attachment-thumbnail size-thumbnail\" alt=\"\" \/><\/a>\n\t\t\t<\/dt><\/dl><br style=\"clear: both\" \/>\n\t\t<\/div>\n\n<p><a href=\"https:\/\/www.gs-oepfershausen.de\/wp-content\/uploads\/2025\/09\/2-1.png\" data-rel=\"lightbox-gallery-RkKcFBYq\" data-rl_title=\"2\" data-rl_caption=\"\" title=\"2\"><img loading=\"lazy\" decoding=\"async\" class=\"alignright wp-image-11378 size-medium\" src=\"https:\/\/www.gs-oepfershausen.de\/wp-content\/uploads\/2025\/09\/2-1-300x214.png\" alt=\"\" width=\"300\" height=\"214\" srcset=\"https:\/\/www.gs-oepfershausen.de\/wp-content\/uploads\/2025\/09\/2-1-300x214.png 300w, https:\/\/www.gs-oepfershausen.de\/wp-content\/uploads\/2025\/09\/2-1.png 491w\" sizes=\"auto, (max-width: 300px) 100vw, 300px\" \/><\/a>Auch wenn das Wetter nicht ganz auf ihrer Seite war und immer wieder kleine Regenschauer niedergingen, lie\u00dfen sich die Drittkl\u00e4ssler nicht bremsen.<\/p>\n<p>&nbsp;<\/p>\n<p>Nach der erfolgreichen Ernte machten sie sich zu Fu\u00df auf den R\u00fcckweg zur Schule, m\u00fcde aber gl\u00fccklich \u00fcber ihre Leistung.<\/p>\n<p>&nbsp;<\/p>\n<p><span style=\"color: #0000ff;\"><span style=\"color: #000000;\">Ein<\/span> besonderer Dank<br \/>\n<span style=\"color: #000000;\">geht<\/span> an die VORDERRH\u00d6N AGRAR GMBH Christian Schmitt<span style=\"color: #000000;\">, die diese tolle Aktion auch in diesem Jahr wieder erm\u00f6glicht und so wundersch\u00f6ne Kartoffeln gezaubert haben.<\/span><\/span><\/p>\n<hr \/>\n<h3><em><strong><span style=\"color: #0000ff;\"><u>Fahrradausbildung<\/u><\/span><\/strong><\/em><\/h3>\n<p><a href=\"https:\/\/www.gs-oepfershausen.de\/wp-content\/uploads\/2026\/01\/20250901_103450-scaled.jpg\" data-rel=\"lightbox-gallery-RkKcFBYq\" data-rl_title=\"20250901_103450\" data-rl_caption=\"\" title=\"20250901_103450\"><img loading=\"lazy\" decoding=\"async\" class=\"size-medium wp-image-11672 alignleft\" src=\"https:\/\/www.gs-oepfershausen.de\/wp-content\/uploads\/2026\/01\/20250901_103450-135x300.jpg\" alt=\"\" width=\"135\" height=\"300\" srcset=\"https:\/\/www.gs-oepfershausen.de\/wp-content\/uploads\/2026\/01\/20250901_103450-135x300.jpg 135w, https:\/\/www.gs-oepfershausen.de\/wp-content\/uploads\/2026\/01\/20250901_103450-461x1024.jpg 461w, https:\/\/www.gs-oepfershausen.de\/wp-content\/uploads\/2026\/01\/20250901_103450-691x1536.jpg 691w, https:\/\/www.gs-oepfershausen.de\/wp-content\/uploads\/2026\/01\/20250901_103450-922x2048.jpg 922w, https:\/\/www.gs-oepfershausen.de\/wp-content\/uploads\/2026\/01\/20250901_103450-scaled.jpg 1152w\" sizes=\"auto, (max-width: 135px) 100vw, 135px\" \/><\/a>Gleich zu Beginn des Schuljahres stand f\u00fcr die Klasse 4 die Radfahrausbildung an. Neben dem theoretischen Unterrichtsstoff bildete die praktische Ausbildung und anschlie\u00dfende Pr\u00fcfung im Verkehrsgarten in Kaltennordheim den zweiten wichtigen Baustein.<\/p>\n<p>&nbsp;<\/p>\n<p>An f\u00fcnf Montagen fuhren die Sch\u00fclerinnen und Sch\u00fcler mit dem Bus zu den \u00dcbungseinheiten. Das Fahrradfahren und konzentrierte Einhalten der Verkehrsregeln fiel manchmal nicht leicht und musste akribisch trainiert werden.<\/p>\n<p><a href=\"https:\/\/www.gs-oepfershausen.de\/wp-content\/uploads\/2026\/01\/20250901_104042-scaled.jpg\" data-rel=\"lightbox-gallery-RkKcFBYq\" data-rl_title=\"20250901_104042\" data-rl_caption=\"\" title=\"20250901_104042\"><img loading=\"lazy\" decoding=\"async\" class=\"size-medium wp-image-11673 alignleft\" src=\"https:\/\/www.gs-oepfershausen.de\/wp-content\/uploads\/2026\/01\/20250901_104042-300x135.jpg\" alt=\"\" width=\"300\" height=\"135\" srcset=\"https:\/\/www.gs-oepfershausen.de\/wp-content\/uploads\/2026\/01\/20250901_104042-300x135.jpg 300w, https:\/\/www.gs-oepfershausen.de\/wp-content\/uploads\/2026\/01\/20250901_104042-1024x461.jpg 1024w, https:\/\/www.gs-oepfershausen.de\/wp-content\/uploads\/2026\/01\/20250901_104042-1536x691.jpg 1536w, https:\/\/www.gs-oepfershausen.de\/wp-content\/uploads\/2026\/01\/20250901_104042-2048x922.jpg 2048w\" sizes=\"auto, (max-width: 300px) 100vw, 300px\" \/><\/a> <a href=\"https:\/\/www.gs-oepfershausen.de\/wp-content\/uploads\/2026\/01\/20250901_104101-scaled.jpg\" data-rel=\"lightbox-gallery-RkKcFBYq\" data-rl_title=\"20250901_104101\" data-rl_caption=\"\" title=\"20250901_104101\"><img loading=\"lazy\" decoding=\"async\" class=\"size-medium wp-image-11674 alignright\" src=\"https:\/\/www.gs-oepfershausen.de\/wp-content\/uploads\/2026\/01\/20250901_104101-300x135.jpg\" alt=\"\" width=\"300\" height=\"135\" srcset=\"https:\/\/www.gs-oepfershausen.de\/wp-content\/uploads\/2026\/01\/20250901_104101-300x135.jpg 300w, https:\/\/www.gs-oepfershausen.de\/wp-content\/uploads\/2026\/01\/20250901_104101-1024x461.jpg 1024w, https:\/\/www.gs-oepfershausen.de\/wp-content\/uploads\/2026\/01\/20250901_104101-1536x691.jpg 1536w, https:\/\/www.gs-oepfershausen.de\/wp-content\/uploads\/2026\/01\/20250901_104101-2048x922.jpg 2048w\" sizes=\"auto, (max-width: 300px) 100vw, 300px\" \/><\/a><\/p>\n<p>&nbsp;<\/p>\n<p>Auch nach der bestandenen theoretischen und praktischen Pr\u00fcfung werden die Kinder weiterhin mit Hilfe ihrer Eltern Fahrpraxis im Stra\u00dfenverkehr sammeln m\u00fcssen. Der Grundstein ist daf\u00fcr gelegt.<\/p>\n<p><span style=\"color: #ffffff;\">.<\/span><\/p>\n<p><span style=\"color: #ffffff;\">.<\/span><\/p>\n<p>&nbsp;<\/p>\n<p><span style=\"color: #ffffff;\">.<\/span><\/p>\n<p><span style=\"color: #ffffff;\">.<\/span><\/p>\n<p>&nbsp;<\/p>\n<hr \/>\n<h3><strong><em><span style=\"color: #339966;\"><u>Wandertage zum Schuljahresbeginn<\/u><\/span><\/em><\/strong><\/h3>\n<div class=\"default-style\"><\/div>\n<div class=\"default-style\"><a href=\"https:\/\/www.gs-oepfershausen.de\/wp-content\/uploads\/2025\/10\/Klasse-1-scaled.jpeg\" data-rel=\"lightbox-gallery-RkKcFBYq\" data-rl_title=\"Klasse 1\" data-rl_caption=\"\" title=\"Klasse 1\"><img loading=\"lazy\" decoding=\"async\" class=\" wp-image-11514 alignleft\" src=\"https:\/\/www.gs-oepfershausen.de\/wp-content\/uploads\/2025\/10\/Klasse-1-300x226.jpeg\" alt=\"\" width=\"199\" height=\"150\" srcset=\"https:\/\/www.gs-oepfershausen.de\/wp-content\/uploads\/2025\/10\/Klasse-1-300x226.jpeg 300w, https:\/\/www.gs-oepfershausen.de\/wp-content\/uploads\/2025\/10\/Klasse-1-1024x771.jpeg 1024w, https:\/\/www.gs-oepfershausen.de\/wp-content\/uploads\/2025\/10\/Klasse-1-1536x1157.jpeg 1536w, https:\/\/www.gs-oepfershausen.de\/wp-content\/uploads\/2025\/10\/Klasse-1-2048x1542.jpeg 2048w\" sizes=\"auto, (max-width: 199px) 100vw, 199px\" \/><\/a><\/div>\n<div class=\"default-style\">Um die Gegend rund um die Grundschule etwas besser kennenzulernen, f\u00fchrte der erste Wandertag der Klasse 1 zum Clasberg bei Friedelshausen. Bei bestem Herbstwetter haben die Kinder viele bunte Bl\u00e4tter, Kastanien und Eicheln gesammelt und sogar einige Rehe auf dem Feld beobachten k\u00f6nnen. Auf dem Clasberg wurde dann gemeinsam gefr\u00fchst\u00fcckt, gespielt und die Aussicht genossen.<\/div>\n<div><\/div>\n<div><span style=\"color: #ffffff;\"><em>.<\/em><\/span><\/div>\n<div><span style=\"color: #ffffff;\"><em>.<\/em><\/span><\/div>\n<div><span style=\"color: #ffffff;\"><em>.<\/em><\/span><\/div>\n<div><span style=\"color: #ffffff;\"><em>.<\/em><\/span><\/div>\n<div><em>Beide zweite Klassen verbrachten einen Vormittag auf dem Gel\u00e4nde der <strong>Arche Rh\u00f6n in der Erlebniswelt Rh\u00f6nwald<\/strong>.<\/em><\/div>\n<div>Die Rutsche von der Aussichtsplattform war &#8222;der gro\u00dfe Renner&#8220;. Aber zuvor lernten die Kinder das Info-Zentrum von innen kennen.<\/div>\n<div>\n\n\t\t<style type=\"text\/css\">\n\t\t\t#gallery-9 {\n\t\t\t\tmargin: auto;\n\t\t\t}\n\t\t\t#gallery-9 .gallery-item {\n\t\t\t\tfloat: left;\n\t\t\t\tmargin-top: 10px;\n\t\t\t\ttext-align: center;\n\t\t\t\twidth: 33%;\n\t\t\t}\n\t\t\t#gallery-9 img {\n\t\t\t\tborder: 2px solid #cfcfcf;\n\t\t\t}\n\t\t\t#gallery-9 .gallery-caption {\n\t\t\t\tmargin-left: 0;\n\t\t\t}\n\t\t\t\/* see gallery_shortcode() in wp-includes\/media.php *\/\n\t\t<\/style>\n\t\t<div id='gallery-9' class='gallery galleryid-11170 gallery-columns-3 gallery-size-thumbnail'><dl class='gallery-item'>\n\t\t\t<dt class='gallery-icon landscape'>\n\t\t\t\t<a href=\"https:\/\/www.gs-oepfershausen.de\/wp-content\/uploads\/2025\/10\/20250923_103018-scaled.jpg\" data-rel=\"lightbox-gallery-RkKcFBYq\" data-rl_title=\"20250923_103018\" data-rl_caption=\"\" title=\"20250923_103018\"><img loading=\"lazy\" decoding=\"async\" width=\"150\" height=\"150\" src=\"https:\/\/www.gs-oepfershausen.de\/wp-content\/uploads\/2025\/10\/20250923_103018-150x150.jpg\" class=\"attachment-thumbnail size-thumbnail\" alt=\"\" \/><\/a>\n\t\t\t<\/dt><\/dl><dl class='gallery-item'>\n\t\t\t<dt class='gallery-icon landscape'>\n\t\t\t\t<a href=\"https:\/\/www.gs-oepfershausen.de\/wp-content\/uploads\/2025\/10\/20250923_100942_05.jpg\" data-rel=\"lightbox-gallery-RkKcFBYq\" data-rl_title=\"20250923_100942_05\" data-rl_caption=\"\" title=\"20250923_100942_05\"><img loading=\"lazy\" decoding=\"async\" width=\"150\" height=\"150\" src=\"https:\/\/www.gs-oepfershausen.de\/wp-content\/uploads\/2025\/10\/20250923_100942_05-150x150.jpg\" class=\"attachment-thumbnail size-thumbnail\" alt=\"\" srcset=\"https:\/\/www.gs-oepfershausen.de\/wp-content\/uploads\/2025\/10\/20250923_100942_05-150x150.jpg 150w, https:\/\/www.gs-oepfershausen.de\/wp-content\/uploads\/2025\/10\/20250923_100942_05-300x300.jpg 300w, https:\/\/www.gs-oepfershausen.de\/wp-content\/uploads\/2025\/10\/20250923_100942_05-1024x1024.jpg 1024w, https:\/\/www.gs-oepfershausen.de\/wp-content\/uploads\/2025\/10\/20250923_100942_05-1536x1536.jpg 1536w, https:\/\/www.gs-oepfershausen.de\/wp-content\/uploads\/2025\/10\/20250923_100942_05-2048x2048.jpg 2048w\" sizes=\"auto, (max-width: 150px) 100vw, 150px\" \/><\/a>\n\t\t\t<\/dt><\/dl><dl class='gallery-item'>\n\t\t\t<dt class='gallery-icon portrait'>\n\t\t\t\t<a href=\"https:\/\/www.gs-oepfershausen.de\/wp-content\/uploads\/2025\/10\/20250923_100823-scaled.jpg\" data-rel=\"lightbox-gallery-RkKcFBYq\" data-rl_title=\"20250923_100823\" data-rl_caption=\"\" title=\"20250923_100823\"><img loading=\"lazy\" decoding=\"async\" width=\"150\" height=\"150\" src=\"https:\/\/www.gs-oepfershausen.de\/wp-content\/uploads\/2025\/10\/20250923_100823-150x150.jpg\" class=\"attachment-thumbnail size-thumbnail\" alt=\"\" \/><\/a>\n\t\t\t<\/dt><\/dl><br style=\"clear: both\" \/><dl class='gallery-item'>\n\t\t\t<dt class='gallery-icon portrait'>\n\t\t\t\t<a href=\"https:\/\/www.gs-oepfershausen.de\/wp-content\/uploads\/2025\/10\/20250923_103051-scaled.jpg\" data-rel=\"lightbox-gallery-RkKcFBYq\" data-rl_title=\"20250923_103051\" data-rl_caption=\"\" title=\"20250923_103051\"><img loading=\"lazy\" decoding=\"async\" width=\"150\" height=\"150\" src=\"https:\/\/www.gs-oepfershausen.de\/wp-content\/uploads\/2025\/10\/20250923_103051-150x150.jpg\" class=\"attachment-thumbnail size-thumbnail\" alt=\"\" \/><\/a>\n\t\t\t<\/dt><\/dl>\n\t\t\t<br style='clear: both' \/>\n\t\t<\/div>\n\n<\/div>\n<div>Nach dem Lauschen der Vogelstimmen und dem Ausprobieren der Mitmachstationen spielten die Kinder ausgelassen auf dem weitl\u00e4ufigen Gel\u00e4nde der Erlebniswelt.<\/div>\n<div>\n\n\t\t<style type=\"text\/css\">\n\t\t\t#gallery-10 {\n\t\t\t\tmargin: auto;\n\t\t\t}\n\t\t\t#gallery-10 .gallery-item {\n\t\t\t\tfloat: left;\n\t\t\t\tmargin-top: 10px;\n\t\t\t\ttext-align: center;\n\t\t\t\twidth: 33%;\n\t\t\t}\n\t\t\t#gallery-10 img {\n\t\t\t\tborder: 2px solid #cfcfcf;\n\t\t\t}\n\t\t\t#gallery-10 .gallery-caption {\n\t\t\t\tmargin-left: 0;\n\t\t\t}\n\t\t\t\/* see gallery_shortcode() in wp-includes\/media.php *\/\n\t\t<\/style>\n\t\t<div id='gallery-10' class='gallery galleryid-11170 gallery-columns-3 gallery-size-thumbnail'><dl class='gallery-item'>\n\t\t\t<dt class='gallery-icon landscape'>\n\t\t\t\t<a href=\"https:\/\/www.gs-oepfershausen.de\/wp-content\/uploads\/2025\/10\/20250923_110416-scaled.jpg\" data-rel=\"lightbox-gallery-RkKcFBYq\" data-rl_title=\"20250923_110416\" data-rl_caption=\"\" title=\"20250923_110416\"><img loading=\"lazy\" decoding=\"async\" width=\"150\" height=\"150\" src=\"https:\/\/www.gs-oepfershausen.de\/wp-content\/uploads\/2025\/10\/20250923_110416-150x150.jpg\" class=\"attachment-thumbnail size-thumbnail\" alt=\"\" \/><\/a>\n\t\t\t<\/dt><\/dl><dl class='gallery-item'>\n\t\t\t<dt class='gallery-icon landscape'>\n\t\t\t\t<a href=\"https:\/\/www.gs-oepfershausen.de\/wp-content\/uploads\/2025\/10\/20250923_110505-scaled.jpg\" data-rel=\"lightbox-gallery-RkKcFBYq\" data-rl_title=\"20250923_110505\" data-rl_caption=\"\" title=\"20250923_110505\"><img loading=\"lazy\" decoding=\"async\" width=\"150\" height=\"150\" src=\"https:\/\/www.gs-oepfershausen.de\/wp-content\/uploads\/2025\/10\/20250923_110505-150x150.jpg\" class=\"attachment-thumbnail size-thumbnail\" alt=\"\" \/><\/a>\n\t\t\t<\/dt><\/dl><dl class='gallery-item'>\n\t\t\t<dt class='gallery-icon landscape'>\n\t\t\t\t<a href=\"https:\/\/www.gs-oepfershausen.de\/wp-content\/uploads\/2025\/10\/20250923_112820-scaled.jpg\" data-rel=\"lightbox-gallery-RkKcFBYq\" data-rl_title=\"20250923_112820\" data-rl_caption=\"\" title=\"20250923_112820\"><img loading=\"lazy\" decoding=\"async\" width=\"150\" height=\"150\" src=\"https:\/\/www.gs-oepfershausen.de\/wp-content\/uploads\/2025\/10\/20250923_112820-150x150.jpg\" class=\"attachment-thumbnail size-thumbnail\" alt=\"\" \/><\/a>\n\t\t\t<\/dt><\/dl><br style=\"clear: both\" \/>\n\t\t<\/div>\n\n<\/div>\n<div>\n<h3><\/h3>\n<hr \/>\n<h3><span style=\"color: #800080;\"><strong><em><u>Schulanfangsgottesdienst<\/u><\/em><\/strong><\/span><\/h3>\n<p>Auch in diesem Jahr trafen sich zahlreiche Familien auf der Wiese hinter der Grundschule zum Gottesdienst.<\/p>\n\n\t\t<style type=\"text\/css\">\n\t\t\t#gallery-11 {\n\t\t\t\tmargin: auto;\n\t\t\t}\n\t\t\t#gallery-11 .gallery-item {\n\t\t\t\tfloat: left;\n\t\t\t\tmargin-top: 10px;\n\t\t\t\ttext-align: center;\n\t\t\t\twidth: 33%;\n\t\t\t}\n\t\t\t#gallery-11 img {\n\t\t\t\tborder: 2px solid #cfcfcf;\n\t\t\t}\n\t\t\t#gallery-11 .gallery-caption {\n\t\t\t\tmargin-left: 0;\n\t\t\t}\n\t\t\t\/* see gallery_shortcode() in wp-includes\/media.php *\/\n\t\t<\/style>\n\t\t<div id='gallery-11' class='gallery galleryid-11170 gallery-columns-3 gallery-size-thumbnail'><dl class='gallery-item'>\n\t\t\t<dt class='gallery-icon landscape'>\n\t\t\t\t<a href='https:\/\/www.gs-oepfershausen.de\/?attachment_id=11597'><img loading=\"lazy\" decoding=\"async\" width=\"150\" height=\"150\" src=\"https:\/\/www.gs-oepfershausen.de\/wp-content\/uploads\/2025\/12\/IMG-20250817-WA0003-150x150.jpg\" class=\"attachment-thumbnail size-thumbnail\" alt=\"\" \/><\/a>\n\t\t\t<\/dt><\/dl><dl class='gallery-item'>\n\t\t\t<dt class='gallery-icon landscape'>\n\t\t\t\t<a href='https:\/\/www.gs-oepfershausen.de\/?attachment_id=11598'><img loading=\"lazy\" decoding=\"async\" width=\"150\" height=\"150\" src=\"https:\/\/www.gs-oepfershausen.de\/wp-content\/uploads\/2025\/12\/IMG-20250817-WA0006-150x150.jpg\" class=\"attachment-thumbnail size-thumbnail\" alt=\"\" \/><\/a>\n\t\t\t<\/dt><\/dl><dl class='gallery-item'>\n\t\t\t<dt class='gallery-icon landscape'>\n\t\t\t\t<a href='https:\/\/www.gs-oepfershausen.de\/?attachment_id=11599'><img loading=\"lazy\" decoding=\"async\" width=\"150\" height=\"150\" src=\"https:\/\/www.gs-oepfershausen.de\/wp-content\/uploads\/2025\/12\/IMG-20250817-WA0009-150x150.jpg\" class=\"attachment-thumbnail size-thumbnail\" alt=\"\" \/><\/a>\n\t\t\t<\/dt><\/dl><br style=\"clear: both\" \/>\n\t\t<\/div>\n\n<p>Bei sch\u00f6nem Wetter wurde gemeinsam gesungen, einer Geschichte gelauscht und das gro\u00dfe Schwungtuch bewegt. Symbolisch stellten sich die Schulanf\u00e4nger und alle Schulkinder unter dem Schwungtuch mit seinen bunten Farben unter den Schutz Gottes, f\u00fcr das vor ihnen liegende Schuljahr.<\/p>\n<hr \/>\n<h3><span style=\"color: #800000;\"><strong><em><u>Schuleinf\u00fchrung<\/u><\/em><\/strong><\/span><\/h3>\n<p>In diesem Jahr wurden 22 Schulanf\u00e4nger aus 6 verschiedenen Ortschaften eingeschult.<\/p>\n<p>Die Schuleinf\u00fchrung erlebten die neuen Sch\u00fclerinnen und Sch\u00fcler mit ihren Familien im Saal des Schwarzen Schlosses in Oepfershausen.<\/p>\n<p>Das Programm der Viertkl\u00e4ssler wurde interessiert verfolgt.<br \/>\nDer H\u00f6hepunkt, die Zuckert\u00fcten\u00fcbergabe mit Freude erwartet und gefeiert.<\/p>\n<p><a href=\"https:\/\/www.gs-oepfershausen.de\/wp-content\/uploads\/2025\/12\/IMG-20251205-WA00131.jpg\" data-rel=\"lightbox-gallery-RkKcFBYq\" data-rl_title=\"IMG-20251205-WA0013[1]\" data-rl_caption=\"\" title=\"IMG-20251205-WA0013[1]\"><img loading=\"lazy\" decoding=\"async\" class=\"alignnone wp-image-11624\" src=\"https:\/\/www.gs-oepfershausen.de\/wp-content\/uploads\/2025\/12\/IMG-20251205-WA00131-300x225.jpg\" alt=\"\" width=\"256\" height=\"192\" srcset=\"https:\/\/www.gs-oepfershausen.de\/wp-content\/uploads\/2025\/12\/IMG-20251205-WA00131-300x225.jpg 300w, https:\/\/www.gs-oepfershausen.de\/wp-content\/uploads\/2025\/12\/IMG-20251205-WA00131-1024x768.jpg 1024w, https:\/\/www.gs-oepfershausen.de\/wp-content\/uploads\/2025\/12\/IMG-20251205-WA00131-1536x1152.jpg 1536w, https:\/\/www.gs-oepfershausen.de\/wp-content\/uploads\/2025\/12\/IMG-20251205-WA00131.jpg 2048w\" sizes=\"auto, (max-width: 256px) 100vw, 256px\" \/><\/a> <a href=\"https:\/\/www.gs-oepfershausen.de\/wp-content\/uploads\/2025\/12\/IMG-20251205-WA00151.jpg\" data-rel=\"lightbox-gallery-RkKcFBYq\" data-rl_title=\"IMG-20251205-WA0015[1]\" data-rl_caption=\"\" title=\"IMG-20251205-WA0015[1]\"><img loading=\"lazy\" decoding=\"async\" class=\"alignnone wp-image-11626\" src=\"https:\/\/www.gs-oepfershausen.de\/wp-content\/uploads\/2025\/12\/IMG-20251205-WA00151-300x225.jpg\" alt=\"\" width=\"252\" height=\"189\" srcset=\"https:\/\/www.gs-oepfershausen.de\/wp-content\/uploads\/2025\/12\/IMG-20251205-WA00151-300x225.jpg 300w, https:\/\/www.gs-oepfershausen.de\/wp-content\/uploads\/2025\/12\/IMG-20251205-WA00151-1024x768.jpg 1024w, https:\/\/www.gs-oepfershausen.de\/wp-content\/uploads\/2025\/12\/IMG-20251205-WA00151-1536x1152.jpg 1536w, https:\/\/www.gs-oepfershausen.de\/wp-content\/uploads\/2025\/12\/IMG-20251205-WA00151.jpg 2048w\" sizes=\"auto, (max-width: 252px) 100vw, 252px\" \/><\/a><\/p>\n<h4 style=\"text-align: center;\"><strong><span style=\"color: #ff0000;\">Herzlich Willkommen!<\/span><\/strong><\/h4>\n<\/div>\n","protected":false},"excerpt":{"rendered":"<p>&#8222;Sch\u00f6n-Wetter- und Gute-Laune-Garantie&#8220; beim Rh\u00f6ner Volkslauf &nbsp; Bei traumhaftem Sonnenschein beteiligten sich auch in diesem Schuljahr wieder Sch\u00fcler, Eltern und Unterst\u00fctzer unserer Grundschule am Rh\u00f6ner Volkslauf. Ob beim 1 km-Lauf oder ab Altersklasse 10 bereits beim Lauf \u00fcber 3 km, alle waren guter Laune und gaben ihr Bestes. Sophia Gr\u00e4f belegte am Ende sogar den [&hellip;]<\/p>\n","protected":false},"author":7,"featured_media":0,"parent":235,"menu_order":1,"comment_status":"closed","ping_status":"closed","template":"","meta":{"footnotes":""},"class_list":["post-11170","page","type-page","status-publish","hentry"],"yoast_head":"<!-- This site is optimized with the Yoast SEO plugin v27.5 - https:\/\/yoast.com\/product\/yoast-seo-wordpress\/ -->\n<title>Schuljahr 2025 \/ 26 - Grundschule Oepfershausen<\/title>\n<meta name=\"robots\" content=\"index, follow, max-snippet:-1, max-image-preview:large, max-video-preview:-1\" \/>\n<link rel=\"canonical\" href=\"https:\/\/www.gs-oepfershausen.de\/?page_id=11170\" \/>\n<meta property=\"og:locale\" content=\"de_DE\" \/>\n<meta property=\"og:type\" content=\"article\" \/>\n<meta property=\"og:title\" content=\"Schuljahr 2025 \/ 26 - Grundschule Oepfershausen\" \/>\n<meta property=\"og:description\" content=\"&#8222;Sch\u00f6n-Wetter- und Gute-Laune-Garantie&#8220; beim Rh\u00f6ner Volkslauf &nbsp; Bei traumhaftem Sonnenschein beteiligten sich auch in diesem Schuljahr wieder Sch\u00fcler, Eltern und Unterst\u00fctzer unserer Grundschule am Rh\u00f6ner Volkslauf. Ob beim 1 km-Lauf oder ab Altersklasse 10 bereits beim Lauf \u00fcber 3 km, alle waren guter Laune und gaben ihr Bestes. Sophia Gr\u00e4f belegte am Ende sogar den [&hellip;]\" \/>\n<meta property=\"og:url\" content=\"https:\/\/www.gs-oepfershausen.de\/?page_id=11170\" \/>\n<meta property=\"og:site_name\" content=\"Grundschule Oepfershausen\" \/>\n<meta property=\"article:modified_time\" content=\"2026-04-30T10:24:05+00:00\" \/>\n<meta property=\"og:image\" content=\"https:\/\/www.gs-oepfershausen.de\/wp-content\/uploads\/2026\/04\/IMG-20260426-WA0001-150x150.jpg\" \/>\n<meta name=\"twitter:card\" content=\"summary_large_image\" \/>\n<meta name=\"twitter:label1\" content=\"Gesch\u00e4tzte Lesezeit\" \/>\n\t<meta name=\"twitter:data1\" content=\"44\u00a0Minuten\" \/>\n<script type=\"application\/ld+json\" class=\"yoast-schema-graph\">{\"@context\":\"https:\\\/\\\/schema.org\",\"@graph\":[{\"@type\":\"WebPage\",\"@id\":\"https:\\\/\\\/www.gs-oepfershausen.de\\\/?page_id=11170\",\"url\":\"https:\\\/\\\/www.gs-oepfershausen.de\\\/?page_id=11170\",\"name\":\"Schuljahr 2025 \\\/ 26 - Grundschule Oepfershausen\",\"isPartOf\":{\"@id\":\"https:\\\/\\\/www.gs-oepfershausen.de\\\/#website\"},\"primaryImageOfPage\":{\"@id\":\"https:\\\/\\\/www.gs-oepfershausen.de\\\/?page_id=11170#primaryimage\"},\"image\":{\"@id\":\"https:\\\/\\\/www.gs-oepfershausen.de\\\/?page_id=11170#primaryimage\"},\"thumbnailUrl\":\"https:\\\/\\\/www.gs-oepfershausen.de\\\/wp-content\\\/uploads\\\/2026\\\/04\\\/IMG-20260426-WA0011-300x225.jpg\",\"datePublished\":\"2025-08-18T10:24:21+00:00\",\"dateModified\":\"2026-04-30T10:24:05+00:00\",\"breadcrumb\":{\"@id\":\"https:\\\/\\\/www.gs-oepfershausen.de\\\/?page_id=11170#breadcrumb\"},\"inLanguage\":\"de\",\"potentialAction\":[{\"@type\":\"ReadAction\",\"target\":[\"https:\\\/\\\/www.gs-oepfershausen.de\\\/?page_id=11170\"]}]},{\"@type\":\"ImageObject\",\"inLanguage\":\"de\",\"@id\":\"https:\\\/\\\/www.gs-oepfershausen.de\\\/?page_id=11170#primaryimage\",\"url\":\"https:\\\/\\\/www.gs-oepfershausen.de\\\/wp-content\\\/uploads\\\/2026\\\/04\\\/IMG-20260426-WA0011.jpg\",\"contentUrl\":\"https:\\\/\\\/www.gs-oepfershausen.de\\\/wp-content\\\/uploads\\\/2026\\\/04\\\/IMG-20260426-WA0011.jpg\",\"width\":1600,\"height\":1200},{\"@type\":\"BreadcrumbList\",\"@id\":\"https:\\\/\\\/www.gs-oepfershausen.de\\\/?page_id=11170#breadcrumb\",\"itemListElement\":[{\"@type\":\"ListItem\",\"position\":1,\"name\":\"Home\",\"item\":\"https:\\\/\\\/www.gs-oepfershausen.de\\\/\"},{\"@type\":\"ListItem\",\"position\":2,\"name\":\"Schulleben\",\"item\":\"https:\\\/\\\/www.gs-oepfershausen.de\\\/?page_id=235\"},{\"@type\":\"ListItem\",\"position\":3,\"name\":\"Schuljahr 2025 \\\/ 26\"}]},{\"@type\":\"WebSite\",\"@id\":\"https:\\\/\\\/www.gs-oepfershausen.de\\\/#website\",\"url\":\"https:\\\/\\\/www.gs-oepfershausen.de\\\/\",\"name\":\"Grundschule Oepfershausen\",\"description\":\"\",\"potentialAction\":[{\"@type\":\"SearchAction\",\"target\":{\"@type\":\"EntryPoint\",\"urlTemplate\":\"https:\\\/\\\/www.gs-oepfershausen.de\\\/?s={search_term_string}\"},\"query-input\":{\"@type\":\"PropertyValueSpecification\",\"valueRequired\":true,\"valueName\":\"search_term_string\"}}],\"inLanguage\":\"de\"}]}<\/script>\n<!-- \/ Yoast SEO plugin. -->","yoast_head_json":{"title":"Schuljahr 2025 \/ 26 - Grundschule Oepfershausen","robots":{"index":"index","follow":"follow","max-snippet":"max-snippet:-1","max-image-preview":"max-image-preview:large","max-video-preview":"max-video-preview:-1"},"canonical":"https:\/\/www.gs-oepfershausen.de\/?page_id=11170","og_locale":"de_DE","og_type":"article","og_title":"Schuljahr 2025 \/ 26 - Grundschule Oepfershausen","og_description":"&#8222;Sch\u00f6n-Wetter- und Gute-Laune-Garantie&#8220; beim Rh\u00f6ner Volkslauf &nbsp; Bei traumhaftem Sonnenschein beteiligten sich auch in diesem Schuljahr wieder Sch\u00fcler, Eltern und Unterst\u00fctzer unserer Grundschule am Rh\u00f6ner Volkslauf. Ob beim 1 km-Lauf oder ab Altersklasse 10 bereits beim Lauf \u00fcber 3 km, alle waren guter Laune und gaben ihr Bestes. Sophia Gr\u00e4f belegte am Ende sogar den [&hellip;]","og_url":"https:\/\/www.gs-oepfershausen.de\/?page_id=11170","og_site_name":"Grundschule Oepfershausen","article_modified_time":"2026-04-30T10:24:05+00:00","og_image":[{"url":"https:\/\/www.gs-oepfershausen.de\/wp-content\/uploads\/2026\/04\/IMG-20260426-WA0001-150x150.jpg","type":"","width":"","height":""}],"twitter_card":"summary_large_image","twitter_misc":{"Gesch\u00e4tzte Lesezeit":"44\u00a0Minuten"},"schema":{"@context":"https:\/\/schema.org","@graph":[{"@type":"WebPage","@id":"https:\/\/www.gs-oepfershausen.de\/?page_id=11170","url":"https:\/\/www.gs-oepfershausen.de\/?page_id=11170","name":"Schuljahr 2025 \/ 26 - Grundschule Oepfershausen","isPartOf":{"@id":"https:\/\/www.gs-oepfershausen.de\/#website"},"primaryImageOfPage":{"@id":"https:\/\/www.gs-oepfershausen.de\/?page_id=11170#primaryimage"},"image":{"@id":"https:\/\/www.gs-oepfershausen.de\/?page_id=11170#primaryimage"},"thumbnailUrl":"https:\/\/www.gs-oepfershausen.de\/wp-content\/uploads\/2026\/04\/IMG-20260426-WA0011-300x225.jpg","datePublished":"2025-08-18T10:24:21+00:00","dateModified":"2026-04-30T10:24:05+00:00","breadcrumb":{"@id":"https:\/\/www.gs-oepfershausen.de\/?page_id=11170#breadcrumb"},"inLanguage":"de","potentialAction":[{"@type":"ReadAction","target":["https:\/\/www.gs-oepfershausen.de\/?page_id=11170"]}]},{"@type":"ImageObject","inLanguage":"de","@id":"https:\/\/www.gs-oepfershausen.de\/?page_id=11170#primaryimage","url":"https:\/\/www.gs-oepfershausen.de\/wp-content\/uploads\/2026\/04\/IMG-20260426-WA0011.jpg","contentUrl":"https:\/\/www.gs-oepfershausen.de\/wp-content\/uploads\/2026\/04\/IMG-20260426-WA0011.jpg","width":1600,"height":1200},{"@type":"BreadcrumbList","@id":"https:\/\/www.gs-oepfershausen.de\/?page_id=11170#breadcrumb","itemListElement":[{"@type":"ListItem","position":1,"name":"Home","item":"https:\/\/www.gs-oepfershausen.de\/"},{"@type":"ListItem","position":2,"name":"Schulleben","item":"https:\/\/www.gs-oepfershausen.de\/?page_id=235"},{"@type":"ListItem","position":3,"name":"Schuljahr 2025 \/ 26"}]},{"@type":"WebSite","@id":"https:\/\/www.gs-oepfershausen.de\/#website","url":"https:\/\/www.gs-oepfershausen.de\/","name":"Grundschule Oepfershausen","description":"","potentialAction":[{"@type":"SearchAction","target":{"@type":"EntryPoint","urlTemplate":"https:\/\/www.gs-oepfershausen.de\/?s={search_term_string}"},"query-input":{"@type":"PropertyValueSpecification","valueRequired":true,"valueName":"search_term_string"}}],"inLanguage":"de"}]}},"_links":{"self":[{"href":"https:\/\/www.gs-oepfershausen.de\/index.php?rest_route=\/wp\/v2\/pages\/11170","targetHints":{"allow":["GET"]}}],"collection":[{"href":"https:\/\/www.gs-oepfershausen.de\/index.php?rest_route=\/wp\/v2\/pages"}],"about":[{"href":"https:\/\/www.gs-oepfershausen.de\/index.php?rest_route=\/wp\/v2\/types\/page"}],"author":[{"embeddable":true,"href":"https:\/\/www.gs-oepfershausen.de\/index.php?rest_route=\/wp\/v2\/users\/7"}],"replies":[{"embeddable":true,"href":"https:\/\/www.gs-oepfershausen.de\/index.php?rest_route=%2Fwp%2Fv2%2Fcomments&post=11170"}],"version-history":[{"count":174,"href":"https:\/\/www.gs-oepfershausen.de\/index.php?rest_route=\/wp\/v2\/pages\/11170\/revisions"}],"predecessor-version":[{"id":12059,"href":"https:\/\/www.gs-oepfershausen.de\/index.php?rest_route=\/wp\/v2\/pages\/11170\/revisions\/12059"}],"up":[{"embeddable":true,"href":"https:\/\/www.gs-oepfershausen.de\/index.php?rest_route=\/wp\/v2\/pages\/235"}],"wp:attachment":[{"href":"https:\/\/www.gs-oepfershausen.de\/index.php?rest_route=%2Fwp%2Fv2%2Fmedia&parent=11170"}],"curies":[{"name":"wp","href":"https:\/\/api.w.org\/{rel}","templated":true}]}}